{"id":9363,"date":"2017-04-20T14:20:39","date_gmt":"2017-04-20T12:20:39","guid":{"rendered":"https:\/\/bilbaorkestra.eus\/eu\/temporada-2017-2018\/"},"modified":"2017-09-26T09:01:14","modified_gmt":"2017-09-26T07:01:14","slug":"2017-2018-denboraldia","status":"publish","type":"page","link":"https:\/\/www.bilbaorkestra.eus\/eu\/2017-2018-denboraldia\/","title":{"rendered":"2017-2018 Denboraldia"},"content":{"rendered":"<div class=\"container\">\n<div class=\"row inner-top-xs\">\n<div class=\"col-sm-7 inner-right-xs inner-bottom-xs\">\n<h2>Sinfonikaren 2017 \u2013 2018 Denboraldia<\/h2>\n<h3>PARIS, HELMUGAKO GELTOKIA<\/h3>\n<p>Alemaniako soinuei emandako denboraldi baten ondoren, Brahms zutela irudi, euskal kulturarekin ageriko lotura duen musika frantsesera bideratu dituzte beren urratsak BOSek eta haren zuzendari titular Erik Nielsenek, eta 2017-2018 denboraldiko hari gidari bihurtu dute. Paris, eta, zehazki, bertako kontserbatorioa, Europako musika-ekoizpenaren epizentroetako bat da oraindik ere. Hala, hasi Arriaga aitzindaritik eta gaurdaino, Ravel handia barne, euskal musikagile asko joan dira Frantziako hiriburura beren prestakuntza bertako kontserbatorioan osatzera. \u00ab<em>The Basque-French Connection<\/em>\u00bb zikloak hainbat geldialdi egingo ditu: Arriagaren musikan, lehen bilbotarra Parisen, bere Re-n Sinfoniarekin, Piern\u00e9-ren musikan eta Ramuntcho-ren legendan; Saint-Saens eta haren \u00aborganorako\u00bb Sinfonian, Euskalduna Jauregiko instrumentu bikainarekin; Lal\u00f3 eta Berlioz, haien Sinfonia fantastikoarekin; Dukas-en Sinfonia Do maiorrean, interesgarria eta nahiko ezezaguna; eta, azkenik, Ravel, Iparraldeko musikagilean. Azken horri buruzkoa izango da gure denboraldi amaierako ekitaldia, kontzertu monografiko batekin, hil zenetik 80 urte betetzen direnean. <\/p>\n<h3>Ahotsa, beste protagonista handia<\/h3>\n<p>Frantziako musikarekin batera, ahots-musika izango da gure denboraldiko beste protagonista handia. Opera-antzokietan trebatua da Erik Nielsen, eta bereziki gustatzen zaio ahotsa instrumentu gisa; hala, hiru programa emango dizkio errepertorio horri, hiru abeslari bikainen laguntzarekin: Hanna-Elisabeth M\u00fcller, Mozart, Strauss eta Berg musikagileen abestietan barrena egindako ibilaldia; Johannes Martin Kr\u00e4nzler, Mahler-en <em>lieder<\/em>ra eta Wagner-en <em>Parsifal<\/em>en aukera bat barne hartzen dituen programa interesgarri bat; eta Alice Coote, Ravelen <em>Sheh\u00e9razade<\/em>ri emandako zikloarekin, gure orkestrak lehen aldiz interpretatua. Programa horiez gain, gure ohiko Gabonetako Kontzertuan Bilboko Korala eta Naroa Intxaustiren eta Jos\u00e9 Antonio L\u00f3pezen ahotsak izango ditugu, Mendelssohn-en \u00ab<em>Vom Himmel hoch<\/em>\u00bb moteta eta Bachen <em>Cantata BWV 140<\/em> abestia interpretatzen. <\/p>\n<figure><img loading=\"lazy\" decoding=\"async\" class=\"aligncenter size-full wp-image-7049\" src=\"https:\/\/bilbaorkestra.eus\/wp-content\/uploads\/2017\/04\/bos-cantera.jpg\" alt=\"BOS-2017-2018\" width=\"800\" height=\"500\" \/><\/figure>\n<h3>500 urte Luteroren Erreformatik<\/h3>\n<p>2017an Erreforma protestantearen bosgarren mendeurrena betetzen da. Zalantzarik gabe, garrantzi handia izan zuen Europaren eraketan, eta ondorio nabarmenak izan zituen kulturan eta, batez ere, musikan. Agian koralaren sarrera izan zen guztietan garrantzitsuena; hau da, komunitateak abesteko pentsatutako melodia bakun bat, eliztarrek liturgian parte hartzea bultzatzen duena. Gertakari historiko horren garrantzia gogorarazteko asmoz, Erik Nielsenek \u00abDresdeko Amena\u00bb delakoaren inguruko programa proposatu du. Sei notako sekuentzia bakun hori obra oso nabarmenetan baliatu da motibo gisa; besteak beste, Wagnerren <em>Parsifal<\/em> eta <em>Mendelssohn-en 5. Sinfonia<\/em> lanetan \u2013hain zuzen, \u00abErreformako Sinfonia\u00bb esaten zaio azkenari\u2013. <\/p>\n<h3>Christian Zacharias, Truls M\u00f8rk eta hainbat gazte entzutetsu<\/h3>\n<p>Gonbidatutako bakarlarien zerrendan prestigio handiko bi izen nabarmentzen dira: batetik, Christian Zacharias pianista, zeinak Mozarten musika jo eta zuzenduko duen (horixe da bere espezialitate nagusia), bestetik, instrumentuaren gailurrean lan-ibilbide luzea egina duela, Truls M\u00f8rk, zeinak duela gutxi hildako Einojuhani Rautavaara finlandiar musikagileak txelorako idatzitako azken kontzertua emango duen. Bi horiekin batera, interpretatzaile gazte talde bat ezagutzeko aukera izango da denboraldi honetan. Batzuek ozta-ozta dituzte hogei urte, baina dagoeneko lan-ibilbide oso garrantzitsuak dituzte, eta ziur etorkizunean izen handiak izango direla: Benjamin Grosvenor ingeles pianista, Edgar Moreau frantses biolontxelo-jotzailea, Ray Chen taiwandar biolinista, eta tronpetaren arloan gaur egun nagusi den Pacho Flores venezuelarra. <\/p>\n<p>Zuzendarien atalean, nabarmentzekoak dira Giancarlo Guerrero duela gutxi gure artean izandako arrakasta eta gero berriz gonbidatua, eta Alondra de la Parra mexikarra, BOSera egiten duen lehen bisitaldian.\u00a0<\/p>\n<h3>Luis de Pabloren Amicitia piezaren estreinaldia, eta 70 urte John Adamsekin<\/h3>\n<p>Beti da jazoera handia gure musikagilerik garrantzitsu eta adintsuenak obra bat estreinatzea. Eta, obra hori I\u00f1aki Alberdiren mailako akordeoilari bati eamten bazaio, interes bikoitza du. Akordeoirako eta orkestra handirako konposatutako berealdiko pieza da <em>Amicitia<\/em>, eta eraberritu egiten du musika-sorkuntza onenetako askoren motorra izan dena: musikagilearen eta interpretatzailearen arteko adiskidetasuna. <\/p>\n<p>Sorkuntza berria Bilboko beste musikagile handi baten lanean ere ikus daiteke; hala, bere katalogoko obra nagusietako batekin dator Gabriel Erkoreka, <em>Fuegos<\/em> izenekoarekin, Reina Sof\u00eda lehiaketan irabazi eta hamar urtera. BOSek AEOS-Fundaci\u00f3n BBVA lehiaketan saritutako obra ere aurkeztuko du: Jes\u00fas Torres zaragozar musikagilearen <em>Velazquezen hiru pintura <\/em>lana.\u00a0\u00a0 <\/p>\n<p>Nazioarteari dagokionez, bat egingo dugu John Adams estatubatuar musikagilearen 70. urtebetetzearen ospakizunekin, haren azken obretako bat emanez: <em>Absolute Jest<\/em>, harizko laukoterako eta orkestrarako. Beethovenen musikari egindako erreferentziaz betea, Bonn musikagilearen <em>7. Sinfonia<\/em>rekin batera aurkezten da, hain zuzen ere. <\/p>\n<p>Dagoeneko aipatutako Rautavaararen kontzertuaz gain, beste obra batzuk ere nabarmentzen dira: Wlad Marhulets-en lanak eta <em>klezmer<\/em> motako klarineterako haren kontzertu bitxia, jadanik BOSen ezaguna den David Krakauer-ek interpretatua, eta Efra\u00edn Oscher eta Christian Lindberg musikagileen tronpetarako kontzertuak.\u00a0 <\/p>\n<h3>BOS Baroque eta errepertorioko obra handiak<\/h3>\n<p>Barrokoarekiko hitzordua atal finko bilakatu da gure programazioan. Hala, gure asmoa beti interpretazio historizistaren adituekin lan egitea bada, oraingoan handietako batekin arituko gara: Enrico Onofri biolinista, zuzendari eta Il Giardino Armonico taldearen sortzailearekin. <\/p>\n<p>Gainera, gure programazioaren erdigunean errepertorio handia dugu oraindik ere: Bernstein-en musika, 2018an ehun urte beteko dituena; Schubert eta haren <em>6. Sinfonia<\/em>; eta Tchaikovsky, bere \u00abPatetikoa\u00bbrekin, Giancarlo Guerreroren zuzendaritzapean.\u00a0\u00a0 <\/p>\n<p style=\"padding-top:50px\">\n<a class=\"btn btn-primary btn-lg btn-block\" href=\"https:\/\/bilbaorkestra.eus\/eu\/abonos-y-entradas\/abonu-motak\/\" target=\"_blank\">Abona zaitez<\/a>\n<\/p>\n<\/div>\n<div class=\"col-sm-5 inner-left-xs inner-bottom-xs inner-right-xs thumbs\">\n<a class=\"btn btn-primary btn-lg btn-block\" href=\"https:\/\/bilbaorkestra.eus\/eu\/abonos-y-entradas\/abonu-motak\/\" target=\"_blank\">Abona zaitez<\/a> <\/p>\n<h2>ALDIZKARIA IRAKURRI<\/h2>\n<div class=\"thumb\"><a href=\"https:\/\/bilbaorkestra.eus\/aldizkaria\" target=\"_blank\"><\/p>\n<figure><figcaption class=\"text-overlay\">\n<div class=\"info\">\n<h4>BOS 2018-2017<\/h4>\n<p>Aldizkari Flipbook\n<\/p><\/div>\n<\/figcaption><img decoding=\"async\" src=\"https:\/\/bilbaorkestra.eus\/wp-content\/uploads\/2017\/04\/presentacion.jpg\" alt=\"\" \/><br \/>\n<\/figure>\n<p><\/a>\n<\/div>\n<\/div>\n<div class=\"col-sm-5 inner-left-xs inner-xs inner-right-xs light-bg\">\n<h2>THE BASQUE-FRENCH CONNECTION<\/h2>\n<h3>Denboraldi sinfonikoa: 1, 8, 14, 17<\/h3>\n<figure><img loading=\"lazy\" decoding=\"async\" class=\"aligncenter size-full wp-image-7027\" src=\"https:\/\/bilbaorkestra.eus\/wp-content\/uploads\/2017\/04\/maurice-ravell.jpg\" alt=\"Ravell\" width=\"800\" height=\"500\" \/><\/figure>\n<p>Alemaniako soinuei emandako denboraldi baten ondoren, Brahms zutela irudi, euskal kulturarekin ageriko lotura duen musika frantsesera bideratu dituzte beren urratsak BOSek eta haren zuzendari titular Erik Nielsenek, eta 2017-2018 denboraldiko hari gidari bihurtu dute. Paris, eta, zehazki, bertako kontserbatorioa, Europako musika-ekoizpenaren epizentroetako bat da oraindik ere. Hala, hasi Arriaga aitzindaritik eta gaurdaino, Ravel handia barne, euskal musikagile asko joan dira Frantziako hiriburura beren prestakuntza bertako kontserbatorioan osatzera. \u00ab<em>The Basque-French Connection<\/em>\u00bb zikloak hainbat geldialdi egingo ditu: Arriagaren musikan, lehen bilbotarra Parisen, bere Re-n Sinfoniarekin, Piern\u00e9-ren musikan eta Ramuntcho-ren legendan; Saint-Saens eta haren \u00aborganorako\u00bb Sinfonian, Euskalduna Jauregiko instrumentu bikainarekin; Lal\u00f3 eta Berlioz, haien Sinfonia fantastikoarekin; Dukas-en Sinfonia Do maiorrean, interesgarria eta nahiko ezezaguna; eta, azkenik, Ravel, Iparraldeko musikagilean. Azken horri buruzkoa izango da gure denboraldi amaierako ekitaldia, kontzertu monografiko batekin, hil zenetik 80 urte betetzen direnean. <\/p>\n<\/div>\n<p><!-- \/.col --><\/p>\n<div class=\"col-sm-5 inner-left-xs inner-xs inner-right-xs light-bg\" style=\"margin-top:50px;\">\n<h2>2017 \u2013 2018 Ganbera-Denboraldia<\/h2>\n<h3>Cuarteto Quiroga laukotea, Jos\u00e9 Antonio L\u00f3pez eta Del Valle anaiak<\/h3>\n<figure><img loading=\"lazy\" decoding=\"async\" class=\"aligncenter size-full wp-image-7027\" src=\"https:\/\/bilbaorkestra.eus\/wp-content\/uploads\/2017\/04\/cuarteto-quiroga.jpg\" alt=\"Cuarteto Quiroga\" width=\"800\" height=\"500\" \/><\/figure>\n<p>Oraingoan ere, ganbera-denboraldiak ohiko hamar kontzertuak izango ditu urria eta maiatza artean, orkestrako ganbera taldeekin, eta hiru hitzordu berezi \u00abBakarlari Handiak Errezitaldian\u00bb zikloaren barruan. Abonu-denboraldian parte hartu duten interpretatzaileek ganbera-musikari buruz duten ikuspegia erakusten du zikloak. <\/p>\n<p><\/p>\n<figure><img loading=\"lazy\" decoding=\"async\" class=\"aligncenter size-full wp-image-7027\" src=\"https:\/\/bilbaorkestra.eus\/wp-content\/uploads\/2017\/04\/Truls_Moerk_-546-CREDIT-Johs-Boe-11.jpg\" alt=\"hermanos Del Valle\" width=\"800\" height=\"500\" \/><\/figure>\n<p>Bereziki, Cuarteto Quiroga laukotea (Beethovenen lanean oinarritutako programa batekin, denboraldi sinfonikoan interpretatuko duten \u00abAbsolute Jest\u00bb delakoaren harira), Jos\u00e9 Antonio L\u00f3pez baritonoa (liedaren munduko espezialista handia) eta V\u00edctor eta Luis del Valleren piano-duetoa arituko dira.  <\/p>\n<figure><img loading=\"lazy\" decoding=\"async\" class=\"aligncenter size-full wp-image-7027\" src=\"https:\/\/bilbaorkestra.eus\/wp-content\/uploads\/2017\/04\/jose-antonio-lopez.jpg\" alt=\"Jos\u00e9 Antonio L\u00f3pez\" width=\"800\" height=\"500\" \/><\/figure>\n<\/div>\n<p><!-- \/.col --><\/p>\n<\/div>\n<p><!-- \/.row --><\/p>\n<\/div>\n<p><!-- \/.container --><\/p>\n<p><!-- Adform Tracking Code BEGIN --><script type=\"text\/javascript\">    window._adftrack = Array.isArray(window._adftrack) ? window._adftrack : (window._adftrack ? [window._adftrack] : []);    window._adftrack.push({        pm: 1046700,        order : {              itms: [{                  step: 1             }]        }    });    (function () { var s = document.createElement('script'); s.type = 'text\/javascript'; s.async = true; s.src = 'https:\/\/track.adform.net\/serving\/scripts\/trackpoint\/async\/'; var x = document.getElementsByTagName('script')[0]; x.parentNode.insertBefore(s, x); })();<\/script><noscript><\/p>\n<p style=\"margin:0;padding:0;border:0;\"><img loading=\"lazy\" decoding=\"async\" src=\"https:\/\/track.adform.net\/Serving\/TrackPoint\/?pm=1046700\" width=\"1\" height=\"1\" alt=\"\" ><\/p>\n<p><\/noscript><!-- Adform Tracking Code END --><\/p>\n","protected":false},"excerpt":{"rendered":"<p>Sinfonikaren 2017 \u2013 2018 Denboraldia PARIS, HELMUGAKO GELTOKIA Alemaniako soinuei emandako denboraldi baten ondoren, Brahms zutela irudi, euskal kulturarekin ageriko lotura duen musika frantsesera bideratu dituzte beren urratsak BOSek eta haren zuzendari titular Erik Nielsenek, eta 2017-2018 denboraldiko hari gidari bihurtu dute. Paris, eta, zehazki, bertako kontserbatorioa, Europako musika-ekoizpenaren epizentroetako bat da oraindik ere. Hala, &hellip; <a href=\"https:\/\/www.bilbaorkestra.eus\/eu\/2017-2018-denboraldia\/\" class=\"more-link\">Jarraitu irakurtzen<span class=\"screen-reader-text\"> &#8220;2017-2018 Denboraldia&#8221;<\/span><\/a><\/p>\n","protected":false},"author":1,"featured_media":9360,"parent":0,"menu_order":0,"comment_status":"closed","ping_status":"closed","template":"page_temporada.php","meta":{"_acf_changed":false,"footnotes":""},"class_list":["post-9363","page","type-page","status-publish","has-post-thumbnail","hentry"],"acf":[],"yoast_head":"<!-- This site is optimized with the Yoast SEO plugin v27.4 - https:\/\/yoast.com\/product\/yoast-seo-wordpress\/ -->\n<title>2017-2018 Denboraldia - Bilbao Orkestra Sinfonikoa<\/title>\n<meta name=\"robots\" content=\"index, follow, max-snippet:-1, max-image-preview:large, max-video-preview:-1\" \/>\n<link rel=\"canonical\" href=\"https:\/\/www.bilbaorkestra.eus\/eu\/2017-2018-denboraldia\/\" \/>\n<meta property=\"og:locale\" content=\"en_US\" \/>\n<meta property=\"og:type\" content=\"article\" \/>\n<meta property=\"og:title\" content=\"2017-2018 Denboraldia - Bilbao Orkestra Sinfonikoa\" \/>\n<meta property=\"og:description\" content=\"Sinfonikaren 2017 \u2013 2018 Denboraldia PARIS, HELMUGAKO GELTOKIA Alemaniako soinuei emandako denboraldi baten ondoren, Brahms zutela irudi, euskal kulturarekin ageriko lotura duen musika frantsesera bideratu dituzte beren urratsak BOSek eta haren zuzendari titular Erik Nielsenek, eta 2017-2018 denboraldiko hari gidari bihurtu dute. Paris, eta, zehazki, bertako kontserbatorioa, Europako musika-ekoizpenaren epizentroetako bat da oraindik ere. Hala, &hellip; Jarraitu irakurtzen &quot;2017-2018 Denboraldia&quot;\" \/>\n<meta property=\"og:url\" content=\"https:\/\/www.bilbaorkestra.eus\/eu\/2017-2018-denboraldia\/\" \/>\n<meta property=\"og:site_name\" content=\"Bilbao Orkestra Sinfonikoa\" \/>\n<meta property=\"article:publisher\" content=\"https:\/\/www.facebook.com\/SinfonicadeBilbao\" \/>\n<meta property=\"article:modified_time\" content=\"2017-09-26T07:01:14+00:00\" \/>\n<meta property=\"og:image\" content=\"https:\/\/www.bilbaorkestra.eus\/wp-content\/uploads\/2017\/04\/cabacera-temporada-17-18.jpg\" \/>\n\t<meta property=\"og:image:width\" content=\"1500\" \/>\n\t<meta property=\"og:image:height\" content=\"400\" \/>\n\t<meta property=\"og:image:type\" content=\"image\/jpeg\" \/>\n<meta name=\"twitter:card\" content=\"summary_large_image\" \/>\n<meta name=\"twitter:label1\" content=\"Est. reading time\" \/>\n\t<meta name=\"twitter:data1\" content=\"5 minutua\" \/>\n<script type=\"application\/ld+json\" class=\"yoast-schema-graph\">{\"@context\":\"https:\\\/\\\/schema.org\",\"@graph\":[{\"@type\":\"WebPage\",\"@id\":\"https:\\\/\\\/www.bilbaorkestra.eus\\\/eu\\\/2017-2018-denboraldia\\\/\",\"url\":\"https:\\\/\\\/www.bilbaorkestra.eus\\\/eu\\\/2017-2018-denboraldia\\\/\",\"name\":\"2017-2018 Denboraldia - Bilbao Orkestra Sinfonikoa\",\"isPartOf\":{\"@id\":\"https:\\\/\\\/www.bilbaorkestra.eus\\\/#website\"},\"primaryImageOfPage\":{\"@id\":\"https:\\\/\\\/www.bilbaorkestra.eus\\\/eu\\\/2017-2018-denboraldia\\\/#primaryimage\"},\"image\":{\"@id\":\"https:\\\/\\\/www.bilbaorkestra.eus\\\/eu\\\/2017-2018-denboraldia\\\/#primaryimage\"},\"thumbnailUrl\":\"https:\\\/\\\/www.bilbaorkestra.eus\\\/wp-content\\\/uploads\\\/2017\\\/04\\\/cabacera-temporada-17-18.jpg\",\"datePublished\":\"2017-04-20T12:20:39+00:00\",\"dateModified\":\"2017-09-26T07:01:14+00:00\",\"breadcrumb\":{\"@id\":\"https:\\\/\\\/www.bilbaorkestra.eus\\\/eu\\\/2017-2018-denboraldia\\\/#breadcrumb\"},\"inLanguage\":\"eu\",\"potentialAction\":[{\"@type\":\"ReadAction\",\"target\":[\"https:\\\/\\\/www.bilbaorkestra.eus\\\/eu\\\/2017-2018-denboraldia\\\/\"]}]},{\"@type\":\"ImageObject\",\"inLanguage\":\"eu\",\"@id\":\"https:\\\/\\\/www.bilbaorkestra.eus\\\/eu\\\/2017-2018-denboraldia\\\/#primaryimage\",\"url\":\"https:\\\/\\\/www.bilbaorkestra.eus\\\/wp-content\\\/uploads\\\/2017\\\/04\\\/cabacera-temporada-17-18.jpg\",\"contentUrl\":\"https:\\\/\\\/www.bilbaorkestra.eus\\\/wp-content\\\/uploads\\\/2017\\\/04\\\/cabacera-temporada-17-18.jpg\",\"width\":1500,\"height\":400},{\"@type\":\"BreadcrumbList\",\"@id\":\"https:\\\/\\\/www.bilbaorkestra.eus\\\/eu\\\/2017-2018-denboraldia\\\/#breadcrumb\",\"itemListElement\":[{\"@type\":\"ListItem\",\"position\":1,\"name\":\"Portada\",\"item\":\"https:\\\/\\\/www.bilbaorkestra.eus\\\/\"},{\"@type\":\"ListItem\",\"position\":2,\"name\":\"2017-2018 Denboraldia\"}]},{\"@type\":\"WebSite\",\"@id\":\"https:\\\/\\\/www.bilbaorkestra.eus\\\/#website\",\"url\":\"https:\\\/\\\/www.bilbaorkestra.eus\\\/\",\"name\":\"Bilbao Orkestra Sinfonikoa\",\"description\":\"P\u00e1gina web de la Orquesta Sinf\u00f3nica de Bilbao\",\"publisher\":{\"@id\":\"https:\\\/\\\/www.bilbaorkestra.eus\\\/#organization\"},\"potentialAction\":[{\"@type\":\"SearchAction\",\"target\":{\"@type\":\"EntryPoint\",\"urlTemplate\":\"https:\\\/\\\/www.bilbaorkestra.eus\\\/?s={search_term_string}\"},\"query-input\":{\"@type\":\"PropertyValueSpecification\",\"valueRequired\":true,\"valueName\":\"search_term_string\"}}],\"inLanguage\":\"eu\"},{\"@type\":\"Organization\",\"@id\":\"https:\\\/\\\/www.bilbaorkestra.eus\\\/#organization\",\"name\":\"Bilbao Orkestra Sinfonikoa\",\"url\":\"https:\\\/\\\/www.bilbaorkestra.eus\\\/\",\"logo\":{\"@type\":\"ImageObject\",\"inLanguage\":\"eu\",\"@id\":\"https:\\\/\\\/www.bilbaorkestra.eus\\\/#\\\/schema\\\/logo\\\/image\\\/\",\"url\":\"https:\\\/\\\/www.bilbaorkestra.eus\\\/wp-content\\\/uploads\\\/2016\\\/04\\\/logo-BOS-CMYK.jpg\",\"contentUrl\":\"https:\\\/\\\/www.bilbaorkestra.eus\\\/wp-content\\\/uploads\\\/2016\\\/04\\\/logo-BOS-CMYK.jpg\",\"width\":1772,\"height\":2113,\"caption\":\"Bilbao Orkestra Sinfonikoa\"},\"image\":{\"@id\":\"https:\\\/\\\/www.bilbaorkestra.eus\\\/#\\\/schema\\\/logo\\\/image\\\/\"},\"sameAs\":[\"https:\\\/\\\/www.facebook.com\\\/SinfonicadeBilbao\"]}]}<\/script>\n<!-- \/ Yoast SEO plugin. -->","yoast_head_json":{"title":"2017-2018 Denboraldia - Bilbao Orkestra Sinfonikoa","robots":{"index":"index","follow":"follow","max-snippet":"max-snippet:-1","max-image-preview":"max-image-preview:large","max-video-preview":"max-video-preview:-1"},"canonical":"https:\/\/www.bilbaorkestra.eus\/eu\/2017-2018-denboraldia\/","og_locale":"en_US","og_type":"article","og_title":"2017-2018 Denboraldia - Bilbao Orkestra Sinfonikoa","og_description":"Sinfonikaren 2017 \u2013 2018 Denboraldia PARIS, HELMUGAKO GELTOKIA Alemaniako soinuei emandako denboraldi baten ondoren, Brahms zutela irudi, euskal kulturarekin ageriko lotura duen musika frantsesera bideratu dituzte beren urratsak BOSek eta haren zuzendari titular Erik Nielsenek, eta 2017-2018 denboraldiko hari gidari bihurtu dute. Paris, eta, zehazki, bertako kontserbatorioa, Europako musika-ekoizpenaren epizentroetako bat da oraindik ere. Hala, &hellip; Jarraitu irakurtzen \"2017-2018 Denboraldia\"","og_url":"https:\/\/www.bilbaorkestra.eus\/eu\/2017-2018-denboraldia\/","og_site_name":"Bilbao Orkestra Sinfonikoa","article_publisher":"https:\/\/www.facebook.com\/SinfonicadeBilbao","article_modified_time":"2017-09-26T07:01:14+00:00","og_image":[{"width":1500,"height":400,"url":"https:\/\/www.bilbaorkestra.eus\/wp-content\/uploads\/2017\/04\/cabacera-temporada-17-18.jpg","type":"image\/jpeg"}],"twitter_card":"summary_large_image","twitter_misc":{"Est. reading time":"5 minutua"},"schema":{"@context":"https:\/\/schema.org","@graph":[{"@type":"WebPage","@id":"https:\/\/www.bilbaorkestra.eus\/eu\/2017-2018-denboraldia\/","url":"https:\/\/www.bilbaorkestra.eus\/eu\/2017-2018-denboraldia\/","name":"2017-2018 Denboraldia - Bilbao Orkestra Sinfonikoa","isPartOf":{"@id":"https:\/\/www.bilbaorkestra.eus\/#website"},"primaryImageOfPage":{"@id":"https:\/\/www.bilbaorkestra.eus\/eu\/2017-2018-denboraldia\/#primaryimage"},"image":{"@id":"https:\/\/www.bilbaorkestra.eus\/eu\/2017-2018-denboraldia\/#primaryimage"},"thumbnailUrl":"https:\/\/www.bilbaorkestra.eus\/wp-content\/uploads\/2017\/04\/cabacera-temporada-17-18.jpg","datePublished":"2017-04-20T12:20:39+00:00","dateModified":"2017-09-26T07:01:14+00:00","breadcrumb":{"@id":"https:\/\/www.bilbaorkestra.eus\/eu\/2017-2018-denboraldia\/#breadcrumb"},"inLanguage":"eu","potentialAction":[{"@type":"ReadAction","target":["https:\/\/www.bilbaorkestra.eus\/eu\/2017-2018-denboraldia\/"]}]},{"@type":"ImageObject","inLanguage":"eu","@id":"https:\/\/www.bilbaorkestra.eus\/eu\/2017-2018-denboraldia\/#primaryimage","url":"https:\/\/www.bilbaorkestra.eus\/wp-content\/uploads\/2017\/04\/cabacera-temporada-17-18.jpg","contentUrl":"https:\/\/www.bilbaorkestra.eus\/wp-content\/uploads\/2017\/04\/cabacera-temporada-17-18.jpg","width":1500,"height":400},{"@type":"BreadcrumbList","@id":"https:\/\/www.bilbaorkestra.eus\/eu\/2017-2018-denboraldia\/#breadcrumb","itemListElement":[{"@type":"ListItem","position":1,"name":"Portada","item":"https:\/\/www.bilbaorkestra.eus\/"},{"@type":"ListItem","position":2,"name":"2017-2018 Denboraldia"}]},{"@type":"WebSite","@id":"https:\/\/www.bilbaorkestra.eus\/#website","url":"https:\/\/www.bilbaorkestra.eus\/","name":"Bilbao Orkestra Sinfonikoa","description":"P\u00e1gina web de la Orquesta Sinf\u00f3nica de Bilbao","publisher":{"@id":"https:\/\/www.bilbaorkestra.eus\/#organization"},"potentialAction":[{"@type":"SearchAction","target":{"@type":"EntryPoint","urlTemplate":"https:\/\/www.bilbaorkestra.eus\/?s={search_term_string}"},"query-input":{"@type":"PropertyValueSpecification","valueRequired":true,"valueName":"search_term_string"}}],"inLanguage":"eu"},{"@type":"Organization","@id":"https:\/\/www.bilbaorkestra.eus\/#organization","name":"Bilbao Orkestra Sinfonikoa","url":"https:\/\/www.bilbaorkestra.eus\/","logo":{"@type":"ImageObject","inLanguage":"eu","@id":"https:\/\/www.bilbaorkestra.eus\/#\/schema\/logo\/image\/","url":"https:\/\/www.bilbaorkestra.eus\/wp-content\/uploads\/2016\/04\/logo-BOS-CMYK.jpg","contentUrl":"https:\/\/www.bilbaorkestra.eus\/wp-content\/uploads\/2016\/04\/logo-BOS-CMYK.jpg","width":1772,"height":2113,"caption":"Bilbao Orkestra Sinfonikoa"},"image":{"@id":"https:\/\/www.bilbaorkestra.eus\/#\/schema\/logo\/image\/"},"sameAs":["https:\/\/www.facebook.com\/SinfonicadeBilbao"]}]}},"_links":{"self":[{"href":"https:\/\/www.bilbaorkestra.eus\/eu\/wp-json\/wp\/v2\/pages\/9363","targetHints":{"allow":["GET"]}}],"collection":[{"href":"https:\/\/www.bilbaorkestra.eus\/eu\/wp-json\/wp\/v2\/pages"}],"about":[{"href":"https:\/\/www.bilbaorkestra.eus\/eu\/wp-json\/wp\/v2\/types\/page"}],"author":[{"embeddable":true,"href":"https:\/\/www.bilbaorkestra.eus\/eu\/wp-json\/wp\/v2\/users\/1"}],"replies":[{"embeddable":true,"href":"https:\/\/www.bilbaorkestra.eus\/eu\/wp-json\/wp\/v2\/comments?post=9363"}],"version-history":[{"count":17,"href":"https:\/\/www.bilbaorkestra.eus\/eu\/wp-json\/wp\/v2\/pages\/9363\/revisions"}],"predecessor-version":[{"id":10083,"href":"https:\/\/www.bilbaorkestra.eus\/eu\/wp-json\/wp\/v2\/pages\/9363\/revisions\/10083"}],"wp:featuredmedia":[{"embeddable":true,"href":"https:\/\/www.bilbaorkestra.eus\/eu\/wp-json\/wp\/v2\/media\/9360"}],"wp:attachment":[{"href":"https:\/\/www.bilbaorkestra.eus\/eu\/wp-json\/wp\/v2\/media?parent=9363"}],"curies":[{"name":"wp","href":"https:\/\/api.w.org\/{rel}","templated":true}]}}