{"id":7405,"date":"2016-02-18T09:03:49","date_gmt":"2016-02-18T08:03:49","guid":{"rendered":"http:\/\/bilbaorkestra.eus\/eu\/?page_id=7405"},"modified":"2026-01-30T09:54:36","modified_gmt":"2026-01-30T08:54:36","slug":"musikalariak","status":"publish","type":"page","link":"https:\/\/www.bilbaorkestra.eus\/eu\/orkestra\/musikalariak\/","title":{"rendered":"Musikalariak"},"content":{"rendered":"<section id=\"team\" class=\"team\">\n<div class=\"inner-xs\">\n<h2>Haria<\/h2>\n<\/p><\/div>\n<ul class=\"items col-4\">\n<li class=\"item thumb department\" data-filter=\".concertino2,.department\">\n<h4>2. Kontzertinoa<\/h4>\n<p>         <img loading=\"lazy\" decoding=\"async\" class=\"icono\" src=\"https:\/\/bilbaorkestra.eus\/wp-content\/themes\/bos-2016\/assets\/images\/violin.png\" width=\"103\" height=\"104\" alt=\"\"\/><br \/>\n         <i class=\"icon-right-open\"><\/i>\n      <\/li>\n<p>      <!-- \/.item --><\/p>\n<li class=\"item thumb concertino2\">\n<figure><figcaption class=\"text-overlay\">\n<div class=\"info\">\n<h4>Giulia Brinckmeier<\/h4>\n<p>2. Kontzertinoa<\/p>\n<\/p><\/div>\n<p>               <!-- \/.info --><br \/>\n            <\/figcaption><img decoding=\"async\" src=\"https:\/\/bilbaorkestra.eus\/wp-content\/themes\/bos-2016\/assets\/images\/musicos\/violines-1\/Giulia-Brinckmeier_2019.jpg\" alt=\"\"><br \/>\n         <\/figure>\n<li class=\"item thumb department\" data-filter=\".violines1,.department\">\n<h4>Lehen biolinak<\/h4>\n<p>         <img loading=\"lazy\" decoding=\"async\" class=\"icono\" src=\"https:\/\/bilbaorkestra.eus\/wp-content\/themes\/bos-2016\/assets\/images\/violin.png\" width=\"103\" height=\"104\" alt=\"\"\/><br \/>\n         <i class=\"icon-right-open\"><\/i>\n      <\/li>\n<p>      <!-- \/.item --><\/p>\n<li class=\"item thumb violines1\">\n<figure><figcaption class=\"text-overlay\">\n<div class=\"info\">\n<h4>Charles Bingham<\/h4>\n<p>Bakarlaria<\/p>\n<\/p><\/div>\n<p>               <!-- \/.info --><br \/>\n            <\/figcaption><img decoding=\"async\" src=\"https:\/\/bilbaorkestra.eus\/wp-content\/themes\/bos-2016\/assets\/images\/musicos\/violines-1\/Charles_Bingham.jpg\" alt=\"\"><br \/>\n         <\/figure>\n<\/li>\n<p>      <!-- \/.item --><\/p>\n<li class=\"item thumb violines1\">\n<figure><figcaption class=\"text-overlay\">\n<div class=\"info\">\n<h4>David Garc\u00eda<\/h4>\n<p>Bakarlariaren laguntzailea<\/p>\n<\/p><\/div>\n<p>               <!-- \/.info --><br \/>\n            <\/figcaption><img decoding=\"async\" src=\"https:\/\/bilbaorkestra.eus\/wp-content\/themes\/bos-2016\/assets\/images\/musicos\/violines-1\/David_Garcia.jpg\" alt=\"\"><br \/>\n         <\/figure>\n<\/li>\n<p>      <!-- \/.item --><\/p>\n<li class=\"item thumb violines1\">\n<figure><figcaption class=\"text-overlay\">\n<div class=\"info\">\n<h4>Alfonso Aldeanueva<\/h4>\n<\/p><\/div>\n<p>               <!-- \/.info --><br \/>\n            <\/figcaption><img loading=\"lazy\" decoding=\"async\" src=\"https:\/\/www.bilbaorkestra.eus\/wp-content\/uploads\/2024\/03\/Alfonso-Aldeanueva-web.jpg\" alt=\"\" width=\"225\" height=\"300\" class=\"alignnone size-medium wp-image-24036\" \/><br \/>\n         <\/figure>\n<\/li>\n<p>      <!-- \/.item --><\/p>\n<li class=\"item thumb violines1\">\n<figure><figcaption class=\"text-overlay\">\n<div class=\"info\">\n<h4>Claudia Bak<\/h4>\n<\/p><\/div>\n<p>               <!-- \/.info --><br \/>\n            <\/figcaption><img decoding=\"async\" src=\"https:\/\/bilbaorkestra.eus\/wp-content\/themes\/bos-2016\/assets\/images\/musicos\/violines-1\/Claudia_Bak.jpg\" alt=\"\"><br \/>\n         <\/figure>\n<\/li>\n<p>      <!-- \/.item --><\/p>\n<li class=\"item thumb violines1\">\n<figure><figcaption class=\"text-overlay\">\n<div class=\"info\">\n<h4>Nora Bolinaga<\/h4>\n<\/p><\/div>\n<p>               <!-- \/.info --><br \/>\n            <\/figcaption><img decoding=\"async\" src=\"https:\/\/bilbaorkestra.eus\/wp-content\/themes\/bos-2016\/assets\/images\/musicos\/violines-1\/Nora_Bolinaga.jpg\" alt=\"\"><br \/>\n         <\/figure>\n<\/li>\n<p>      <!-- \/.item --><\/p>\n<li class=\"item thumb violines1\">\n<figure><figcaption class=\"text-overlay\">\n<div class=\"info\">\n<h4>Jos\u00e9 Eduardo Canto<\/h4>\n<\/p><\/div>\n<p>               <!-- \/.info --><br \/>\n            <\/figcaption><img decoding=\"async\" src=\"https:\/\/www.bilbaorkestra.eus\/wp-content\/uploads\/2024\/12\/joseeduardo-canto.jpg\" alt=\"\"><br \/>\n         <\/figure>\n<\/li>\n<p>      <!-- \/.item --><\/p>\n<li class=\"item thumb violines1\">\n<figure><figcaption class=\"text-overlay\">\n<div class=\"info\">\n<h4>Mar\u00eda D\u00edaz-Caneja<\/h4>\n<\/p><\/div>\n<p>               <!-- \/.info --><br \/>\n            <\/figcaption><img decoding=\"async\" src=\"https:\/\/bilbaorkestra.eus\/wp-content\/themes\/bos-2016\/assets\/images\/musicos\/violines-1\/Maria_Diaz_Caneja.jpg\" alt=\"\"><br \/>\n         <\/figure>\n<\/li>\n<p>      <!-- \/.item --><\/p>\n<li class=\"item thumb violines1\">\n<figure><figcaption class=\"text-overlay\">\n<div class=\"info\">\n<h4>Samuel Garc\u00eda<\/h4>\n<\/p><\/div>\n<p>               <!-- \/.info --><br \/>\n            <\/figcaption><img decoding=\"async\" src=\"https:\/\/bilbaorkestra.eus\/wp-content\/themes\/bos-2016\/assets\/images\/musicos\/violines-1\/Samuel_Garcia.jpg\" alt=\"\"><br \/>\n         <\/figure>\n<\/li>\n<p>      <!-- \/.item --> <\/p>\n<li class=\"item thumb violines1\">\n<figure><figcaption class=\"text-overlay\">\n<div class=\"info\">\n<h4>Yulia Gudimova<\/h4>\n<\/p><\/div>\n<p>               <!-- \/.info --><br \/>\n            <\/figcaption><img decoding=\"async\" src=\"https:\/\/bilbaorkestra.eus\/wp-content\/themes\/bos-2016\/assets\/images\/musicos\/violines-1\/Yulia_Gudimova.jpg\" alt=\"\"><br \/>\n         <\/figure>\n<\/li>\n<p>      <!-- \/.item --><\/p>\n<li class=\"item thumb violines1\">\n<figure><figcaption class=\"text-overlay\">\n<div class=\"info\">\n<h4>Jon Irizar<\/h4>\n<\/p><\/div>\n<p>               <!-- \/.info --><br \/>\n            <\/figcaption><img decoding=\"async\" src=\"https:\/\/bilbaorkestra.eus\/wp-content\/themes\/bos-2016\/assets\/images\/musicos\/violines-1\/Jon_Irizar.jpg\" alt=\"\"><br \/>\n         <\/figure>\n<\/li>\n<p>      <!-- \/.item --><\/p>\n<li class=\"item thumb violines1\">\n<figure><figcaption class=\"text-overlay\">\n<div class=\"info\">\n<h4>Amaia Lizaso<\/h4>\n<\/p><\/div>\n<p>               <!-- \/.info --><br \/>\n            <\/figcaption><img decoding=\"async\" src=\"https:\/\/bilbaorkestra.eus\/wp-content\/themes\/bos-2016\/assets\/images\/musicos\/violines-1\/Amaia_Lizaso.jpg\" alt=\"\"><br \/>\n         <\/figure>\n<\/li>\n<p>      <!-- \/.item --><\/p>\n<li class=\"item thumb violines1\">\n<figure><figcaption class=\"text-overlay\">\n<div class=\"info\">\n<h4>Mariena Sata<\/h4>\n<\/p><\/div>\n<p>               <!-- \/.info --><br \/>\n            <\/figcaption><img decoding=\"async\" src=\"https:\/\/bilbaorkestra.eus\/wp-content\/themes\/bos-2016\/assets\/images\/musicos\/violines-1\/Mariena_Sata.jpg\" alt=\"\"><br \/>\n         <\/figure>\n<\/li>\n<p>      <!-- \/.item --><\/p>\n<li class=\"item thumb violines1\">\n<figure><figcaption class=\"text-overlay\">\n<div class=\"info\">\n<h4>I\u00f1igo Grimal<\/h4>\n<\/p><\/div>\n<\/figcaption><img decoding=\"async\" src=\"https:\/\/bilbaorkestra.eus\/wp-content\/themes\/bos-2016\/assets\/images\/musicos\/violines-2\/Inigo-Grimal.jpg\" alt=\"\"><br \/>\n         <\/figure>\n<\/li>\n<p>      <!-- \/.item --><\/p>\n<li class=\"item thumb violines1\">\n<figure><figcaption class=\"text-overlay\">\n<div class=\"info\">\n<h4>Lila Vivas<\/h4>\n<\/p><\/div>\n<p>               <!-- \/.info --><br \/>\n            <\/figcaption><img loading=\"lazy\" decoding=\"async\" src=\"https:\/\/bilbaorkestra.eus\/wp-content\/uploads\/2022\/09\/BOS-musicos-Lila-Vivas-VIOLIN-225x300.jpg\" alt=\"\" width=\"225\" height=\"300\" class=\"alignnone size-medium wp-image-24036\" srcset=\"https:\/\/www.bilbaorkestra.eus\/wp-content\/uploads\/2022\/09\/BOS-musicos-Lila-Vivas-VIOLIN-225x300.jpg 225w, https:\/\/www.bilbaorkestra.eus\/wp-content\/uploads\/2022\/09\/BOS-musicos-Lila-Vivas-VIOLIN.jpg 300w\" sizes=\"auto, (max-width: 225px) 85vw, 225px\" \/><br \/>\n         <\/figure>\n<\/li>\n<li class=\"item thumb department\"  data-filter=\".violines2,.department\">\n<h4>Bigarren biolinak<\/h4>\n<p>         <img loading=\"lazy\" decoding=\"async\" class=\"icono\" src=\"https:\/\/bilbaorkestra.eus\/wp-content\/themes\/bos-2016\/assets\/images\/violin.png\" width=\"103\" height=\"104\" alt=\"\"\/><br \/>\n         <i class=\"icon-right-open\"><\/i>\n      <\/li>\n<p>      <!-- \/.item --><\/p>\n<li class=\"item thumb violines2\">\n<figure><figcaption class=\"text-overlay\">\n<div class=\"info\">\n<h4>Laura Delgado<\/h4>\n<p>Bakarlaria<\/p>\n<\/p><\/div>\n<\/figcaption><img decoding=\"async\" src=\"https:\/\/bilbaorkestra.eus\/wp-content\/themes\/bos-2016\/assets\/images\/musicos\/violines-2\/Laura_Delgado.jpg\" alt=\"\"><br \/>\n         <\/figure>\n<\/li>\n<p>      <!-- \/.item --><\/p>\n<li class=\"item thumb violines2\">\n<figure><figcaption class=\"text-overlay\">\n<div class=\"info\">\n<h4>Andrea Cazzaniga<\/h4>\n<p>Bakarlariaren laguntzailea<\/p>\n<\/p><\/div>\n<p>               <!-- \/.info --><br \/>\n            <\/figcaption><img decoding=\"async\" src=\"https:\/\/bilbaorkestra.eus\/wp-content\/themes\/bos-2016\/assets\/images\/musicos\/violines-2\/Andrea_Cazzaniga.jpg\" alt=\"\"><br \/>\n         <\/figure>\n<\/li>\n<p>      <!-- \/.item --><\/p>\n<li class=\"item thumb violines2\">\n<figure><figcaption class=\"text-overlay\">\n<div class=\"info\">\n<h4>Dan Caleb Alberganti<\/h4>\n<\/p><\/div>\n<\/figcaption><img decoding=\"async\" src=\"https:\/\/bilbaorkestra.eus\/wp-content\/themes\/bos-2016\/assets\/images\/musicos\/violines-2\/Dan_Caleb_Alberganti.jpg\" alt=\"\"><br \/>\n         <\/figure>\n<\/li>\n<p>      <!-- \/.item --><\/p>\n<li class=\"item thumb violines2\">\n<figure><figcaption class=\"text-overlay\">\n<div class=\"info\">\n<h4>Lino Ayll\u00f3n<\/h4>\n<\/p><\/div>\n<\/figcaption><img decoding=\"async\" src=\"https:\/\/bilbaorkestra.eus\/wp-content\/themes\/bos-2016\/assets\/images\/musicos\/violines-2\/Lino_Ayllon.jpg\" alt=\"\"><br \/>\n         <\/figure>\n<li class=\"item thumb violines2\">\n<figure><figcaption class=\"text-overlay\">\n<div class=\"info\">\n<h4>Silvia Cantatore<\/h4>\n<\/p><\/div>\n<\/figcaption><img decoding=\"async\" src=\"https:\/\/bilbaorkestra.eus\/wp-content\/themes\/bos-2016\/assets\/images\/musicos\/violines-1\/Silvia_Cantatore.jpg\" alt=\"\"><br \/>\n         <\/figure>\n<\/li>\n<p>      <!-- \/.item -->\t\t\t\t\t\t\t<\/li>\n<p><!-- \/.item --><\/p>\n<li class=\"item thumb violines2\">\n<figure><figcaption class=\"text-overlay\">\n<div class=\"info\">\n<h4>Irantzu Go\u00f1i<\/h4>\n<\/p><\/div>\n<\/figcaption><img decoding=\"async\" src=\"https:\/\/bilbaorkestra.eus\/wp-content\/themes\/bos-2016\/assets\/images\/musicos\/violines-2\/Irantzu_Goni.jpg\" alt=\"\"><br \/>\n         <\/figure>\n<\/li>\n<p>      <!-- \/.item --><\/p>\n<li class=\"item thumb violines2\">\n<figure><figcaption class=\"text-overlay\">\n<div class=\"info\">\n<h4>Fedor Larionov<\/h4>\n<\/p><\/div>\n<\/figcaption><img decoding=\"async\" src=\"https:\/\/bilbaorkestra.eus\/wp-content\/themes\/bos-2016\/assets\/images\/musicos\/violines-2\/Fedor_Larionov.jpg\" alt=\"\"><br \/>\n         <\/figure>\n<\/li>\n<p>      <!-- \/.item --><\/p>\n<li class=\"item thumb violines2\">\n<figure><figcaption class=\"text-overlay\">\n<div class=\"info\">\n<h4>Azer Lyutfaliev<\/h4>\n<\/p><\/div>\n<\/figcaption><img decoding=\"async\" src=\"https:\/\/bilbaorkestra.eus\/wp-content\/themes\/bos-2016\/assets\/images\/musicos\/violines-2\/Azer_Lyutfaliev.jpg\" alt=\"\"><br \/>\n         <\/figure>\n<\/li>\n<p>      <!-- \/.item --><\/p>\n<li class=\"item thumb violines2\">\n<figure><figcaption class=\"text-overlay\">\n<div class=\"info\">\n<h4>Emil Lyutfaliev<\/h4>\n<\/p><\/div>\n<\/figcaption><img decoding=\"async\" src=\"https:\/\/bilbaorkestra.eus\/wp-content\/themes\/bos-2016\/assets\/images\/musicos\/violines-2\/Emil_Lyutfaliev.jpg\" alt=\"\"><br \/>\n         <\/figure>\n<\/li>\n<p>      <!-- \/.item --><\/p>\n<li class=\"item thumb violines2\">\n<figure><figcaption class=\"text-overlay\">\n<div class=\"info\">\n<h4>Yolanda Pereg<\/h4>\n<\/p><\/div>\n<\/figcaption><img decoding=\"async\" src=\"https:\/\/bilbaorkestra.eus\/wp-content\/themes\/bos-2016\/assets\/images\/musicos\/violines-2\/Yolanda_Pereg.jpg\" alt=\"\"><br \/>\n         <\/figure>\n<\/li>\n<p>      <!-- \/.item --><\/p>\n<li class=\"item thumb violines2\">\n<figure><figcaption class=\"text-overlay\">\n<div class=\"info\">\n<h4>Pablo Val<\/h4>\n<\/p><\/div>\n<p>               <!-- \/.info --><br \/>\n            <\/figcaption><img decoding=\"async\" src=\"https:\/\/bilbaorkestra.eus\/wp-content\/themes\/bos-2016\/assets\/images\/musicos\/violines-2\/pablo-val-2018.jpg\" alt=\"\"><br \/>\n         <\/figure>\n<\/li>\n<p>      <!-- \/.item --><\/p>\n<li class=\"item thumb department\" data-filter=\".violas,.department\">\n<h4>Biolak<\/h4>\n<p>         <img loading=\"lazy\" decoding=\"async\" class=\"icono\" src=\"https:\/\/bilbaorkestra.eus\/wp-content\/themes\/bos-2016\/assets\/images\/viola.png\" width=\"103\" height=\"104\" alt=\"\"\/><br \/>\n         <i class=\"icon-right-open\"><\/i>\n      <\/li>\n<p>      <!-- \/.item --><\/p>\n<li class=\"item thumb violas\">\n<figure><figcaption class=\"text-overlay\">\n<div class=\"info\">\n<h4>Cristina Blanco Amavisca<\/h4>\n<p>Bakarlaria<\/p>\n<\/p><\/div>\n<p>               <!-- \/.info --><br \/>\n            <\/figcaption><img decoding=\"async\" src=\"https:\/\/bilbaorkestra.eus\/wp-content\/themes\/bos-2016\/assets\/images\/musicos\/violas\/cristina-blanco-2018.jpg\" alt=\"\"><br \/>\n         <\/figure>\n<\/li>\n<p>      <!-- \/.item --><\/p>\n<li class=\"item thumb violas\">\n<figure><figcaption class=\"text-overlay\">\n<div class=\"info\">\n<h4>Lander Etxebarria<\/h4>\n<p>Bakarlaria<\/p>\n<\/p><\/div>\n<p>               <!-- \/.info --><br \/>\n            <\/figcaption><img decoding=\"async\" src=\"https:\/\/bilbaorkestra.eus\/wp-content\/themes\/bos-2016\/assets\/images\/musicos\/violas\/lander_etxebarria_2019.jpg\" alt=\"\"><br \/>\n         <\/figure>\n<\/li>\n<p>      <!-- \/.item --><\/p>\n<li class=\"item thumb violas\">\n<figure><figcaption class=\"text-overlay\">\n<div class=\"info\">\n<h4>Ane Aguirre<\/h4>\n<\/p><\/div>\n<p>               <!-- \/.info --><br \/>\n            <\/figcaption><img decoding=\"async\" src=\"https:\/\/bilbaorkestra.eus\/wp-content\/uploads\/2022\/09\/BOS-musicos-Ane-Aguirre-VIOLA-225x300.jpg\" alt=\"\"><br \/>\n         <\/figure>\n<\/li>\n<p>      <!-- \/.item --><\/p>\n<li class=\"item thumb violas\">\n<figure><figcaption class=\"text-overlay\">\n<div class=\"info\">\n<h4>Asier Arabolaza<\/h4>\n<\/p><\/div>\n<p>               <!-- \/.info --><br \/>\n            <\/figcaption><img decoding=\"async\" src=\"https:\/\/bilbaorkestra.eus\/wp-content\/themes\/bos-2016\/assets\/images\/musicos\/violas\/Asier_Arabolaza.jpg\" alt=\"\"><br \/>\n         <\/figure>\n<\/li>\n<p>      <!-- \/.item --><\/p>\n<li class=\"item thumb violas\">\n<figure><figcaption class=\"text-overlay\">\n<div class=\"info\">\n<h4>Isabel Arag\u00f3n<\/h4>\n<\/p><\/div>\n<p>               <!-- \/.info --><br \/>\n            <\/figcaption><img decoding=\"async\" src=\"https:\/\/bilbaorkestra.eus\/wp-content\/themes\/bos-2016\/assets\/images\/musicos\/violas\/Isabel_Aragon.jpg\" alt=\"\"><br \/>\n         <\/figure>\n<\/li>\n<p>      <!-- \/.item --><\/p>\n<li class=\"item thumb violas\">\n<figure><figcaption class=\"text-overlay\">\n<div class=\"info\">\n<h4>Juan Cuenca<\/h4>\n<\/p><\/div>\n<p>               <!-- \/.info --><br \/>\n            <\/figcaption><img decoding=\"async\" src=\"https:\/\/bilbaorkestra.eus\/wp-content\/uploads\/2023\/02\/BOS-juancuenca.jpg\"\/><br \/>\n         <\/figure>\n<\/li>\n<li class=\"item thumb violas\">\n<figure><figcaption class=\"text-overlay\">\n<div class=\"info\">\n<h4>Adriana Grigoras<\/h4>\n<\/p><\/div>\n<p>               <!-- \/.info --><br \/>\n            <\/figcaption><img decoding=\"async\" src=\"https:\/\/bilbaorkestra.eus\/wp-content\/themes\/bos-2016\/assets\/images\/musicos\/violas\/Adriana_Grigoras.jpg\" alt=\"\"><br \/>\n         <\/figure>\n<\/li>\n<p>      <!-- \/.item --><\/p>\n<li class=\"item thumb violas\">\n<figure><figcaption class=\"text-overlay\">\n<div class=\"info\">\n<h4>Leire Moreno<\/h4>\n<\/p><\/div>\n<p>               <!-- \/.info --><br \/>\n            <\/figcaption><img decoding=\"async\" src=\"https:\/\/bilbaorkestra.eus\/wp-content\/themes\/bos-2016\/assets\/images\/musicos\/violas\/Leire_Moreno.jpg\" alt=\"\"><br \/>\n         <\/figure>\n<\/li>\n<p>      <!-- \/.item --><\/p>\n<li class=\"item thumb department\"  data-filter=\".Violoncellos,.department\">\n<h4>Biolontxeloak<\/h4>\n<p>         <img loading=\"lazy\" decoding=\"async\" class=\"icono\" src=\"https:\/\/bilbaorkestra.eus\/wp-content\/themes\/bos-2016\/assets\/images\/violoncello.png\" width=\"103\" height=\"104\" alt=\"\"\/><br \/>\n         <i class=\"icon-right-open\"><\/i>\n      <\/li>\n<p>      <!-- \/.item --><\/p>\n<li class=\"item thumb Violoncellos\">\n<figure><figcaption class=\"text-overlay\">\n<div class=\"info\">\n<h4>Teresa Valente<\/h4>\n<p>Bakarlaria<\/p>\n<\/p><\/div>\n<p>               <!-- \/.info --><br \/>\n            <\/figcaption><img decoding=\"async\" src=\"https:\/\/bilbaorkestra.eus\/wp-content\/themes\/bos-2016\/assets\/images\/musicos\/violonchelos\/Teresa-Valente.jpg\" alt=\"\"><br \/>\n         <\/figure>\n<\/li>\n<p>      <!-- \/.item --><\/p>\n<li class=\"item thumb Violoncellos\">\n<figure><figcaption class=\"text-overlay\">\n<div class=\"info\">\n<h4>Diego Val<\/h4>\n<p>Bakarlaria<\/p>\n<\/p><\/div>\n<p>               <!-- \/.info --><br \/>\n            <\/figcaption><img decoding=\"async\" src=\"https:\/\/bilbaorkestra.eus\/wp-content\/themes\/bos-2016\/assets\/images\/musicos\/violonchelos\/diego-val-2018.jpg\" alt=\"\"><br \/>\n         <\/figure>\n<\/li>\n<p>      <!-- \/.item -->\t<\/p>\n<li class=\"item thumb Violoncellos\">\n<figure><figcaption class=\"text-overlay\">\n<div class=\"info\">\n<h4>Jaime Puerta Polo<\/h4>\n<p>Bakarlariaren laguntzailea<\/p>\n<\/p><\/div>\n<p>               <!-- \/.info --><br \/>\n            <\/figcaption><img decoding=\"async\" src=\"https:\/\/bilbaorkestra.eus\/wp-content\/uploads\/2023\/02\/BOS-jaimepolo.jpg\"\/><br \/>\n         <\/figure>\n<\/li>\n<li class=\"item thumb Violoncellos\">\n<figure><figcaption class=\"text-overlay\">\n<div class=\"info\">\n<h4>Agata Gawinska<\/h4>\n<\/p><\/div>\n<p>               <!-- \/.info --><br \/>\n            <\/figcaption><img decoding=\"async\" src=\"https:\/\/bilbaorkestra.eus\/wp-content\/themes\/bos-2016\/assets\/images\/musicos\/violonchelos\/Agata_Gawinska.jpg\" alt=\"\"><br \/>\n         <\/figure>\n<\/li>\n<p>      <!-- \/.item --><\/p>\n<li class=\"item thumb Violoncellos\">\n<figure><figcaption class=\"text-overlay\">\n<div class=\"info\">\n<h4>Ignacio Araque<\/h4>\n<\/p><\/div>\n<p>               <!-- \/.info --><br \/>\n            <\/figcaption><img decoding=\"async\" src=\"https:\/\/bilbaorkestra.eus\/wp-content\/uploads\/2020\/07\/ignacio-araque.jpg\" alt=\"\"><br \/>\n         <\/figure>\n<\/li>\n<p>      <!-- \/.item --><\/p>\n<li class=\"item thumb Violoncellos\">\n<figure><figcaption class=\"text-overlay\">\n<div class=\"info\">\n<h4>Carolina Bartumeu<\/h4>\n<\/p><\/div>\n<p>               <!-- \/.info --><br \/>\n            <\/figcaption><img decoding=\"async\" src=\"https:\/\/bilbaorkestra.eus\/wp-content\/uploads\/2023\/02\/BOS-carolinabartumeu.jpg\" alt=\"\"><br \/>\n         <\/figure>\n<\/li>\n<p>      <!-- \/.item -->        <\/p>\n<li class=\"item thumb Violoncellos\">\n<figure><figcaption class=\"text-overlay\">\n<div class=\"info\">\n<h4>Juliet Somervail<\/h4>\n<\/p><\/div>\n<p>               <!-- \/.info --><br \/>\n            <\/figcaption><img decoding=\"async\" src=\"https:\/\/bilbaorkestra.eus\/wp-content\/themes\/bos-2016\/assets\/images\/musicos\/violonchelos\/Juliet_Somervail.jpg\" alt=\"\"><br \/>\n         <\/figure>\n<\/li>\n<p>      <!-- \/.item --><\/p>\n<li class=\"item thumb department\" data-filter=\".Contrabajos,.department\">\n<h4>Kontrabaxuak<\/h4>\n<p>         <img loading=\"lazy\" decoding=\"async\" class=\"icono\" src=\"https:\/\/bilbaorkestra.eus\/wp-content\/themes\/bos-2016\/assets\/images\/contrabajo.png\" width=\"103\" height=\"104\" alt=\"\"\/><br \/>\n         <i class=\"icon-right-open\"><\/i>\n      <\/li>\n<p>      <!-- \/.item --><\/p>\n<li class=\"item thumb Contrabajos\">\n<figure><figcaption class=\"text-overlay\">\n<div class=\"info\">\n<h4>Christoph Filler<\/h4>\n<p>Bakarlaria<\/p>\n<\/p><\/div>\n<p>               <!-- \/.info --><br \/>\n            <\/figcaption><img decoding=\"async\" src=\"https:\/\/bilbaorkestra.eus\/wp-content\/themes\/bos-2016\/assets\/images\/musicos\/contrabajos\/Christoph_Filler.jpg\" alt=\"\"><br \/>\n         <\/figure>\n<\/li>\n<p>      <!-- \/.item --><\/p>\n<li class=\"item thumb Contrabajos\">\n<figure><figcaption class=\"text-overlay\">\n<div class=\"info\">\n<h4>Mar\u00eda Asua<\/h4>\n<p>Bakarlaria<\/p>\n<\/p><\/div>\n<p>               <!-- \/.info --><br \/>\n            <\/figcaption><img decoding=\"async\" src=\"https:\/\/bilbaorkestra.eus\/wp-content\/themes\/bos-2016\/assets\/images\/musicos\/contrabajos\/Maria_Asua.jpg\" alt=\"\"><br \/>\n         <\/figure>\n<\/li>\n<p>      <!-- \/.item --><\/p>\n<li class=\"item thumb Contrabajos\">\n<figure><figcaption class=\"text-overlay\">\n<div class=\"info\">\n<h4>Gavin Cunningham<\/h4>\n<p>Bakarlariaren laguntzailea<\/p>\n<\/p><\/div>\n<p>               <!-- \/.info --><br \/>\n            <\/figcaption><img decoding=\"async\" src=\"https:\/\/bilbaorkestra.eus\/wp-content\/themes\/bos-2016\/assets\/images\/musicos\/contrabajos\/Gavin_Cunningham.jpg\" alt=\"\"><br \/>\n         <\/figure>\n<\/li>\n<p>      <!-- \/.item --><\/p>\n<li class=\"item thumb Contrabajos\">\n<figure><figcaption class=\"text-overlay\">\n<div class=\"info\">\n<h4>Ernesto Gonz\u00e1lez<\/h4>\n<\/p><\/div>\n<p>               <!-- \/.info --><br \/>\n            <\/figcaption><img decoding=\"async\" src=\"https:\/\/bilbaorkestra.eus\/wp-content\/themes\/bos-2016\/assets\/images\/musicos\/contrabajos\/Ernesto_Gonzalez.jpg\" alt=\"\"><br \/>\n         <\/figure>\n<\/li>\n<p>      <!-- \/.item --><\/p>\n<li class=\"item thumb Contrabajos\">\n<figure><figcaption class=\"text-overlay\">\n<div class=\"info\">\n<h4>Gabriel Le\u00f3n<\/h4>\n<\/p><\/div>\n<p>               <!-- \/.info --><br \/>\n            <\/figcaption><img decoding=\"async\" src=\"https:\/\/bilbaorkestra.eus\/wp-content\/themes\/bos-2016\/assets\/images\/musicos\/contrabajos\/Gabriel_Leon.jpg\" alt=\"\"><br \/>\n         <\/figure>\n<\/li>\n<p>      <!-- \/.item --><\/p>\n<li class=\"item thumb Contrabajos\">\n<figure><figcaption class=\"text-overlay\">\n<div class=\"info\">\n<h4>Judith Rhind<\/h4>\n<\/p><\/div>\n<p>               <!-- \/.info --><br \/>\n            <\/figcaption><img decoding=\"async\" src=\"https:\/\/bilbaorkestra.eus\/wp-content\/themes\/bos-2016\/assets\/images\/musicos\/contrabajos\/Judith_Rhind.jpg\" alt=\"\"><br \/>\n         <\/figure>\n<\/li>\n<p>      <!-- \/.item -->\n   <\/ul>\n<p>   <!-- \/.items --><\/p>\n<div class=\"inner-xs\">\n<h2>Hari Pultsatua<\/h2>\n<\/p><\/div>\n<ul class=\"items col-4\">\n<li class=\"item thumb department\" data-filter=\".cuerdaPulsada,.department\">\n<h4>Harpa<\/h4>\n<p>         <img loading=\"lazy\" decoding=\"async\" class=\"icono\" src=\"https:\/\/bilbaorkestra.eus\/wp-content\/themes\/bos-2016\/assets\/images\/arpa.png\" width=\"103\" height=\"104\" alt=\"\"\/><br \/>\n         <i class=\"icon-right-open\"><\/i>\n      <\/li>\n<p>      <!-- \/.item --><\/p>\n<li class=\"item thumb cuerdaPulsada\">\n<figure><figcaption class=\"text-overlay\">\n<div class=\"info\">\n<h4>Marion Desjacques<\/h4>\n<p>Bakarlaria<\/p>\n<\/p><\/div>\n<p>               <!-- \/.info --><br \/>\n            <\/figcaption><img decoding=\"async\" src=\"https:\/\/bilbaorkestra.eus\/wp-content\/themes\/bos-2016\/assets\/images\/musicos\/arpa\/Marion_Desjacques.jpg\" alt=\"\"><br \/>\n         <\/figure>\n<\/li>\n<p>      <!-- \/.item -->\n   <\/ul>\n<div class=\"inner-xs\">\n<h2>Zurezko Haize-Instrumentuak<\/h2>\n<\/p><\/div>\n<ul class=\"items col-4\">\n<li class=\"item thumb department\" data-filter=\".Flautas,.department\">\n<h4>Xirulak<\/h4>\n<p>         <img loading=\"lazy\" decoding=\"async\" class=\"icono\" src=\"https:\/\/bilbaorkestra.eus\/wp-content\/themes\/bos-2016\/assets\/images\/flauta.png\" width=\"103\" height=\"104\" alt=\"\"\/><br \/>\n         <i class=\"icon-right-open\"><\/i>\n      <\/li>\n<p>      <!-- \/.item --><\/p>\n<li class=\"item thumb Flautas\">\n<figure><figcaption class=\"text-overlay\">\n<div class=\"info\">\n<h4>Horacio Fernando Parravicini <\/h4>\n<p>Bakarlaria<\/p>\n<\/p><\/div>\n<p>               <!-- \/.info --><br \/>\n            <\/figcaption><img decoding=\"async\" src=\"https:\/\/bilbaorkestra.eus\/wp-content\/themes\/bos-2016\/assets\/images\/musicos\/flautas\/Horacio_Fdo_Parravicini.jpg\" alt=\"\"><br \/>\n         <\/figure>\n<\/li>\n<p>      <!-- \/.item --><\/p>\n<li class=\"item thumb Flautas\">\n<figure><figcaption class=\"text-overlay\">\n<div class=\"info\">\n<h4>Patricia Ruiz <\/h4>\n<p>Bakarlaria<\/p>\n<\/p><\/div>\n<p>               <!-- \/.info --><br \/>\n            <\/figcaption><img decoding=\"async\" src=\"https:\/\/bilbaorkestra.eus\/wp-content\/uploads\/2023\/03\/patricia-Ruiz-1.jpg\" alt=\"\"><br \/>\n         <\/figure>\n<\/li>\n<p>      <!-- \/.item --><\/p>\n<li class=\"item thumb Flautas\">\n<figure><figcaption class=\"text-overlay\">\n<div class=\"info\">\n<h4>N\u00e9stor Sutil<\/h4>\n<p>Piccolo<\/p>\n<\/p><\/div>\n<p>               <!-- \/.info --><br \/>\n            <\/figcaption><img decoding=\"async\" src=\"https:\/\/bilbaorkestra.eus\/wp-content\/themes\/bos-2016\/assets\/images\/musicos\/flautas\/Nestor_Sutil.jpg\" alt=\"\"><br \/>\n         <\/figure>\n<\/li>\n<p>      <!-- \/.item --><\/p>\n<li class=\"item thumb Flautas\">\n<figure><figcaption class=\"text-overlay\">\n<div class=\"info\">\n<h4>Pedro Jos\u00e9 Vela<\/h4>\n<\/p><\/div>\n<p>               <!-- \/.info --><br \/>\n            <\/figcaption><img decoding=\"async\" src=\"https:\/\/bilbaorkestra.eus\/wp-content\/themes\/bos-2016\/assets\/images\/musicos\/flautas\/Pedro_Jose_Vela.jpg\" alt=\"\"><br \/>\n         <\/figure>\n<\/li>\n<p>      <!-- \/.item --><\/p>\n<li class=\"item thumb department\"  data-filter=\".Oboes,.department\">\n<h4>Oboeak<\/h4>\n<p>         <img loading=\"lazy\" decoding=\"async\" class=\"icono\" src=\"https:\/\/bilbaorkestra.eus\/wp-content\/themes\/bos-2016\/assets\/images\/oboe.png\" width=\"103\" height=\"104\" alt=\"\"\/><br \/>\n         <i class=\"icon-right-open\"><\/i>\n      <\/li>\n<p>      <!-- \/.item --><\/p>\n<li class=\"item thumb Oboes\">\n<figure><figcaption class=\"text-overlay\">\n<div class=\"info\">\n<h4>Nicolas Carpentier<\/h4>\n<p>Bakarlaria<\/p>\n<\/p><\/div>\n<p>               <!-- \/.info --><br \/>\n            <\/figcaption><img decoding=\"async\" src=\"https:\/\/bilbaorkestra.eus\/wp-content\/themes\/bos-2016\/assets\/images\/musicos\/oboes\/Nicolas_Carpentier.jpg\" alt=\"\"><br \/>\n         <\/figure>\n<\/li>\n<p>      <!-- \/.item --><\/p>\n<li class=\"item thumb Oboes\">\n<figure><figcaption class=\"text-overlay\">\n<div class=\"info\">\n<h4>Kyoko Watanabe<\/h4>\n<p>Bakarlaria<\/p>\n<\/p><\/div>\n<p>               <!-- \/.info --><br \/>\n            <\/figcaption><img decoding=\"async\" src=\"https:\/\/bilbaorkestra.eus\/wp-content\/themes\/bos-2016\/assets\/images\/musicos\/oboes\/Kyoko-Watanabe.jpg\" alt=\"\"><br \/>\n         <\/figure>\n<\/li>\n<p>      <!-- \/.item --><\/p>\n<li class=\"item thumb Oboes\">\n<figure><figcaption class=\"text-overlay\">\n<div class=\"info\">\n<h4>Xabier Lij\u00f3<\/h4>\n<p>Kono ingelesa<\/p>\n<\/p><\/div>\n<\/figcaption><img decoding=\"async\" src=\"https:\/\/bilbaorkestra.eus\/wp-content\/uploads\/2023\/02\/BOS-xavierlijo.jpg\"\/><br \/>\n         <\/figure>\n<\/li>\n<li class=\"item thumb Oboes\">\n<figure><figcaption class=\"text-overlay\">\n<div class=\"info\">\n<h4>Eduardo Benet\u00f3<\/h4>\n<\/p><\/div>\n<\/figcaption><img decoding=\"async\" src=\"https:\/\/bilbaorkestra.eus\/wp-content\/themes\/bos-2016\/assets\/images\/musicos\/oboes\/Eduardo_Beneto.jpg\" alt=\"\"><br \/>\n         <\/figure>\n<\/li>\n<p>      <!-- \/.item --><\/p>\n<li class=\"item thumb department\" data-filter=\".Clarinetes,.department\">\n<h4>Klarineteak<\/h4>\n<p>         <img loading=\"lazy\" decoding=\"async\" class=\"icono\" src=\"https:\/\/bilbaorkestra.eus\/wp-content\/themes\/bos-2016\/assets\/images\/clarinete.png\" width=\"103\" height=\"104\" alt=\"\"\/><br \/>\n         <i class=\"icon-right-open\"><\/i>\n      <\/li>\n<p>      <!-- \/.item --><\/p>\n<p>      <!-- \/.item --><\/p>\n<li class=\"item thumb Clarinetes\">\n<figure><figcaption class=\"text-overlay\">\n<div class=\"info\">\n<h4>Carlos Garc\u00eda<\/h4>\n<p>Bakarlaria<\/p>\n<\/p><\/div>\n<p>               <!-- \/.info --><br \/>\n            <\/figcaption><img decoding=\"async\" src=\"https:\/\/bilbaorkestra.eus\/wp-content\/themes\/bos-2016\/assets\/images\/musicos\/clarinetes\/Carlos_Garcia.jpg\" alt=\"\"><br \/>\n         <\/figure>\n<\/li>\n<p>      <!-- \/.item --><\/p>\n<li class=\"item thumb Clarinetes\">\n<figure><figcaption class=\"text-overlay\">\n<div class=\"info\">\n<h4>Sandra Ibarretxe<\/h4>\n<p>Bakarlaria<\/p>\n<\/p><\/div>\n<p>               <!-- \/.info --><br \/>\n            <\/figcaption><img decoding=\"async\" src=\"https:\/\/www.bilbaorkestra.eus\/wp-content\/uploads\/2023\/12\/sandra-ibarretxe.jpg\" alt=\"\"><br \/>\n         <\/figure>\n<\/li>\n<p>      <!-- \/.item --><\/p>\n<li class=\"item thumb Clarinetes\">\n<figure><figcaption class=\"text-overlay\">\n<div class=\"info\">\n<h4>Antonio Prats<\/h4>\n<\/p><\/div>\n<p>               <!-- \/.info --><br \/>\n            <\/figcaption><img decoding=\"async\" src=\"https:\/\/bilbaorkestra.eus\/wp-content\/themes\/bos-2016\/assets\/images\/musicos\/clarinetes\/Antonio_Prats.jpg\" alt=\"\"><br \/>\n         <\/figure>\n<\/li>\n<p>      <!-- \/.item --><\/p>\n<li class=\"item thumb Clarinetes\">\n<figure><figcaption class=\"text-overlay\">\n<div class=\"info\">\n<h4>Luis Alberto Requejo<\/h4>\n<p>Klarinete baxua<\/p>\n<\/p><\/div>\n<p>               <!-- \/.info --><br \/>\n            <\/figcaption><img decoding=\"async\" src=\"https:\/\/bilbaorkestra.eus\/wp-content\/themes\/bos-2016\/assets\/images\/musicos\/clarinetes\/Luis_Alberto_Requejo.jpg\" alt=\"\"><br \/>\n         <\/figure>\n<\/li>\n<p>      <!-- \/.item --><\/p>\n<li class=\"item thumb department\"  data-filter=\".Fagotes,.department\">\n<h4>Fagotak<\/h4>\n<p>         <img loading=\"lazy\" decoding=\"async\" class=\"icono\" src=\"https:\/\/bilbaorkestra.eus\/wp-content\/themes\/bos-2016\/assets\/images\/fagot.png\" width=\"103\" height=\"104\" alt=\"\"\/><br \/>\n         <i class=\"icon-right-open\"><\/i>\n      <\/li>\n<p>      <!-- \/.item --><\/p>\n<li class=\"item thumb Fagotes\">\n<figure><figcaption class=\"text-overlay\">\n<div class=\"info\">\n<h4>Pedro Pardo<\/h4>\n<p>Bakarlaria<\/p>\n<\/p><\/div>\n<p>               <!-- \/.info --><br \/>\n            <\/figcaption><img decoding=\"async\" src=\"https:\/\/bilbaorkestra.eus\/wp-content\/themes\/bos-2016\/assets\/images\/musicos\/fagotes\/Pedro_Pardo.jpg\" alt=\"\"><br \/>\n         <\/figure>\n<\/li>\n<p>      <!-- \/.item --><\/p>\n<li class=\"item thumb Fagotes\">\n<figure><figcaption class=\"text-overlay\">\n<div class=\"info\">\n<h4>Santiago L\u00f3pez<\/h4>\n<p>Bakarlaria<\/p>\n<\/p><\/div>\n<p>               <!-- \/.info --><br \/>\n            <\/figcaption><img decoding=\"async\" src=\"https:\/\/bilbaorkestra.eus\/wp-content\/themes\/bos-2016\/assets\/images\/musicos\/fagotes\/Santiago_lopez.jpg\" alt=\"\"><br \/>\n         <\/figure>\n<\/li>\n<p>      <!-- \/.item --><\/p>\n<li class=\"item thumb Fagotes\">\n<figure><figcaption class=\"text-overlay\">\n<div class=\"info\">\n<h4>Esther G\u00f3mez<\/h4>\n<\/p><\/div>\n<p>               <!-- \/.info --><br \/>\n            <\/figcaption><img decoding=\"async\" src=\"https:\/\/bilbaorkestra.eus\/wp-content\/themes\/bos-2016\/assets\/images\/musicos\/fagotes\/Esther_Gomez.jpg\" alt=\"\"><br \/>\n         <\/figure>\n<\/li>\n<p>      <!-- \/.item --><\/p>\n<li class=\"item thumb Fagotes\">\n<figure><figcaption class=\"text-overlay\">\n<div class=\"info\">\n<h4>Rub\u00e9n Ferreira<\/h4>\n<p>Fagota &#8211; Kontrafagota<\/p>\n<\/p><\/div>\n<p>               <!-- \/.info --><br \/>\n            <\/figcaption><img decoding=\"async\" src=\"https:\/\/bilbaorkestra.eus\/wp-content\/uploads\/2023\/03\/Ruben-Ferreira.jpg\" alt=\"\"><br \/>\n         <\/figure>\n<\/li>\n<p>      <!-- \/.item --><\/p>\n<\/ul>\n<p>   <!-- \/.items --><\/p>\n<div class=\"inner-xs\">\n<h2>Metalezko Haize Instrumentuak<\/h2>\n<\/p><\/div>\n<ul class=\"items col-4\">\n<li class=\"item thumb department\" data-filter=\".trompa,.department\">\n<h4>Tronpak<\/h4>\n<p>         <img loading=\"lazy\" decoding=\"async\" class=\"icono\" src=\"https:\/\/bilbaorkestra.eus\/wp-content\/themes\/bos-2016\/assets\/images\/trompa.png\" width=\"103\" height=\"104\" alt=\"\"\/><br \/>\n         <i class=\"icon-right-open\"><\/i>\n      <\/li>\n<p>      <!-- \/.item --><\/p>\n<li class=\"item thumb trompa\">\n<figure><figcaption class=\"text-overlay\">\n<div class=\"info\">\n<h4>Luis Fernando N\u00fa\u00f1ez<\/h4>\n<p>Bakarlaria<\/p>\n<\/p><\/div>\n<p>               <!-- \/.info --><br \/>\n            <\/figcaption><img decoding=\"async\" src=\"https:\/\/bilbaorkestra.eus\/wp-content\/themes\/bos-2016\/assets\/images\/musicos\/trompas\/Luis_Fernando_Nunez.jpg\" alt=\"\"><br \/>\n         <\/figure>\n<\/li>\n<p>      <!-- \/.item --><\/p>\n<li class=\"item thumb trompa\">\n<figure><figcaption class=\"text-overlay\">\n<div class=\"info\">\n<h4>Alberto Men\u00e9ndez<\/h4>\n<p>Bakarlaria<\/p>\n<\/p><\/div>\n<p>               <!-- \/.info --><br \/>\n            <\/figcaption><img decoding=\"async\" src=\"https:\/\/bilbaorkestra.eus\/wp-content\/uploads\/2022\/09\/BOS-musicos-Alberto-Menendez-TROMPA-225x300.jpg\" alt=\"\"><br \/>\n         <\/figure>\n<\/li>\n<p>      <!-- \/.item --><\/p>\n<li class=\"item thumb trompa\">\n<figure><figcaption class=\"text-overlay\">\n<div class=\"info\">\n<h4>Estefan\u00eda Beceiro<\/h4>\n<p>Hirugarren tronpa<\/p>\n<\/p><\/div>\n<p>               <!-- \/.info --><br \/>\n            <\/figcaption><img decoding=\"async\" src=\"https:\/\/bilbaorkestra.eus\/wp-content\/themes\/bos-2016\/assets\/images\/musicos\/trompas\/Estefania_Beceiro.jpg\" alt=\"\"><br \/>\n         <\/figure>\n<\/li>\n<p>      <!-- \/.item --><\/p>\n<li class=\"item thumb trompa\">\n<figure><figcaption class=\"text-overlay\">\n<div class=\"info\">\n<h4>Javier Garc\u00eda<\/h4>\n<\/p><\/div>\n<p>               <!-- \/.info --><br \/>\n            <\/figcaption><img decoding=\"async\" src=\"https:\/\/bilbaorkestra.eus\/wp-content\/themes\/bos-2016\/assets\/images\/musicos\/trompas\/Javier_Garcia.jpg\" alt=\"\"><br \/>\n         <\/figure>\n<\/li>\n<p>      <!-- \/.item --><\/p>\n<li class=\"item thumb trompa\">\n<figure><figcaption class=\"text-overlay\">\n<div class=\"info\">\n<h4>David Montalt<\/h4>\n<\/p><\/div>\n<p>               <!-- \/.info --><br \/>\n            <\/figcaption><img decoding=\"async\" src=\"https:\/\/bilbaorkestra.eus\/wp-content\/themes\/bos-2016\/assets\/images\/musicos\/trompas\/David_Montalt.jpg\" alt=\"\"><br \/>\n         <\/figure>\n<\/li>\n<p>      <!-- \/.item --><\/p>\n<li class=\"item thumb department\" data-filter=\".trompeta,.department\">\n<h4>Tronpetak<\/h4>\n<p>         <img loading=\"lazy\" decoding=\"async\" class=\"icono\" src=\"https:\/\/bilbaorkestra.eus\/wp-content\/themes\/bos-2016\/assets\/images\/trompeta.png\" width=\"103\" height=\"104\" alt=\"\"\/><br \/>\n         <i class=\"icon-right-open\"><\/i>\n      <\/li>\n<p>      <!-- \/.item --><\/p>\n<li class=\"item thumb trompeta\">\n<figure><figcaption class=\"text-overlay\">\n<div class=\"info\">\n<h4>Vicente Olmos<\/h4>\n<p>Bakarlaria<\/p>\n<\/p><\/div>\n<p>               <!-- \/.info --><br \/>\n            <\/figcaption><img decoding=\"async\" src=\"https:\/\/bilbaorkestra.eus\/wp-content\/themes\/bos-2016\/assets\/images\/musicos\/trompetas\/Vicente_Olmos.jpg\" alt=\"\"><br \/>\n         <\/figure>\n<\/li>\n<p>      <!-- \/.item --><\/p>\n<li class=\"item thumb trompeta\">\n<figure><figcaption class=\"text-overlay\">\n<div class=\"info\">\n<h4>Carlos Roda<\/h4>\n<p>Bakarlaria<\/p>\n<\/p><\/div>\n<p>               <!-- \/.info --><br \/>\n            <\/figcaption><img decoding=\"async\" src=\"https:\/\/www.bilbaorkestra.eus\/wp-content\/uploads\/2024\/10\/carlos-roda-2.jpg\" alt=\"\"><br \/>\n         <\/figure>\n<\/li>\n<p>      <!-- \/.item --><\/p>\n<li class=\"item thumb trompeta\">\n<figure><figcaption class=\"text-overlay\">\n<div class=\"info\">\n<h4>Esther L\u00f3pez<\/h4>\n<\/p><\/div>\n<p>               <!-- \/.info --><br \/>\n            <\/figcaption><img decoding=\"async\" src=\"https:\/\/bilbaorkestra.eus\/wp-content\/themes\/bos-2016\/assets\/images\/musicos\/trompetas\/Esther_Lopez.jpg\" alt=\"\"><br \/>\n         <\/figure>\n<\/li>\n<p>      <!-- \/.item --><\/p>\n<li class=\"item thumb trompeta\">\n<figure><figcaption class=\"text-overlay\">\n<div class=\"info\">\n<h4>Miguel Angel Torres<\/h4>\n<\/p><\/div>\n<p>               <!-- \/.info --><br \/>\n            <\/figcaption><img decoding=\"async\" src=\"https:\/\/bilbaorkestra.eus\/wp-content\/themes\/bos-2016\/assets\/images\/musicos\/trompetas\/Miguel_Angel_Torres.jpg\" alt=\"\"><br \/>\n         <\/figure>\n<\/li>\n<p>      <!-- \/.item --><\/p>\n<li class=\"item thumb department\" data-filter=\".trombones,.department\">\n<h4>Tronboiak<\/h4>\n<p>         <img loading=\"lazy\" decoding=\"async\" class=\"icono\" src=\"https:\/\/bilbaorkestra.eus\/wp-content\/themes\/bos-2016\/assets\/images\/trombon.png\" width=\"103\" height=\"104\" alt=\"\"\/><br \/>\n         <i class=\"icon-right-open\"><\/i>\n      <\/li>\n<p>      <!-- \/.item --><\/p>\n<li class=\"item thumb trombones\">\n<figure><figcaption class=\"text-overlay\">\n<div class=\"info\">\n<h4>Alberto Urretxo<\/h4>\n<p>Bakarlaria<\/p>\n<\/p><\/div>\n<p>               <!-- \/.info --><br \/>\n            <\/figcaption><img decoding=\"async\" src=\"https:\/\/bilbaorkestra.eus\/wp-content\/themes\/bos-2016\/assets\/images\/musicos\/trombones\/Alberto_Urretxo.jpg\" alt=\"\"><br \/>\n         <\/figure>\n<\/li>\n<p>      <!-- \/.item --><\/p>\n<li class=\"item thumb trombones\">\n<figure><figcaption class=\"text-overlay\">\n<div class=\"info\">\n<h4>Jose Benavent<\/h4>\n<p>Tronboi baxua<\/p>\n<\/p><\/div>\n<p>               <!-- \/.info --><br \/>\n            <\/figcaption><img decoding=\"async\" src=\"https:\/\/bilbaorkestra.eus\/wp-content\/uploads\/2023\/02\/BOS-josebenavent.jpg\"\/><br \/>\n         <\/figure>\n<\/li>\n<li class=\"item thumb trombones\">\n<figure><figcaption class=\"text-overlay\">\n<div class=\"info\">\n<h4>Miguel Arbelaiz<\/h4>\n<\/p><\/div>\n<p>               <!-- \/.info --><br \/>\n            <\/figcaption><img decoding=\"async\" src=\"https:\/\/bilbaorkestra.eus\/wp-content\/themes\/bos-2016\/assets\/images\/musicos\/trombones\/Miguel_Arbelaiz.jpg\" alt=\"\"><br \/>\n         <\/figure>\n<\/li>\n<p>      <!-- \/.item --><\/p>\n<li class=\"item thumb department\" data-filter=\".tuba,.department\">\n<h4>Tuba<\/h4>\n<p>         <img loading=\"lazy\" decoding=\"async\" class=\"icono\" src=\"https:\/\/bilbaorkestra.eus\/wp-content\/themes\/bos-2016\/assets\/images\/tuba.png\" width=\"103\" height=\"104\" alt=\"\"\/><br \/>\n         <i class=\"icon-right-open\"><\/i>\n      <\/li>\n<p>      <!-- \/.item --><\/p>\n<li class=\"item thumb tuba\" style=\"display: none\">\n<figure><figcaption class=\"text-overlay\">\n<div class=\"info\">\n<h4>Javier Casta\u00f1o<\/h4>\n<p>Bakarlaria<\/p>\n<\/p><\/div>\n<p>               <!-- \/.info --><br \/>\n            <\/figcaption><img decoding=\"async\" src=\"https:\/\/www.bilbaorkestra.eus\/wp-content\/uploads\/2024\/04\/javier-castano.jpg\" alt=\"\"><br \/>\n         <\/figure>\n<\/li>\n<\/ul>\n<div class=\"inner-xs\">\n<h2>Perkusioa<\/h2>\n<\/p><\/div>\n<ul class=\"items col-4\">\n<li class=\"item thumb department\" data-filter=\".percusion,.department\">\n<h4>Perkusioa<\/h4>\n<p>         <img loading=\"lazy\" decoding=\"async\" class=\"icono\" src=\"https:\/\/bilbaorkestra.eus\/wp-content\/themes\/bos-2016\/assets\/images\/timbal.png\" width=\"103\" height=\"104\" alt=\"\"\/><br \/>\n         <i class=\"icon-right-open\"><\/i>\n      <\/li>\n<p>      <!-- \/.item --><\/p>\n<li class=\"item thumb percusion\">\n<figure><figcaption class=\"text-overlay\">\n<div class=\"info\">\n<h4>Actea Jim\u00e9nez<\/h4>\n<p>Tinbal Bakarlaria<\/p>\n<\/p><\/div>\n<p>               <!-- \/.info --><br \/>\n            <\/figcaption><img decoding=\"async\" src=\"https:\/\/bilbaorkestra.eus\/wp-content\/themes\/bos-2016\/assets\/images\/musicos\/percusion\/Actea-Jimenez.jpg\" alt=\"\"><br \/>\n         <\/figure>\n<\/li>\n<p>      <!-- \/.item -->\t\t\t\t\t\t\t<\/p>\n<li class=\"item thumb percusion\">\n<figure><figcaption class=\"text-overlay\">\n<div class=\"info\">\n<h4>Vicente Zaragoza<\/h4>\n<p>Bakarlaria<\/p>\n<\/p><\/div>\n<p>               <!-- \/.info --><br \/>\n            <\/figcaption><img decoding=\"async\" src=\"https:\/\/bilbaorkestra.eus\/wp-content\/themes\/bos-2016\/assets\/images\/musicos\/percusion\/Vicente_Zaragoza.jpg\" alt=\"\"><br \/>\n         <\/figure>\n<\/li>\n<p>      <!-- \/.item --><\/p>\n<li class=\"item thumb percusion\">\n<figure><figcaption class=\"text-overlay\">\n<div class=\"info\">\n<h4>Joaqu\u00edn Carrascosa<\/h4>\n<p>Bakarlariaren laguntzailea<\/p>\n<\/p><\/div>\n<p>               <!-- \/.info --><br \/>\n            <\/figcaption><img decoding=\"async\" src=\"https:\/\/bilbaorkestra.eus\/wp-content\/themes\/bos-2016\/assets\/images\/musicos\/percusion\/Joaquin_Carrascosa.jpg\" alt=\"\"><br \/>\n         <\/figure>\n<\/li>\n<p>      <!-- \/.item --><\/p>\n<li class=\"item thumb percusion\">\n<figure><figcaption class=\"text-overlay\">\n<div class=\"info\">\n<h4>Narciso G\u00f3mez<\/h4>\n<\/p><\/div>\n<p>               <!-- \/.info --><br \/>\n            <\/figcaption><img decoding=\"async\" src=\"https:\/\/bilbaorkestra.eus\/wp-content\/themes\/bos-2016\/assets\/images\/musicos\/percusion\/Narciso-Gomez.jpg\" alt=\"\"><br \/>\n         <\/figure>\n<\/li>\n<p>      <!-- \/.item -->\n   <\/ul>\n<\/section>\n","protected":false},"excerpt":{"rendered":"<p>Haria 2. Kontzertinoa Giulia Brinckmeier 2. Kontzertinoa Lehen biolinak Charles Bingham Bakarlaria David Garc\u00eda Bakarlariaren laguntzailea Alfonso Aldeanueva Claudia Bak Nora Bolinaga Jos\u00e9 Eduardo Canto Mar\u00eda D\u00edaz-Caneja Samuel Garc\u00eda Yulia Gudimova Jon Irizar Amaia Lizaso Mariena Sata I\u00f1igo Grimal Lila Vivas Bigarren biolinak Laura Delgado Bakarlaria Andrea Cazzaniga Bakarlariaren laguntzailea Dan Caleb Alberganti Lino Ayll\u00f3n &hellip; <a href=\"https:\/\/www.bilbaorkestra.eus\/eu\/orkestra\/musikalariak\/\" class=\"more-link\">Jarraitu irakurtzen<span class=\"screen-reader-text\"> &#8220;Musikalariak&#8221;<\/span><\/a><\/p>\n","protected":false},"author":1,"featured_media":605,"parent":6990,"menu_order":0,"comment_status":"closed","ping_status":"closed","template":"","meta":{"_acf_changed":false,"footnotes":""},"class_list":["post-7405","page","type-page","status-publish","has-post-thumbnail","hentry"],"acf":[],"yoast_head":"<!-- This site is optimized with the Yoast SEO plugin v27.4 - https:\/\/yoast.com\/product\/yoast-seo-wordpress\/ -->\n<title>Musikalariak - Bilbao Orkestra Sinfonikoa<\/title>\n<meta name=\"robots\" content=\"index, follow, max-snippet:-1, max-image-preview:large, max-video-preview:-1\" \/>\n<link rel=\"canonical\" href=\"https:\/\/www.bilbaorkestra.eus\/eu\/orkestra\/musikalariak\/\" \/>\n<meta property=\"og:locale\" content=\"en_US\" \/>\n<meta property=\"og:type\" content=\"article\" \/>\n<meta property=\"og:title\" content=\"Musikalariak - Bilbao Orkestra Sinfonikoa\" \/>\n<meta property=\"og:description\" content=\"Haria 2. Kontzertinoa Giulia Brinckmeier 2. Kontzertinoa Lehen biolinak Charles Bingham Bakarlaria David Garc\u00eda Bakarlariaren laguntzailea Alfonso Aldeanueva Claudia Bak Nora Bolinaga Jos\u00e9 Eduardo Canto Mar\u00eda D\u00edaz-Caneja Samuel Garc\u00eda Yulia Gudimova Jon Irizar Amaia Lizaso Mariena Sata I\u00f1igo Grimal Lila Vivas Bigarren biolinak Laura Delgado Bakarlaria Andrea Cazzaniga Bakarlariaren laguntzailea Dan Caleb Alberganti Lino Ayll\u00f3n &hellip; Jarraitu irakurtzen &quot;Musikalariak&quot;\" \/>\n<meta property=\"og:url\" content=\"https:\/\/www.bilbaorkestra.eus\/eu\/orkestra\/musikalariak\/\" \/>\n<meta property=\"og:site_name\" content=\"Bilbao Orkestra Sinfonikoa\" \/>\n<meta property=\"article:publisher\" content=\"https:\/\/www.facebook.com\/SinfonicadeBilbao\" \/>\n<meta property=\"article:modified_time\" content=\"2026-01-30T08:54:36+00:00\" \/>\n<meta property=\"og:image\" content=\"https:\/\/www.bilbaorkestra.eus\/wp-content\/uploads\/2016\/02\/musicos-1.jpg\" \/>\n\t<meta property=\"og:image:width\" content=\"1400\" \/>\n\t<meta property=\"og:image:height\" content=\"300\" \/>\n\t<meta property=\"og:image:type\" content=\"image\/jpeg\" \/>\n<meta name=\"twitter:card\" content=\"summary_large_image\" \/>\n<meta name=\"twitter:label1\" content=\"Est. reading time\" \/>\n\t<meta name=\"twitter:data1\" content=\"22 minutua\" \/>\n<script type=\"application\/ld+json\" class=\"yoast-schema-graph\">{\"@context\":\"https:\\\/\\\/schema.org\",\"@graph\":[{\"@type\":\"WebPage\",\"@id\":\"https:\\\/\\\/www.bilbaorkestra.eus\\\/eu\\\/orkestra\\\/musikalariak\\\/\",\"url\":\"https:\\\/\\\/www.bilbaorkestra.eus\\\/eu\\\/orkestra\\\/musikalariak\\\/\",\"name\":\"Musikalariak - Bilbao Orkestra Sinfonikoa\",\"isPartOf\":{\"@id\":\"https:\\\/\\\/www.bilbaorkestra.eus\\\/#website\"},\"primaryImageOfPage\":{\"@id\":\"https:\\\/\\\/www.bilbaorkestra.eus\\\/eu\\\/orkestra\\\/musikalariak\\\/#primaryimage\"},\"image\":{\"@id\":\"https:\\\/\\\/www.bilbaorkestra.eus\\\/eu\\\/orkestra\\\/musikalariak\\\/#primaryimage\"},\"thumbnailUrl\":\"https:\\\/\\\/www.bilbaorkestra.eus\\\/wp-content\\\/uploads\\\/2016\\\/02\\\/musicos-1.jpg\",\"datePublished\":\"2016-02-18T08:03:49+00:00\",\"dateModified\":\"2026-01-30T08:54:36+00:00\",\"breadcrumb\":{\"@id\":\"https:\\\/\\\/www.bilbaorkestra.eus\\\/eu\\\/orkestra\\\/musikalariak\\\/#breadcrumb\"},\"inLanguage\":\"eu\",\"potentialAction\":[{\"@type\":\"ReadAction\",\"target\":[\"https:\\\/\\\/www.bilbaorkestra.eus\\\/eu\\\/orkestra\\\/musikalariak\\\/\"]}]},{\"@type\":\"ImageObject\",\"inLanguage\":\"eu\",\"@id\":\"https:\\\/\\\/www.bilbaorkestra.eus\\\/eu\\\/orkestra\\\/musikalariak\\\/#primaryimage\",\"url\":\"https:\\\/\\\/www.bilbaorkestra.eus\\\/wp-content\\\/uploads\\\/2016\\\/02\\\/musicos-1.jpg\",\"contentUrl\":\"https:\\\/\\\/www.bilbaorkestra.eus\\\/wp-content\\\/uploads\\\/2016\\\/02\\\/musicos-1.jpg\",\"width\":1400,\"height\":300},{\"@type\":\"BreadcrumbList\",\"@id\":\"https:\\\/\\\/www.bilbaorkestra.eus\\\/eu\\\/orkestra\\\/musikalariak\\\/#breadcrumb\",\"itemListElement\":[{\"@type\":\"ListItem\",\"position\":1,\"name\":\"Portada\",\"item\":\"https:\\\/\\\/www.bilbaorkestra.eus\\\/\"},{\"@type\":\"ListItem\",\"position\":2,\"name\":\"Orkestra\",\"item\":\"https:\\\/\\\/www.bilbaorkestra.eus\\\/eu\\\/orkestra\\\/\"},{\"@type\":\"ListItem\",\"position\":3,\"name\":\"Musikalariak\"}]},{\"@type\":\"WebSite\",\"@id\":\"https:\\\/\\\/www.bilbaorkestra.eus\\\/#website\",\"url\":\"https:\\\/\\\/www.bilbaorkestra.eus\\\/\",\"name\":\"Bilbao Orkestra Sinfonikoa\",\"description\":\"P\u00e1gina web de la Orquesta Sinf\u00f3nica de Bilbao\",\"publisher\":{\"@id\":\"https:\\\/\\\/www.bilbaorkestra.eus\\\/#organization\"},\"potentialAction\":[{\"@type\":\"SearchAction\",\"target\":{\"@type\":\"EntryPoint\",\"urlTemplate\":\"https:\\\/\\\/www.bilbaorkestra.eus\\\/?s={search_term_string}\"},\"query-input\":{\"@type\":\"PropertyValueSpecification\",\"valueRequired\":true,\"valueName\":\"search_term_string\"}}],\"inLanguage\":\"eu\"},{\"@type\":\"Organization\",\"@id\":\"https:\\\/\\\/www.bilbaorkestra.eus\\\/#organization\",\"name\":\"Bilbao Orkestra Sinfonikoa\",\"url\":\"https:\\\/\\\/www.bilbaorkestra.eus\\\/\",\"logo\":{\"@type\":\"ImageObject\",\"inLanguage\":\"eu\",\"@id\":\"https:\\\/\\\/www.bilbaorkestra.eus\\\/#\\\/schema\\\/logo\\\/image\\\/\",\"url\":\"https:\\\/\\\/www.bilbaorkestra.eus\\\/wp-content\\\/uploads\\\/2016\\\/04\\\/logo-BOS-CMYK.jpg\",\"contentUrl\":\"https:\\\/\\\/www.bilbaorkestra.eus\\\/wp-content\\\/uploads\\\/2016\\\/04\\\/logo-BOS-CMYK.jpg\",\"width\":1772,\"height\":2113,\"caption\":\"Bilbao Orkestra Sinfonikoa\"},\"image\":{\"@id\":\"https:\\\/\\\/www.bilbaorkestra.eus\\\/#\\\/schema\\\/logo\\\/image\\\/\"},\"sameAs\":[\"https:\\\/\\\/www.facebook.com\\\/SinfonicadeBilbao\"]}]}<\/script>\n<!-- \/ Yoast SEO plugin. -->","yoast_head_json":{"title":"Musikalariak - Bilbao Orkestra Sinfonikoa","robots":{"index":"index","follow":"follow","max-snippet":"max-snippet:-1","max-image-preview":"max-image-preview:large","max-video-preview":"max-video-preview:-1"},"canonical":"https:\/\/www.bilbaorkestra.eus\/eu\/orkestra\/musikalariak\/","og_locale":"en_US","og_type":"article","og_title":"Musikalariak - Bilbao Orkestra Sinfonikoa","og_description":"Haria 2. Kontzertinoa Giulia Brinckmeier 2. Kontzertinoa Lehen biolinak Charles Bingham Bakarlaria David Garc\u00eda Bakarlariaren laguntzailea Alfonso Aldeanueva Claudia Bak Nora Bolinaga Jos\u00e9 Eduardo Canto Mar\u00eda D\u00edaz-Caneja Samuel Garc\u00eda Yulia Gudimova Jon Irizar Amaia Lizaso Mariena Sata I\u00f1igo Grimal Lila Vivas Bigarren biolinak Laura Delgado Bakarlaria Andrea Cazzaniga Bakarlariaren laguntzailea Dan Caleb Alberganti Lino Ayll\u00f3n &hellip; Jarraitu irakurtzen \"Musikalariak\"","og_url":"https:\/\/www.bilbaorkestra.eus\/eu\/orkestra\/musikalariak\/","og_site_name":"Bilbao Orkestra Sinfonikoa","article_publisher":"https:\/\/www.facebook.com\/SinfonicadeBilbao","article_modified_time":"2026-01-30T08:54:36+00:00","og_image":[{"width":1400,"height":300,"url":"https:\/\/www.bilbaorkestra.eus\/wp-content\/uploads\/2016\/02\/musicos-1.jpg","type":"image\/jpeg"}],"twitter_card":"summary_large_image","twitter_misc":{"Est. reading time":"22 minutua"},"schema":{"@context":"https:\/\/schema.org","@graph":[{"@type":"WebPage","@id":"https:\/\/www.bilbaorkestra.eus\/eu\/orkestra\/musikalariak\/","url":"https:\/\/www.bilbaorkestra.eus\/eu\/orkestra\/musikalariak\/","name":"Musikalariak - Bilbao Orkestra Sinfonikoa","isPartOf":{"@id":"https:\/\/www.bilbaorkestra.eus\/#website"},"primaryImageOfPage":{"@id":"https:\/\/www.bilbaorkestra.eus\/eu\/orkestra\/musikalariak\/#primaryimage"},"image":{"@id":"https:\/\/www.bilbaorkestra.eus\/eu\/orkestra\/musikalariak\/#primaryimage"},"thumbnailUrl":"https:\/\/www.bilbaorkestra.eus\/wp-content\/uploads\/2016\/02\/musicos-1.jpg","datePublished":"2016-02-18T08:03:49+00:00","dateModified":"2026-01-30T08:54:36+00:00","breadcrumb":{"@id":"https:\/\/www.bilbaorkestra.eus\/eu\/orkestra\/musikalariak\/#breadcrumb"},"inLanguage":"eu","potentialAction":[{"@type":"ReadAction","target":["https:\/\/www.bilbaorkestra.eus\/eu\/orkestra\/musikalariak\/"]}]},{"@type":"ImageObject","inLanguage":"eu","@id":"https:\/\/www.bilbaorkestra.eus\/eu\/orkestra\/musikalariak\/#primaryimage","url":"https:\/\/www.bilbaorkestra.eus\/wp-content\/uploads\/2016\/02\/musicos-1.jpg","contentUrl":"https:\/\/www.bilbaorkestra.eus\/wp-content\/uploads\/2016\/02\/musicos-1.jpg","width":1400,"height":300},{"@type":"BreadcrumbList","@id":"https:\/\/www.bilbaorkestra.eus\/eu\/orkestra\/musikalariak\/#breadcrumb","itemListElement":[{"@type":"ListItem","position":1,"name":"Portada","item":"https:\/\/www.bilbaorkestra.eus\/"},{"@type":"ListItem","position":2,"name":"Orkestra","item":"https:\/\/www.bilbaorkestra.eus\/eu\/orkestra\/"},{"@type":"ListItem","position":3,"name":"Musikalariak"}]},{"@type":"WebSite","@id":"https:\/\/www.bilbaorkestra.eus\/#website","url":"https:\/\/www.bilbaorkestra.eus\/","name":"Bilbao Orkestra Sinfonikoa","description":"P\u00e1gina web de la Orquesta Sinf\u00f3nica de Bilbao","publisher":{"@id":"https:\/\/www.bilbaorkestra.eus\/#organization"},"potentialAction":[{"@type":"SearchAction","target":{"@type":"EntryPoint","urlTemplate":"https:\/\/www.bilbaorkestra.eus\/?s={search_term_string}"},"query-input":{"@type":"PropertyValueSpecification","valueRequired":true,"valueName":"search_term_string"}}],"inLanguage":"eu"},{"@type":"Organization","@id":"https:\/\/www.bilbaorkestra.eus\/#organization","name":"Bilbao Orkestra Sinfonikoa","url":"https:\/\/www.bilbaorkestra.eus\/","logo":{"@type":"ImageObject","inLanguage":"eu","@id":"https:\/\/www.bilbaorkestra.eus\/#\/schema\/logo\/image\/","url":"https:\/\/www.bilbaorkestra.eus\/wp-content\/uploads\/2016\/04\/logo-BOS-CMYK.jpg","contentUrl":"https:\/\/www.bilbaorkestra.eus\/wp-content\/uploads\/2016\/04\/logo-BOS-CMYK.jpg","width":1772,"height":2113,"caption":"Bilbao Orkestra Sinfonikoa"},"image":{"@id":"https:\/\/www.bilbaorkestra.eus\/#\/schema\/logo\/image\/"},"sameAs":["https:\/\/www.facebook.com\/SinfonicadeBilbao"]}]}},"_links":{"self":[{"href":"https:\/\/www.bilbaorkestra.eus\/eu\/wp-json\/wp\/v2\/pages\/7405","targetHints":{"allow":["GET"]}}],"collection":[{"href":"https:\/\/www.bilbaorkestra.eus\/eu\/wp-json\/wp\/v2\/pages"}],"about":[{"href":"https:\/\/www.bilbaorkestra.eus\/eu\/wp-json\/wp\/v2\/types\/page"}],"author":[{"embeddable":true,"href":"https:\/\/www.bilbaorkestra.eus\/eu\/wp-json\/wp\/v2\/users\/1"}],"replies":[{"embeddable":true,"href":"https:\/\/www.bilbaorkestra.eus\/eu\/wp-json\/wp\/v2\/comments?post=7405"}],"version-history":[{"count":121,"href":"https:\/\/www.bilbaorkestra.eus\/eu\/wp-json\/wp\/v2\/pages\/7405\/revisions"}],"predecessor-version":[{"id":33933,"href":"https:\/\/www.bilbaorkestra.eus\/eu\/wp-json\/wp\/v2\/pages\/7405\/revisions\/33933"}],"up":[{"embeddable":true,"href":"https:\/\/www.bilbaorkestra.eus\/eu\/wp-json\/wp\/v2\/pages\/6990"}],"wp:featuredmedia":[{"embeddable":true,"href":"https:\/\/www.bilbaorkestra.eus\/eu\/wp-json\/wp\/v2\/media\/605"}],"wp:attachment":[{"href":"https:\/\/www.bilbaorkestra.eus\/eu\/wp-json\/wp\/v2\/media?parent=7405"}],"curies":[{"name":"wp","href":"https:\/\/api.w.org\/{rel}","templated":true}]}}