{"id":26640,"date":"2022-12-22T18:22:38","date_gmt":"2022-12-22T16:22:38","guid":{"rendered":"https:\/\/bilbaorkestra.eus\/bos-1922-2022\/"},"modified":"2023-02-13T15:04:23","modified_gmt":"2023-02-13T13:04:23","slug":"bos-1922-2022","status":"publish","type":"page","link":"https:\/\/www.bilbaorkestra.eus\/eu\/bos-1922-2022\/","title":{"rendered":"BOS 1922-2022"},"content":{"rendered":"<div class=\"row\">\n<div class=\"col-md-12\">\n<h2 class=\"text-center\">BILBAO ORKESTRA SINFONIKOAREN 100 URTE<\/h2>\n<\/div>\n<div class=\"col-md-6 inner-top-xs\">\n<p>BOSek ehun urte bete zituen 2022ko martxoaren 8an. Bizkaia osoan efemeride garrantzitsu hori ospatzeko, BOSek hainbat ekintza antolatu ditu urte osoan zehar. Sortu ginen gizartearekin, gure gizartearekin, batera ospatu nahi izan ditugu gure historiaren lehen ehun urte horiek.<\/p>\n<p>Aurten egindako jarduera guztien artean, honako hauek nabarmendu behar ditugu:<\/p>\n<ul>\n<li><a class=\"scroll-to\" href=\"#concierto\" data-anchor-offset=\"0\">\u00abMendeurrenaren kontzertua\u00bb<\/a><\/li>\n<li><a class=\"scroll-to\" href=\"#exposicion\" data-anchor-offset=\"0\">Erakusketa ibiltaria<\/a><\/li>\n<li><a class=\"scroll-to\" href=\"#comic\" data-anchor-offset=\"0\">\u201c100 urte musika egiten\u201d: BOSen komikia<\/a><\/li>\n<li><a class=\"scroll-to\" href=\"#mural\" data-anchor-offset=\"0\">Mendeurrenaren horma-irudia<\/a><\/li>\n<\/ul>\n<\/div>\n<div class=\"col-md-6 inner-top-xs\"><iframe loading=\"lazy\" title=\"YouTube video player\" src=\"https:\/\/www.youtube.com\/embed\/wpHiZbTuzUM\" width=\"560\" height=\"315\" frameborder=\"0\" allowfullscreen=\"allowfullscreen\"><\/iframe><\/div>\n<\/div>\n<div class=\"row\">\n<div id=\"concierto\" class=\"col-md-12 inner-top\">\n<h2 class=\"text-center\">MENDEURRENAREN KONTZERTUA<\/h2>\n<\/div>\n<div class=\"col-md-7 inner-top-xs\"><iframe loading=\"lazy\" title=\"YouTube video player\" src=\"https:\/\/www.youtube.com\/embed\/v_0ljhhfk0Q\" width=\"560\" height=\"315\" frameborder=\"0\" allowfullscreen=\"allowfullscreen\"><\/iframe><\/div>\n<div class=\"col-md-5 inner-top-xs\">\n<h3>Egitaraua<\/h3>\n<h4>MAURICE RAVEL (1875 &#8211; 1937)<\/h4>\n<p><em>Deux m\u00e9lodies h\u00e9bra\u00efques, Kaddisch<\/em><\/p>\n<p><strong>Isabelle Druet,<\/strong> mezzosopranoa<\/p>\n<h4>GUSTAV MAHLER (1860 &#8211; 1911)<\/h4>\n<p><em>Sinfon\u00eda n\u00ba 2 en do menor \u201cResurrecci\u00f3n\u201c<\/em><\/p>\n<p>I. Allegro maestoso<br \/>\nII. Andante moderato<br \/>\nIII. In ruhig fliessender Bewegung<br \/>\nIV. Urlicht (Primeval Light)<br \/>\nV. Im Tempo des Scherzo<\/p>\n<p>&nbsp;<\/p>\n<p><strong>Miren Urbieta-Vega,<\/strong> sopranoa<br \/>\n<strong>Isabelle Druet,<\/strong> mezzosopranoa<br \/>\n<strong>Sociedad Coral de Bilbao (Enrique Azurza,<\/strong> zuzendaria)<\/p>\n<p><a href=\"https:\/\/bilbaorkestra.eus\/eu\/kontzertuak\/berpizkundea\/\" target=\"_blank\" rel=\"noopener\"><strong>Informazio gehiago<\/strong><\/a><\/p>\n<\/div>\n<\/div>\n<hr \/>\n<div class=\"row\">\n<div id=\"exposicion\" class=\"col-md-12 inner-top\">\n<h2 class=\"text-center\">ERAKUSKETA IBILTARIA<\/h2>\n<\/div>\n<div class=\"col-md-6 inner-top-xs\">\n<p>Mugarri garrantzitsu hori zabaltzeko, orkestrak erakusketa ibiltari bat jarri zuen martxan, zeinaren bidez gure orkestraren historia zabaldu nahi izan duen gure Foru Lurraldean zehar.<\/p>\n<p>Erakusketa zortzi tokitan jarri da ikusgai martxotik irailera bitartean. Ibilbidea martxoaren 17an hasi zen Arriaga antzokian; ondoren, Bizkaiko beste zazpi udalerri bisitatu zituen \u2014eskualde bakoitzeko bat\u2014, eta irailaren 18an amaitu zen Urdu\u00f1an.<\/p>\n<p>Erakusketa hamabi \u201catek\u201d osatu dute, metro bateko zabalera eta bi metroko altuerakoak, eta orkestraren historiaren hainbat etapari zabaldu dizkiote ateak. Horietako hamaika orokorrak ziren eta beste batek BOSen eta kasuan kasuko Bizkaiko eskualdearen arteko historia kontatzen zuen.<\/p>\n<p><a href=\"https:\/\/bilbaorkestra.eus\/una-exposicion-itinerante-recorre-desde-hoy-bizkaia-mostrando-los-cien-anos-de-actividad-de-la-bilbao-orkestra-sinfonikoa\/\" target=\"_blank\" rel=\"noopener\"><strong>Ikusi berria 2022-03-18<\/strong><\/a><\/p>\n<\/div>\n<div class=\"col-md-6 inner-top-xs\"><img loading=\"lazy\" decoding=\"async\" class=\"alignnone size-full wp-image-22348\" src=\"https:\/\/bilbaorkestra.eus\/wp-content\/uploads\/2022\/03\/foto-cabecera-exposicion1.jpg\" alt=\"\" width=\"800\" height=\"500\" srcset=\"https:\/\/www.bilbaorkestra.eus\/wp-content\/uploads\/2022\/03\/foto-cabecera-exposicion1.jpg 800w, https:\/\/www.bilbaorkestra.eus\/wp-content\/uploads\/2022\/03\/foto-cabecera-exposicion1-300x188.jpg 300w, https:\/\/www.bilbaorkestra.eus\/wp-content\/uploads\/2022\/03\/foto-cabecera-exposicion1-768x480.jpg 768w\" sizes=\"auto, (max-width: 800px) 85vw, 800px\" \/><\/div>\n<\/div>\n<hr \/>\n<div class=\"row\">\n<div class=\"col-md-3 inner-top-xs\">\n<div class=\"icon-overlay icn-link\"><a href=\"#vinilo01\" data-toggle=\"modal\"><img decoding=\"async\" class=\"aligncenter size-large wp-image-26595\" src=\"https:\/\/bilbaorkestra.eus\/wp-content\/uploads\/2023\/01\/VINILO_EUSK-01-461x1024.jpg\" alt=\"BOS\" \/><\/a><\/div>\n<\/div>\n<div class=\"col-md-9 inner-top-xs\">\n<h2>1922. JATORRIA<\/h2>\n<p>XIX. mende bukaeran Bilboko gazte intelektual talde bat arratsaldero batzen zen \u201cEl Cuartito-n\u201d, Zazpi Kaleetan alokatutako gela batean. Gela hartako hormetan taldeko kide batzuk margotutako telak eskegita zeuden, besteak beste Ignacio Zuloagak, Manuel Losadak edo Anselmo Guineak, eta bertan musika saioak antolatzen zituzten eta denbora igaro ahala, egungo Elkarte Filarmonikoa sortu zen.<br \/>\nBizkaiko kulturaren garai emankorrenetako baten protagonistak dira. Eta musika oso garrantzitsua izan zen. Izan ere, egungo Bilboko musika erakunde asko (Elkarte Filarmonikoa, Abesbatza Elkartea, Kontserbatorioa eta Orkestra Sinfonikoa) urte horietako musikari talde horren sustapenari esker sortu ziren.<\/p>\n<h3>Testuinguru historikoa<\/h3>\n<p>XIX. mendeko bigarren erditik aurrera Bizkaiko ekonomia erabat aldatu zen, neurri handi batean Europara eta bereziki Bretainia Handira Trianoko Mendietatik eta Meatzaldetik ateratako burdinazko minerala esportatzen hasi zirelako. Jarduera horren ondorioz, Bilboko itsasadarraren albo bietan industria indartsua sortu zen.<\/p>\n<p>Merkataritza, industria eta demografia garapen horrek euskal lurraldea Europako ekonomia maila handieneko puntuetako bat bihurtu zuen. Horrekin guztiarekin aurretik ere existitzen zen burgesiak indarra hartu eta ekonomia botere eta gizarte eragin handia bereganatu zuen.<\/p>\n<h3>Kultura testuingurua<\/h3>\n<p>Garai horretan, bereziki XIX. mende bukaeratik aurrera, Bizkaiko kulturan iraultza ikaragarria gertatu zen. Garai bizia eta energiaz betea izan zen. Bizkaiko musika eremu finkatuan eta \u201cCuartitoaren\u201d barnean XIX. mendeko azken urteetako eta XX. mendeko zati bateko Bilboko musika mugimendu ia guztia sortu zen taldekideen lanari eta ekimenari esker, eta bereziki aipatu behar dira Bilboko \u201cmusikaren hiru apostoluak\u201d: Juan Carlos Gort\u00e1zar, Javier Arisqueta eta Lope Ala\u00f1a.<\/p>\n<h3>BOSen une garrantzitsuak<\/h3>\n<p>\u201cCuartitoko\u201d kideen laguntzarekin, Armand Marsick-ek, 1921ean sortu berria zen Bizkaiko Musika Kontserbatorioko (gazte talde emankor eta bizi horrek sustatuta baita ere) lehen zuzendariak, 1922an Bilbon beharrezkoa eta egonkorra zen orkestra sinfonikoa sortu zuen. BOS sortu aurretik, Bilbon ohiko moduan kontzertuak antolatzen zituen erakunde publiko bakarra Bilboko Musika Banda zen, 1895ean fundatu zutena.<\/p>\n<\/div>\n<\/div>\n<div class=\"row\">\n<div class=\"col-md-3 inner-top-xs\">\n<div class=\"icon-overlay icn-link\"><a href=\"#vinilo02\" data-toggle=\"modal\"><img decoding=\"async\" class=\"aligncenter size-large wp-image-26595\" src=\"https:\/\/bilbaorkestra.eus\/wp-content\/uploads\/2023\/01\/VINILO_EUSK-02-461x1024.jpg\" alt=\"BOS\" \/><\/a><\/div>\n<\/div>\n<div class=\"col-md-9 inner-top-xs\">\n<h2>1922-1927. HASIERA<\/h2>\n<p>Armand Marsickek, Bizkaiko Musika Kontserbatorioko lehen zuzendari berriak, Bilbon sakabanatuta zeuden musikariak bildu zituen hiribilduko lehen orkestra egonkorra sortzeko. Obra garrantzitsuak aukeratu zituen eta kontzertuak egonkortzeko borrokatu zen. Erronka handia izan zen, bereziki ekonomikoa, baina, erakundea arrakastatsua izan zen mezenasen, dirulaguntzen eta Elkarte Filarmonikoarekin babesarekin.<\/p>\n<h3>Testuinguru historikoa<\/h3>\n<p>1923an Miguel Primo de Riverak Estatu Kolpea eman zuen, gaztelania ez beste hizkuntza guztiak debekatu zituzten eta prentsa zentsuratu zuten. Hamarkada bukaeran krisi ekonomiko berri bat hasi zen.<\/p>\n<h3>BOS etapa horretan<\/h3>\n<p>Albia Coliseoan 1923ko azaroaren 10ean antolatutako kontzertuan eserleku garestienek 67 pezeta balio zuten eta merkeenek 1,50 pezeta.<\/p>\n<p>Orkestrak arazo ekonomiko larriak izan zituen. Bazkideen hileko kuota 2 pezetakoa zen eta urtea bukatzean 239 bazkide zeuden. Prezio horiek ez zituzten ikusleak erakartzen eta musikariek hainbat enplegutan lan egin behar izaten zuten.<\/p>\n<p>1925ean kualifikatutako tarteko langile batek astean 65 pezetako batez besteko ordainsaria jasotzen zuen. 1926an orkestrako bazkideen kuota hileko 3,50 pezetakoa zen eta ekitaldietara dohain sartzeko eskubidea zuten.<\/p>\n<h3>BOSen une garrantzitsuak<\/h3>\n<p>Bilboko Orkestra Sinfonikoaren lehen kontzertua 1922ko martxoaren 8an, asteazkena, izan zen arratsaldeko zazpietan Arriaga Antzokian eta 65 musikari inguruk jo zuten. Kontzertua oso arrakastatsua izan zen eta Marsicken zuzentzeko modua bereziki harrigarria izan zen, beste zuzendari batzuen ohiko soiltasunik ez baitzuen erakutsi.<\/p>\n<\/div>\n<\/div>\n<hr \/>\n<div class=\"row\">\n<div class=\"col-md-3 inner-top-xs\">\n<div class=\"icon-overlay icn-link\"><a href=\"#vinilo03\" data-toggle=\"modal\"><img decoding=\"async\" class=\"aligncenter size-large wp-image-26595\" src=\"https:\/\/bilbaorkestra.eus\/wp-content\/uploads\/2023\/01\/VINILO_EUSK-03-461x1024.jpg\" alt=\"BOS\" \/><\/a><\/div>\n<\/div>\n<div class=\"col-md-9 inner-top-xs\">\n<h2>1927-1931. IKUSLEENGANA HURBILTZEA<\/h2>\n<p>Vladimir Golschmann zuzendari erreferentea da. Orkestrara iritsi ondoren egoera hobetu zen eta 1927-1928 denboraldia arrakastatsuena izan zen kritikarientzat eta publikoarentzat, izan ere, ordura arteko partaidetza handiena lortu zuten. Golschmannek abangoardiaren alde egin zuen eta ikusleei gehiago gustatzen zitzaizkien obrak aukeratu zituen.<\/p>\n<h3>Testuinguru historikoa<\/h3>\n<p>Alde batetik, 1930-1931 urteetan herrialde osoan krisi ekonomiko eta politikoa gertatu zen eta orkestran inpaktu negatibo eta iraunkorra izan zuen horrek. Beste alde batetik, hilabete batzuk lehenago soinudun zinema eta musika aparatuak agertu ziren baita ere. Europako musikari guztien egoera prekarioa zen eta botere publikoek albo batera utzi zituztela sentitzen zuten.<\/p>\n<h3>BOS etapa horretan<\/h3>\n<p>1929-1930 denboraldian 560 bazkide inguru zeuden eta pixkanaka gutxitzen joan ziren herrialdeko krisiaren ondorioz. Hala ere, bazkideak kalitate handikoak ziren, gizarteko figura garrantzitsuak, besteak beste Bilboko Abesbatza Elkartea, Bizkaiko Musika Akademia eta Elkarte Filarmonikoa.<\/p>\n<h3>BOSen une garrantzituak<\/h3>\n<p>Vladimir Golschmannek sinfonikako zuzendari lanetan lehen kontzertua eman zuen 1928ko urtarrilaren 21ean eta filarmonikako aretoa artez bete zuen. Oso arrakastatsua izan zen, izan ere, apirilaren 24an kontzertua bukatzean ikusleak kalean zain zituen, hiribilduan ordura arte gertatu ez bezala zoriondu nahi zutelako.<\/p>\n<p>1928ko azaroaren 10ean Elkarte Filarmonikoan BOSen historiaren une garrantzitsuetako bat gertatu zen: Maurice Ravelek orkestra zuzendu zuen 90. kontzertuan.<\/p>\n<\/div>\n<\/div>\n<hr \/>\n<div class=\"row\">\n<div class=\"col-md-3 inner-top-xs\">\n<div class=\"icon-overlay icn-link\"><a href=\"#vinilo04\" data-toggle=\"modal\"><img decoding=\"async\" class=\"aligncenter size-large wp-image-26595\" src=\"https:\/\/bilbaorkestra.eus\/wp-content\/uploads\/2023\/01\/VINILO_EUSK-04-461x1024.jpg\" alt=\"BOS\" \/><\/a><\/div>\n<\/div>\n<div class=\"col-md-9 inner-top-xs\">\n<h2>1932-1937. KRISITIK GERRARA<\/h2>\n<p>Garai horretan diru-bilketak benetan urriak ziren eta zuzendariak etengabe aldatzen ziren. Horrek guztiak erakundeari malgutasuna kentzen zion eta errepertorioa kaltetzen zuen. Orkestraren zuzendaritza zuzendari titular bati esleitu behar zitzaion, eta postu hori eskuratu zuen Jes\u00fas Ar\u00e1mbarri musikari polifazetikoak 1932an. Marsick eta bera izan ziren Orkestra Sinfonikoarentzako obrak konposatzen zituzten zuzendari bakarrak eta Orkestra Sinfonikoaren eta Elkarte Filarmonikoaren arteko lotune garrantzitsua izan zen gainera.<\/p>\n<h3>Testuinguru historikoa<\/h3>\n<p>1933-1934 urteetan 368 bazkide zeuden. Herrialdeko egoera politiko eta ekonomikoa larria zen eta garai horretan kontzertu bakoitzean 500 pezeta inguru galtzen zituzten, baina, horrek ez zuen Ar\u00e1mbarri gelditu. Gerra Zibilak aurrera egin ahala, 1936-1937 urteetan kontzertu gehienak lankidetzan edo Gizarte Laguntzaren aldeko ongintzazko kontzertu gisa ematen ziren. Etapa horretako azken kontzertua 1937ko apirilaren 4an egin zuten.<\/p>\n<h3>BOS etapa horretan<\/h3>\n<p>Orkestrako kideak, adin militarra zuten gainerako bilbotarrak bezala, gatazkan parte hartzera behartu zituzten. Hala ere, Bilboko Sinfonikoaren jarduera ez zen gelditu hiria matxinatuen esku geratu zenera arte.<\/p>\n<p>Orkestrak frankisten garaipenaren ondorioak jasan zituen baita ere. Frankistek erakunde guztietan eta gizarte osoan garaipen militarraren ondoren ezarri zen erregimen berriaren aurka zeuden guztiak jazarri zituzten.<\/p>\n<h3>BOSen une garrantzitsuak<\/h3>\n<p>1933 hasieran Arriaga Antzokian lehen kontzertua eman zuen Ar\u00e1mbarrik orkestraren zuzendari gisa. 1934ko apirilean oso arrakastatsua izan zen Verdiren \u2018R\u00e9quiem-en\u2019 estreinaldia. Abesbatza Elkartearekin eta Filarmonikarekin lankidetzan antolatu zuten eta Espainia osoan entzun ahal izan zen Bilboko irratiaren bitartez.<\/p>\n<\/div>\n<\/div>\n<hr \/>\n<div class=\"row\">\n<div class=\"col-md-3 inner-top-xs\">\n<div class=\"icon-overlay icn-link\"><a href=\"#vinilo05\" data-toggle=\"modal\"><img decoding=\"async\" class=\"aligncenter size-large wp-image-26595\" src=\"https:\/\/bilbaorkestra.eus\/wp-content\/uploads\/2023\/01\/VINILO_EUSK-05-461x1024.jpg\" alt=\"BOS\" \/><\/a><\/div>\n<\/div>\n<div class=\"col-md-9 inner-top-xs\">\n<h2>1939-1958. AUTARKIA GARAIA<\/h2>\n<p>Udal frankistak hala erabakita, orkestra berriz ere martxan hasi zen 1939ko otsailaren 25ean Udal Bandarekin batera, Bilboko Udal Orkestra izenarekin. Horrela egon ziren 1958ra arte, eta orduan banatu egin ziren eta orkestrak Bilboko Orkestra Sinfonikoa izena berreskuratu zuen.<\/p>\n<h3>Testuinguru historikoa<\/h3>\n<p>Erregimen frankistaren garaian agintariek argi erakutsi zuten Bigarren Gerra Mundialean borrokatzen ari ziren erregimen faxista eta naziak atsegin eta babesten zituztela. Gabezia eta isolamendu aldia izan zen.<\/p>\n<p>Bizkaiko gizartean errepresio larria bizi izan zuten eta biztanle asko galdu ziren gerraren eta erbesteratzeen ondorioz. 1939. urtean 1952ra arte iraun zuten arrazoinamendu txartelak ezarri zituzten.<\/p>\n<p>50eko hamarkadatik aurrera immigrazio handia gertatu zen biztanle asko aukera berrien bila abiatu zirelako, eta Bizkaiko biztanleria ia bikoiztu egin zen (1950ean 651.000 biztanle zeuden eta 1975ean 1,1 milioi).<\/p>\n<h3>BOS etapa horretan<\/h3>\n<p>1938ko abuztuaren 10ean Bilbo udal orkestra bat sortu zuen lehen hiribildua izan zen. Horretarako, Bilboko Orkestra Sinfonikoa eraldatu zuten. Jes\u00fas Ar\u00e1mbarri Bilboko Orkestra-Banda berriaren zuzendari gisa finkatu zen. Orkestran urte gehien igaro zituen zuzendaria izan zen: 1933tik 1953ra, gerra zibilak halabeharrez sortutako \u201cgeldialdi\u201d (1937-1939) urteak salbu.<\/p>\n<p>Etapa horretan orkestraren jarduera oso bizia eta garrantzitsua izan zen. 1943an urteko lehen bira egin zuten trenean. Ia etenik gabe 1964ra arte urtean behin horrelako bira bat egin zuten, eta batzuetan Andaluziara iritsi ziren. BOS Espainia iparraldeko orkestra erreferentea bihurtu zen. Bidaia horietan guztira 60.000 km egin zituzten.<\/p>\n<h3>BOSen une garrantzitsuak<\/h3>\n<p>1953ko abuztuaren 16an orkestrak sortu berri zen ABAOk antolatutako \u201cOperaren lehen jaialdian\u201d parte hartu zuen. Ordutik aurrera, Bilboko Orkestra Sinfonikoa denboraldi guztietan egon da.<\/p>\n<p>Ar\u00e1mbarri 1953an joan zen eta ondorengo zuzendariak Jos\u00e9 Yves Limantour eta Antoine de Bavier izan ziren.<\/p>\n<p>1958an Burgosko Rafael Fr\u00fchbeck izendatu zuten zuzendari titular. Bere zuzendaritzapean herrialdean lehen aldiz interpretatu zituzten \u2018Carmina Burana\u2019 obrak eta egungo zuzendari titularra kontzeptua ezarri zen orkestran.<\/p>\n<\/div>\n<\/div>\n<hr \/>\n<div class=\"row\">\n<div class=\"col-md-3 inner-top-xs\">\n<div class=\"icon-overlay icn-link\"><a href=\"#vinilo06\" data-toggle=\"modal\"><img decoding=\"async\" class=\"aligncenter size-large wp-image-26595\" src=\"https:\/\/bilbaorkestra.eus\/wp-content\/uploads\/2023\/01\/VINILO_EUSK-06-461x1024.jpg\" alt=\"BOS\" \/><\/a><\/div>\n<\/div>\n<div class=\"col-md-9 inner-top-xs\">\n<h2>1959-1972. NORTASUNA BERRESKURATU ZUEN<\/h2>\n<p>1959an Juan Cris\u00f3stomo de Arriaga patronatua sortu zuten orkestra kudeatzeko, eta Bilboko Orkestra Sinfonikoa izena berreskuratu zuen.<\/p>\n<p>1963tik (Fr\u00fchbeckek orkestra utzi zuen urtea) 1968ra arte Alberto Bolet izan zen zuzendari titularra.<br \/>\n1968an titular izendatu zuten Pedro Pirfano, taldea arrakastatsua izan zen garai hartan eta 1972an 50. urteurrena ospatu zuten.<\/p>\n<h3>Testuinguru historikoa<\/h3>\n<p>1959an BOSek bere izena berreskuratzeaz gain, Francok eta Eisenhowerrek elkar besarkatu zuten eta erregimen diktatorialaren isolamendua bukatu zen. Orduan, \u201cnormaltasun\u201d egoera berri bat hasi zen nazioarte mailan harreman politiko eta ekonomikoetan.<\/p>\n<p>Horren ondorioz, ekonomia nabarmenki sustatu zen eta \u201cGarapen planak\u201d martxan jarri ziren (lehenengoa 1964an).<\/p>\n<h3>BOS etapa horretan<\/h3>\n<p>1958an orkestrak bizi duen eraldaketan, orkestra profesionalizatzeko ahaleginak egin ziren. Horren ondorioz, garai gatazkatsuak bizi izan zituzten taldeko musikari guztiek barne oposizio zorrotzak gainditu behar zituztelako, ezkonduta zeuden emakumeak eta 65 urte baino gehiago zituzten gizonak orkestratik kaleratu zituzten eta zuzendari berria kontratatu zuten.<\/p>\n<p>1965ean Espainiako Irrati Telebistako Orkestra Sinfonikoa sortu zuten eta Bilboko Sinfonikoak kapitala galdu zuen, izan ere, urte horietan prestakuntza jaso zuten etorkizun handiko musikari gazteak Espainiako taldera joan ziren hobeto ordainduta zegoen lanpostu baten bila.<\/p>\n<h3>BOSen une garrantzitsuak<\/h3>\n<p>Orkestraren urteko birek 1964ra arte iraun zuten.<\/p>\n<p>1971ko otsailaren 26an, Bilboko Elkarte Filarmonikoaren 75. urteurrenean, Ar\u00e1mbarriren \u2018In memoriam\u2019 interpretatu zuten. Bakarlari gisa aritu zen erakunde biekin lotura zuen beste musikari bat, Joaqu\u00edn Ach\u00facarro pianista bilbotarra.<\/p>\n<p>1972ko martxoaren 4tik 7ra orkestraren berrogeita hamargarren urteurrena ospatu zuten hiru kontzertu berezirekin. Bi kontzertu titularrak zuzendu zituen eta bat Garc\u00eda Asensio maisuak.<\/p>\n<\/div>\n<\/div>\n<hr \/>\n<div class=\"row\">\n<div class=\"col-md-3 inner-top-xs\">\n<div class=\"icon-overlay icn-link\"><a href=\"#vinilo07\" data-toggle=\"modal\"><img decoding=\"async\" class=\"aligncenter size-large wp-image-26595\" src=\"https:\/\/bilbaorkestra.eus\/wp-content\/uploads\/2023\/01\/VINILO_EUSK-07-461x1024.jpg\" alt=\"BOS\" \/><\/a><\/div>\n<\/div>\n<div class=\"col-md-9 inner-top-xs\">\n<h2>1973-1981. KRISI GARAIA<\/h2>\n<p>Pedro P\u00edfano 1977ra arte izan zen orkestraren zuzendaria. Joan zenean, ez zuten izendatu zuzendari titular berririk. Postu hori zuzendariordeak hartu zuen, Urbano Ruiz Laordenek.<\/p>\n<h3>Testuinguru historikoa<\/h3>\n<p>\u201cPetrolioaren krisiak\u201d mundu mailako krisi ekonomikoa sortu zuen eta ekonomia kaltetzeaz gain, eragin berezia izan zuen Europako industria siderometalurgikoan eta ontzigintzan. Hau da, une horretan Bizkaiko ekonomiaren ardatz ziren horietan.<\/p>\n<p>Aldi horretan batera gertatu ziren krisi ekonomikoa eta gizarte eta politika aldaketa sakonak eta \u201cTrantsizioa\u201d izena hartu zuen. Orkestrarentzako garai zailak izan ziren, bere irudia, funtzioa eta finantzaketa aldatu ziren eta etorkizunean beharbada desegin egin beharko zutela uste zuten.<\/p>\n<h3>BOS etapa horretan<\/h3>\n<p>1978an orkestrako musikarien hilabeteko ordainsaria 12.000 pezetakoa zen (urte hartako gutxieneko soldata ofiziala 19.000 pezeta baino zerbait gehiagokoa zen).<\/p>\n<p>25 musika tresna huts zeudela, orkestrak nomina xumea ordaintzeari utzi zion 1978ko uztailean. Baina Urbano Ruiz Laorden buru zuten irakasleek ez zuten hondoratzen zihoan ontzia utzi eta entseatzen eta jotzen jarraitu zuten, eta horrela salbatu zuten ordura arteko orkestraren unerik latzena.<\/p>\n<h3>BOSen une garrantzituak<\/h3>\n<p>1975etik aurrera euskal konpositoreen programazioa handitu zen, Guridi eta Ravel besteak beste, eta mota guztietako jarduerak geroz eta gehiago atsegin zituzten ikusleen eskaria nabarmenki hazi zen.<\/p>\n<p>BOSek apirilean 1976-1977 denboraldi sinfonikoko azken kontzertua eman zuen eta 1981ko urrira arte ez zuten izen horrekin jarduera gehiagorik egin. Hala ere, orkestrak aldi horretan ehunka kontzertu egin zituen.<\/p>\n<p>Kontzertu bereziekin biziraun zuen orkestrak, ABAOren denboraldian parte hartzen zuen eta Luis Olarrak laguntza ekonomiko zuzena ematen zien musikariei. Horrez gain, Bilboko Bankuak \u201cMusikaren Garaia\u201d zikloa martxan jarri zuen. 1980an bederatzi kontzertu egin zituzten eta 1981an zortzi.<\/p>\n<p>1981ko urrian denboraldi sinfonikoa berreskuratu zuten. Ibilbide berria hasi zen.<\/p>\n<\/div>\n<\/div>\n<hr \/>\n<div class=\"row\">\n<div class=\"col-md-3 inner-top-xs\">\n<div class=\"icon-overlay icn-link\"><a href=\"#vinilo08\" data-toggle=\"modal\"><img decoding=\"async\" class=\"aligncenter size-large wp-image-26595\" src=\"https:\/\/bilbaorkestra.eus\/wp-content\/uploads\/2023\/01\/VINILO_EUSK-08-461x1024.jpg\" alt=\"BOS\" \/><\/a><\/div>\n<\/div>\n<div class=\"col-md-9 inner-top-xs\">\n<h2>1982-1998. ORKESTRA FINKATZEA<\/h2>\n<p>Bilboko Orkestra Sinfonikoa beti egon da Bizkaiko eta herrialdeko gertakari sozial, ekonomiko eta politikoei lotuta.<\/p>\n<p>EGizarte eta ekonomia krisian murgilduta eta eraldaketa politiko sakona gertatzen ari zela, orkestrak urte zailak bizi izan zituen eta arazoak gertatzeaz gain, lehen aldiz, itxaropen handiak ere sortu ziren.<\/p>\n<p>Theo Alc\u00e1ntara BOSeko zuzendari titular izendatu zuten 1993an eta urteetan zehar praktikan Urbano Ruiz Laordenek bete zuen kargua berreskuratu zen.<\/p>\n<h3>Testuinguru historikoa<\/h3>\n<p>1980an lehen Eusko Jaurlaritza sortu zuten eta 1937tik erbestean zegoena ordezkatu zuen. Batzar Nagusiak berreskuratu ziren, 1979an Bizkaiko Aldundia foru aldundia bihurtu zen berriz ere eta 1981ean Itun Ekonomikoa berreskuratu zuten.<\/p>\n<h3>BOS etapa horretan<\/h3>\n<p>Orkestran iraganeko arazo batzuk zeuden oraindik ere, adibidez, egoitza egonkor bat ez egotea eta egoera ekonomikoa estua izatea. Hala ere, Urbano Ruiz Laordenek, zuzendari titular gisa eta Enrique Garcia Asensiok zuzendari gonbidatu gisa (1985-1991) egindako lanari esker, 80ko hamarkadan Bilboko Orkestra Sinfonikoa berritu zen eta jarraikortasuna lortu zuen.<\/p>\n<p>BOSen patronatuak berrikuntza hori gidatu zuen eta erabakigarria izan zen orkestrara irakasle berriak iritsi izana. Hari atriletan bereziki Errumaniako, Poloniako, Bretainia Handiko eta Hego Amerikako hainbat musikari egon ziren. Perkusio eta haize instrumentuak jotzen zituzten Valentziako edo Bilboko musikariek. Guztien artean orkestraren kalitatea hobetu zuten eta Bilboko Kontserbatorioan prestakuntza lan handia egin zuten.<\/p>\n<h3>BOSen une garrantzitsuak<\/h3>\n<p>1983ko urtarrilaren 6an orkestra Madrilera joan zen RTVEren abesbatzarekin batera Mozarten \u2018Koroatzearen Meza\u2019 interpretatzera.<\/p>\n<p>1983an ikusle gehien erakarri zituen kontzertu berezia ekainaren 13koa izan zen, Bilboko Elkarte Filarmonikoarekin batera antolatu zutena: Hugh Wolff zuzendari amerikarra podiumean egon zen eta Mstislav Rostropovich izan zen Dvorak-en op.104 kontzertuko solista.<\/p>\n<p>1986ko abenduaren 5ean BOSek Arriaga Antzokiaren berrinaugurazioan parte hartu zuen (1983ko uholdeetan kaltetu zelako) eta Arriagaren, Escuderoren eta Guridiren musika jo zuten Abesbatza Elkartearekin, Joaqu\u00edn Ach\u00facarrorekin eta F\u00e9lix Ayorekin batera eta zuzendaria Ruiz Laorden izan zen.<\/p>\n<p>BOS berriz ere Bilboko kulturan parte hartzen hasi zen denboraldi sinfonikoarekin, eta 1984-1985 denboraldian gaur egunera arte iraun duten kontzertu didaktikoak ofizial sortu zituzten.<\/p>\n<p>1992an Sevillako Erakusketa Unibertsaleko Euskadiko pabilioian parte hartu zuen eta 1998an Lisboako Erakusketa Unibertsalean eta Athleticen ehun urteak ospatzeko kontzertuan baita ere.<\/p>\n<\/div>\n<\/div>\n<hr \/>\n<div class=\"row\">\n<div class=\"col-md-3 inner-top-xs\">\n<div class=\"icon-overlay icn-link\"><a href=\"#vinilo09\" data-toggle=\"modal\"><img decoding=\"async\" class=\"aligncenter size-large wp-image-26595\" src=\"https:\/\/bilbaorkestra.eus\/wp-content\/uploads\/2023\/01\/VINILO_EUSK-09-461x1024.jpg\" alt=\"BOS\" \/><\/a><\/div>\n<\/div>\n<div class=\"col-md-9 inner-top-xs\">\n<h2>1999-GAUR EGUN. GARAI BERRIAK EGOITZA BERRIA<\/h2>\n<p>1999an etapa berria hasi zuen BOSek eta Euskalduna Jauregian egoitza inauguratuta bere lana egiteko instalazio egokiak lortu zituen.<\/p>\n<p>Urte horretan bertan Theo Alcantarak zuzendari titular kargua utzi eta Juanjo Mena izendatu zuten kargu horretarako. Berak zuzendu zuen Euskaldunako inaugurazio kontzertua eta Arriagaren, Guridiren, Usandizagaren, Ravelen, Wagnerren eta Beethovenen obrak interpretatu zituzten.<\/p>\n<p>Juanjo Mena BOSeko zuzendari titularra izan zen 2008ra arte eta urte horretan kargu hori hartu zuen G\u00fcnter Neuhold zuzendari austriarrak. 2015etik aurrera Erik Nielsen maisu iparramerikarra da zuzendari titularra.<\/p>\n<h3>Testuinguru historikoa<\/h3>\n<p>Azken hamarkadak bereziki emankorrak izan dira Bilboko eta Bizkaiko gizartearentzat, nahiz eta arazo eta krisi asko egon. Ekonomia eta gizarte eraldaketa handiko urteak izan dira. Garai ezin hobea.<\/p>\n<h3>BOS etapa horretan<\/h3>\n<p>Aldaketa horiek orkestraren bizitzan eragin dute baita ere. Lehendabizi, soldata erakargarriak eskaintzeko aukera dago BOSen lan egin nahi duten kalitate handiko profesionalentzat.<\/p>\n<p>Ikasleek gure kontserbatorio eta musika eskoletan eskuratzen duten prestakuntzarekin, kulturalki aberasteaz gain, musikan modu profesionalean aritzeko aukera izaten dute.<\/p>\n<h3>BOSen une garrantzitsuak<\/h3>\n<p>1999ko maiatzean BOSek denboraldiko lehen kontzertua eskaini zuen egoitza berrian. Itxiera kontzertuan Mahlerren 8. sinfonia interpretatu zuen. Beste modu batera esanda \u00abMilakoen Sinfonia\u00bb, izan ere, mila pertsona behar dira interpretatzeko.<\/p>\n<p>2012an orkestraren 90. urteurrena ospatu genuen hainbat ekitaldirekin. Adibidez, orduan zuzendari titularra zen G\u00fcnter Neuholdekin Arnold Sch\u00f6nberg-en GurreLieder obrak grabatu genituen zuzenean eta Bilboko Abesbatza Elkartearekin batera orkestrak San Mamesen jardun zuen 40.000 ikusle baino gehiagoren aurrean Athletic Clubeko partida baten atsedenaldian.<\/p>\n<p>Aurreko mendeko 20ko hamarkadan orkestrak 300 bazkide baino zertxobait gehiago zituen eta 2020an, pandemiaren aurretik, 2.900 inguru genituen denboraldi sinfonikoa eta ganbera denboraldia batuta.<\/p>\n<p>Denboraldi sinfonikoa eta ganberakoa eskaintzen jarraitzen dugu, lurraldean hainbat ekintza egiten ditugu, ABAOrekin, Arriaga Antzokiarekin, Guggenheim eta Arte Ederren museoekin eta Bilboko Abesbatzarekin lankidetzan jarraitzen dugu, kontzertu didaktiko tradizionalak eta familiakoak antolatzen ditugu eta erreferentzia eta etengabeko eskari bihurtu diren esperientzia berriak sortzen ditugu, besteak beste \u201chaurtxoentzako kontzertuak\u201d. Gainera, geroz eta gizarte lan handiagoa egiten dugu<\/p>\n<p>Nazioartean ere lan interesgarria egiten dugu. Hainbat alditan Frantziako jaialdietan parte hartu dugu, besteak beste Nantesko La Folle Journ\u00e9-n, Proventzako Roque D\u2019Anth\u00e9ron-en, San Petersburgon egon ginen Mariinsky Antzokian, bi aldiz egon gara Japonian (behin Tokioko La Folle Journ\u00e9n parte hartu genuen eta beste behin bira bat egin genuen) eta Omango operara joan ginen \u00abMadama Butterfly-ren\u00bb interpretazioetan parte hartzera.<\/p>\n<\/div>\n<\/div>\n<hr \/>\n<div class=\"row\">\n<div class=\"col-md-3 inner-top-xs\">\n<div class=\"icon-overlay icn-link\"><a href=\"#vinilo10\" data-toggle=\"modal\"><img decoding=\"async\" class=\"aligncenter size-large wp-image-26595\" src=\"https:\/\/bilbaorkestra.eus\/wp-content\/uploads\/2023\/01\/VINILO_EUSK-10-461x1024.jpg\" alt=\"BOS\" \/><\/a><\/div>\n<\/div>\n<div class=\"col-md-9 inner-top-xs\">\n<h2>ETORKIZUNA<\/h2>\n<p>Orkestrak ehun urte bete ditu eta beste ehun beteko ditu. Horixe da erakunde gisa dugun helburua eta konpromisoa. Jasotako oinordekotza hazteko eta garatzeko beharrezkoa dena egingo dugu.<\/p>\n<p>Atzera begira ikusten dugu nahiz eta zailtasun eta arazo asko izan, Bilboko eta Bizkaiko gizarteak orkestraren alde egin duela beti. Beti egon da jarraikortasuna bermatzeko beharrezko bultzada.<\/p>\n<p>Orkestra bitarteko bat da, ez helburu bat. Orkestra bat ez da existitzen existitu behar delako. Politika kulturaleko tresna da eta zerbitzu komun baten mesedetan lan egiten du.<\/p>\n<p>Artistikoki orkestra bikaina izan nahi dugu, erreferentea antolamenduari dagokionez, izan ere, gauzak ondo egin nahi ditugu, eta giza hazkunderako eta gure gizartearen kulturarako motorra izan nahi dugu.<\/p>\n<p>Gure xedea musika klasikoko orkestra modernoa izatea eta askotariko publikoetara iristea da. Izan ere, orkestra batek okupatzen duen espazioa ez du zehazten bakarrik kontzertuetara joaten diren ikusleen kopuruak. Orkestra irekia eta hurbilekoa izateak ere baldintzatzen du, beste kultura eta gizarte jardueretan sartzeak, bestelako eragileekin parte hartzeak, beste musika batzuk interpretatzeak, eta azken finean, orkestraren jardueran kulturaren alderdi gehiago integratzeak.<\/p>\n<p>Orkestrak okupatzen duen espazioa handiagoa egitean datza, \u00aborban handiagoa\u00bb izatean. Erosotasunean ez gelditzea, ez ixtea eta egin genuenari bakarrik ez erreparatzea , ese es un mal camino que no conduce a ning\u00fan sitio. Hori guztia gure DNA, gure historia, albo batera utzi gabe eta etorkizuna eraikitzeko tresna bat izanik.<\/p>\n<p>BOS hurbileko zerbait izan behar da, bizkaitarrak beren orkestrarekin identifikatuta sentitu behar dira, ez dute ikusi behar gutxi batzuen ondare gisa, baizik eta beraien bizitzaren eta gizartearen aberastasunaren parte bezala. Ez dugu nahi inork esatea orkestra ez dela beretzat ulertzen ez duelako. Ez da ulertu behar, sentitu egin behar da.<\/p>\n<p>Musika estilo asko daude eta bata ez da bestea baino hobea. Guztiek sentimenduak sorrarazten dizkigute. Baliteke rocka, popa, jazza edo musika klasikoa gustatzea. Azkenean, bizitzan gauza asko atsegin ditugu eta oso ezberdinak dira, eta bizitza horren parte izan nahi dugu, errealitate poliedriko horren zati bat. Horixe da jarraitu beharreko bidea.<\/p>\n<\/div>\n<\/div>\n<hr \/>\n<div class=\"row\">\n<div class=\"col-md-12 inner-top-xs\">\n<h2 class=\"text-center\">BOS BILBON<\/h2>\n<\/div>\n<div class=\"col-md-3 inner-top-xs\">\n<div class=\"icon-overlay icn-link\"><a href=\"#expo04\" data-toggle=\"modal\"><img decoding=\"async\" class=\"alignnone size-large wp-image-25830\" src=\"https:\/\/bilbaorkestra.eus\/wp-content\/uploads\/2023\/01\/BILBAO-EUSK.jpg\" alt=\"BOS\" \/><\/a><\/div>\n<\/div>\n<div class=\"col-md-9 inner-top-xs\">\n<p>Bilbao Orkestra Sinfonikoa hiribilduan errotuenen dauden eta sozialki aktiboenak diren erakundeetako bat da. 1922an sortu zutenetik Bilboko eta Bizkaiko kulturan oinarrizko zutabea izan da, eta lurraldea ordezkatu du nazio mailako eta nazioarteko agertokietan.<\/p>\n<p>Bere programazioan 1.400 obra baino gehiago interpretatu ditu eta euskal konpositoreei arreta berezia eskaintzen die, besteak beste Ravel, Guridi, Arriaga, Usandizaga eta Ar\u00e1mbarri. Orkestraren historian zehar musikari bilbotar eta euskaldun askok parte hartu dute eta mundu osoko irakasleek hiribilduko bizitza kulturala aberastu dute.<\/p>\n<p>Ezinbesteko kolaboratzailea izan da baita ere hainbat musikari eta zuzendari bilbotarrentzat, besteak beste Joaqu\u00edn Ach\u00facarro pianista handia, Asier Polo biolontxelista eta Andr\u00e9s Isasi, Luis de Pablo edo Gabriel Erkoreka konpositoreak.<\/p>\n<p>Orkestrak publikoarekiko, gizartearekiko eta lurralde historikoko erakundeekiko konexioa sustatzen du. Hainbat eta hainbat lan egin ditu ABAO, Bilboko Koral Elkartearekin, Arriaga Antzokiarekin eta Elkarte Filarmonikoarekin; erakunde horiekin batera lan egiten du ia-ia sortu zenetik. Musikaren arlotik kanpo dauden erakundeekin ere lankidetzan aritzen da. Horren adibide dira Deustuko Unibertsitatea, Arte Ederretako Museoa, Guggenheim Museoa, C\u00e1ritas, eta Bilboko Athletic Kluba, besteak beste.<\/p>\n<p>Orkestra Bizkaiko gizarteko elementu bizia da eta garaietara eta gizarteko eskarietara egokitzen joan da. Gaur egunera arte isilaraziak izan ziren emakumeen ahotsak berreskuratzeko eta hiriari mota guztietako elkartasun eta gizarte proiektuak finantzatzen laguntzeko borrokatu da.<\/p>\n<p>Horixe da hain zuzen ere Orkestraren ezaugarri berezietako bat, lankidetzarako izaera, kide izatearen sentimendua eta partaidetzakoa, eta horiek dira orkestraren urte guzti hauetako mugimenduen oinarriak. Theo Alc\u00e1ntara zuzendari titularrak 1993ko abuztuaren 8ko elkarrizketa batean azaldu zuen moduan, Bilbao Orkestra Sinfonikoa \u201cherriarena da\u201d. BOS zer den hitz gutxitan esateko modu ezin hobea da.<\/p>\n<div id='gallery-1' class='gallery galleryid-26640 gallery-columns-4 gallery-size-medium'><figure class='gallery-item'>\n\t\t\t<div class='gallery-icon landscape'>\n\t\t\t\t<a href='https:\/\/www.bilbaorkestra.eus\/wp-content\/uploads\/2023\/01\/bilbao06.jpg'><img loading=\"lazy\" decoding=\"async\" width=\"300\" height=\"200\" src=\"https:\/\/www.bilbaorkestra.eus\/wp-content\/uploads\/2023\/01\/bilbao06-300x200.jpg\" class=\"attachment-medium size-medium\" alt=\"\" srcset=\"https:\/\/www.bilbaorkestra.eus\/wp-content\/uploads\/2023\/01\/bilbao06-300x200.jpg 300w, https:\/\/www.bilbaorkestra.eus\/wp-content\/uploads\/2023\/01\/bilbao06-768x512.jpg 768w, https:\/\/www.bilbaorkestra.eus\/wp-content\/uploads\/2023\/01\/bilbao06.jpg 900w\" sizes=\"auto, (max-width: 300px) 85vw, 300px\" \/><\/a>\n\t\t\t<\/div><\/figure><figure class='gallery-item'>\n\t\t\t<div class='gallery-icon landscape'>\n\t\t\t\t<a href='https:\/\/www.bilbaorkestra.eus\/wp-content\/uploads\/2023\/01\/bilbao07.jpg'><img loading=\"lazy\" decoding=\"async\" width=\"300\" height=\"200\" src=\"https:\/\/www.bilbaorkestra.eus\/wp-content\/uploads\/2023\/01\/bilbao07-300x200.jpg\" class=\"attachment-medium size-medium\" alt=\"\" srcset=\"https:\/\/www.bilbaorkestra.eus\/wp-content\/uploads\/2023\/01\/bilbao07-300x200.jpg 300w, https:\/\/www.bilbaorkestra.eus\/wp-content\/uploads\/2023\/01\/bilbao07-768x512.jpg 768w, https:\/\/www.bilbaorkestra.eus\/wp-content\/uploads\/2023\/01\/bilbao07.jpg 900w\" sizes=\"auto, (max-width: 300px) 85vw, 300px\" \/><\/a>\n\t\t\t<\/div><\/figure><figure class='gallery-item'>\n\t\t\t<div class='gallery-icon landscape'>\n\t\t\t\t<a href='https:\/\/www.bilbaorkestra.eus\/wp-content\/uploads\/2023\/01\/bilbao08.jpg'><img loading=\"lazy\" decoding=\"async\" width=\"300\" height=\"200\" src=\"https:\/\/www.bilbaorkestra.eus\/wp-content\/uploads\/2023\/01\/bilbao08-300x200.jpg\" class=\"attachment-medium size-medium\" alt=\"\" srcset=\"https:\/\/www.bilbaorkestra.eus\/wp-content\/uploads\/2023\/01\/bilbao08-300x200.jpg 300w, https:\/\/www.bilbaorkestra.eus\/wp-content\/uploads\/2023\/01\/bilbao08-768x512.jpg 768w, https:\/\/www.bilbaorkestra.eus\/wp-content\/uploads\/2023\/01\/bilbao08.jpg 900w\" sizes=\"auto, (max-width: 300px) 85vw, 300px\" \/><\/a>\n\t\t\t<\/div><\/figure><figure class='gallery-item'>\n\t\t\t<div class='gallery-icon landscape'>\n\t\t\t\t<a href='https:\/\/www.bilbaorkestra.eus\/wp-content\/uploads\/2023\/01\/bilbao02.jpg'><img loading=\"lazy\" decoding=\"async\" width=\"300\" height=\"200\" src=\"https:\/\/www.bilbaorkestra.eus\/wp-content\/uploads\/2023\/01\/bilbao02-300x200.jpg\" class=\"attachment-medium size-medium\" alt=\"\" srcset=\"https:\/\/www.bilbaorkestra.eus\/wp-content\/uploads\/2023\/01\/bilbao02-300x200.jpg 300w, https:\/\/www.bilbaorkestra.eus\/wp-content\/uploads\/2023\/01\/bilbao02-768x512.jpg 768w, https:\/\/www.bilbaorkestra.eus\/wp-content\/uploads\/2023\/01\/bilbao02.jpg 900w\" sizes=\"auto, (max-width: 300px) 85vw, 300px\" \/><\/a>\n\t\t\t<\/div><\/figure><figure class='gallery-item'>\n\t\t\t<div class='gallery-icon landscape'>\n\t\t\t\t<a href='https:\/\/www.bilbaorkestra.eus\/wp-content\/uploads\/2023\/01\/bilbao04.jpg'><img loading=\"lazy\" decoding=\"async\" width=\"300\" height=\"200\" src=\"https:\/\/www.bilbaorkestra.eus\/wp-content\/uploads\/2023\/01\/bilbao04-300x200.jpg\" class=\"attachment-medium size-medium\" alt=\"\" srcset=\"https:\/\/www.bilbaorkestra.eus\/wp-content\/uploads\/2023\/01\/bilbao04-300x200.jpg 300w, https:\/\/www.bilbaorkestra.eus\/wp-content\/uploads\/2023\/01\/bilbao04-768x512.jpg 768w, https:\/\/www.bilbaorkestra.eus\/wp-content\/uploads\/2023\/01\/bilbao04.jpg 900w\" sizes=\"auto, (max-width: 300px) 85vw, 300px\" \/><\/a>\n\t\t\t<\/div><\/figure><figure class='gallery-item'>\n\t\t\t<div class='gallery-icon landscape'>\n\t\t\t\t<a href='https:\/\/www.bilbaorkestra.eus\/wp-content\/uploads\/2023\/01\/bilbao05.jpg'><img loading=\"lazy\" decoding=\"async\" width=\"300\" height=\"200\" src=\"https:\/\/www.bilbaorkestra.eus\/wp-content\/uploads\/2023\/01\/bilbao05-300x200.jpg\" class=\"attachment-medium size-medium\" alt=\"\" srcset=\"https:\/\/www.bilbaorkestra.eus\/wp-content\/uploads\/2023\/01\/bilbao05-300x200.jpg 300w, https:\/\/www.bilbaorkestra.eus\/wp-content\/uploads\/2023\/01\/bilbao05-768x512.jpg 768w, https:\/\/www.bilbaorkestra.eus\/wp-content\/uploads\/2023\/01\/bilbao05.jpg 900w\" sizes=\"auto, (max-width: 300px) 85vw, 300px\" \/><\/a>\n\t\t\t<\/div><\/figure><figure class='gallery-item'>\n\t\t\t<div class='gallery-icon landscape'>\n\t\t\t\t<a href='https:\/\/www.bilbaorkestra.eus\/wp-content\/uploads\/2023\/01\/bilbao03.jpg'><img loading=\"lazy\" decoding=\"async\" width=\"300\" height=\"200\" src=\"https:\/\/www.bilbaorkestra.eus\/wp-content\/uploads\/2023\/01\/bilbao03-300x200.jpg\" class=\"attachment-medium size-medium\" alt=\"\" srcset=\"https:\/\/www.bilbaorkestra.eus\/wp-content\/uploads\/2023\/01\/bilbao03-300x200.jpg 300w, https:\/\/www.bilbaorkestra.eus\/wp-content\/uploads\/2023\/01\/bilbao03-768x512.jpg 768w, https:\/\/www.bilbaorkestra.eus\/wp-content\/uploads\/2023\/01\/bilbao03.jpg 900w\" sizes=\"auto, (max-width: 300px) 85vw, 300px\" \/><\/a>\n\t\t\t<\/div><\/figure><figure class='gallery-item'>\n\t\t\t<div class='gallery-icon landscape'>\n\t\t\t\t<a href='https:\/\/www.bilbaorkestra.eus\/wp-content\/uploads\/2023\/01\/bilbao01.jpg'><img loading=\"lazy\" decoding=\"async\" width=\"300\" height=\"200\" src=\"https:\/\/www.bilbaorkestra.eus\/wp-content\/uploads\/2023\/01\/bilbao01-300x200.jpg\" class=\"attachment-medium size-medium\" alt=\"\" srcset=\"https:\/\/www.bilbaorkestra.eus\/wp-content\/uploads\/2023\/01\/bilbao01-300x200.jpg 300w, https:\/\/www.bilbaorkestra.eus\/wp-content\/uploads\/2023\/01\/bilbao01-768x512.jpg 768w, https:\/\/www.bilbaorkestra.eus\/wp-content\/uploads\/2023\/01\/bilbao01.jpg 900w\" sizes=\"auto, (max-width: 300px) 85vw, 300px\" \/><\/a>\n\t\t\t<\/div><\/figure>\n\t\t<\/div>\n\n<\/div>\n<\/div>\n<div class=\"row\">\n<div class=\"col-md-12 inner-top-xs\">\n<h2 class=\"text-center\">BOS GETXON<\/h2>\n<\/div>\n<div class=\"col-md-3 inner-top-xs\">\n<div class=\"icon-overlay icn-link\"><a href=\"#expo06\" data-toggle=\"modal\"><img decoding=\"async\" class=\"alignnone size-large wp-image-25830\" src=\"https:\/\/bilbaorkestra.eus\/wp-content\/uploads\/2023\/01\/GETXO-EUSK.jpg\" alt=\"BOS\" \/><\/a><\/div>\n<\/div>\n<div class=\"col-md-9 inner-top-xs\">\n<p>Azken ehun urteotan, Orkestrak sarritan bisitatu ditu Getxo eta Uribe Kosta. Lehenengo aldiz 1941ean izan zen bertan: \u201cBake Eder\u201d lorategian aritu zen, Areetan, Jes\u00fas Ar\u00e1mbarriren batutapean.<\/p>\n<p>Orduz geroztik, askotan izan gara hemen, adibidez, 1986ko martxoaren 26an, Guridiren jaiotzaren mendeurrenean, Urbano Ruiz Laorden zuzendari zela, edo 1997ko abuztuaren 6an, Areetan, Alcantararen gidaritzapean.<\/p>\n<p>Azken urteotan, Getxo eta Uribe Kosta ezinbesteko geralekuak izan dira gure \u201cBizkaiko Kontzertuen\u201d biran. Udaro, BOS gure Lurralde Historiko osora hurbildu nahi izaten da kontzertu horien bidez.<\/p>\n<p>Getxo eta BOS lotzen dituzten bi lotura oso garrantzitsu daude: alde batetik, Getxon eta Bizkaiko eremu honetan (Plentzian, Gorlizen) eskaini ditugun emanaldi ugariak eta, bestetik, gure denboraldira Getxotik etortzen den bazkide kopuru handia.<\/p>\n<p>Hala ere, badaude guretzako oso garrantzitsuak diren beste lotura batzuk.<\/p>\n<p>Horietako bat da Humberto Cirarda. 2006an zendu zena eta bi legegintzalditan Getxoko alkate izandakoa. 2000. urteko martxoan erretiroa hartu zuen arte, BOSen zuzendari nagusi oso maitatua izan zen.<\/p>\n<p>Beste lotura horietako bat dugu Fernando Vel\u00e1zquez konpositore eta zuzendaria. Getxon jaio zen 1976an, eta Orkestrak askotan egin du lan berarekin.<\/p>\n<p>Hirugarrena Andres Isasi konpositorea da. Bilbon jaio eta Getxon hil zen, eta azken udalerri horretako Musika Eskolak haren izena darama. Orkestrak arreta oso berezia jarri dio eskolari bere mendeurrenean.<\/p>\n<p>Efemeride hau dela eta, Bizkaiko musika ondareari arreta berezia eskaintzeko asmoz, BOSek konpositore horren lau poema sinfonikoren edizio berri bat sustatu du. Angel Brizek egin du, eta Erik Nielsenek berrikusi. Horiek guztiak, mendeurrenaren urtean egingo diren bi denboraldietan joko dira: Das Orakel eta Erotische Dichtum 2021-2022 denboraldian eta Zharufa eta Die S\u00fcnde 2022-2023 denboraldian.<\/p>\n<div id='gallery-2' class='gallery galleryid-26640 gallery-columns-4 gallery-size-medium'><figure class='gallery-item'>\n\t\t\t<div class='gallery-icon landscape'>\n\t\t\t\t<a href='https:\/\/www.bilbaorkestra.eus\/wp-content\/uploads\/2023\/01\/getxo07.jpg'><img loading=\"lazy\" decoding=\"async\" width=\"300\" height=\"200\" src=\"https:\/\/www.bilbaorkestra.eus\/wp-content\/uploads\/2023\/01\/getxo07-300x200.jpg\" class=\"attachment-medium size-medium\" alt=\"\" srcset=\"https:\/\/www.bilbaorkestra.eus\/wp-content\/uploads\/2023\/01\/getxo07-300x200.jpg 300w, https:\/\/www.bilbaorkestra.eus\/wp-content\/uploads\/2023\/01\/getxo07-768x512.jpg 768w, https:\/\/www.bilbaorkestra.eus\/wp-content\/uploads\/2023\/01\/getxo07.jpg 900w\" sizes=\"auto, (max-width: 300px) 85vw, 300px\" \/><\/a>\n\t\t\t<\/div><\/figure><figure class='gallery-item'>\n\t\t\t<div class='gallery-icon landscape'>\n\t\t\t\t<a href='https:\/\/www.bilbaorkestra.eus\/wp-content\/uploads\/2023\/01\/getxo06.jpg'><img loading=\"lazy\" decoding=\"async\" width=\"300\" height=\"200\" src=\"https:\/\/www.bilbaorkestra.eus\/wp-content\/uploads\/2023\/01\/getxo06-300x200.jpg\" class=\"attachment-medium size-medium\" alt=\"\" srcset=\"https:\/\/www.bilbaorkestra.eus\/wp-content\/uploads\/2023\/01\/getxo06-300x200.jpg 300w, https:\/\/www.bilbaorkestra.eus\/wp-content\/uploads\/2023\/01\/getxo06-768x512.jpg 768w, https:\/\/www.bilbaorkestra.eus\/wp-content\/uploads\/2023\/01\/getxo06.jpg 900w\" sizes=\"auto, (max-width: 300px) 85vw, 300px\" \/><\/a>\n\t\t\t<\/div><\/figure><figure class='gallery-item'>\n\t\t\t<div class='gallery-icon landscape'>\n\t\t\t\t<a href='https:\/\/www.bilbaorkestra.eus\/wp-content\/uploads\/2023\/01\/getxo08.jpg'><img loading=\"lazy\" decoding=\"async\" width=\"300\" height=\"204\" src=\"https:\/\/www.bilbaorkestra.eus\/wp-content\/uploads\/2023\/01\/getxo08-300x204.jpg\" class=\"attachment-medium size-medium\" alt=\"\" srcset=\"https:\/\/www.bilbaorkestra.eus\/wp-content\/uploads\/2023\/01\/getxo08-300x204.jpg 300w, https:\/\/www.bilbaorkestra.eus\/wp-content\/uploads\/2023\/01\/getxo08-768x522.jpg 768w, https:\/\/www.bilbaorkestra.eus\/wp-content\/uploads\/2023\/01\/getxo08.jpg 900w\" sizes=\"auto, (max-width: 300px) 85vw, 300px\" \/><\/a>\n\t\t\t<\/div><\/figure><figure class='gallery-item'>\n\t\t\t<div class='gallery-icon landscape'>\n\t\t\t\t<a href='https:\/\/www.bilbaorkestra.eus\/wp-content\/uploads\/2023\/01\/getxo05.jpg'><img loading=\"lazy\" decoding=\"async\" width=\"300\" height=\"200\" src=\"https:\/\/www.bilbaorkestra.eus\/wp-content\/uploads\/2023\/01\/getxo05-300x200.jpg\" class=\"attachment-medium size-medium\" alt=\"\" srcset=\"https:\/\/www.bilbaorkestra.eus\/wp-content\/uploads\/2023\/01\/getxo05-300x200.jpg 300w, https:\/\/www.bilbaorkestra.eus\/wp-content\/uploads\/2023\/01\/getxo05-768x512.jpg 768w, https:\/\/www.bilbaorkestra.eus\/wp-content\/uploads\/2023\/01\/getxo05.jpg 900w\" sizes=\"auto, (max-width: 300px) 85vw, 300px\" \/><\/a>\n\t\t\t<\/div><\/figure><figure class='gallery-item'>\n\t\t\t<div class='gallery-icon landscape'>\n\t\t\t\t<a href='https:\/\/www.bilbaorkestra.eus\/wp-content\/uploads\/2023\/01\/getxo04.jpg'><img loading=\"lazy\" decoding=\"async\" width=\"300\" height=\"200\" src=\"https:\/\/www.bilbaorkestra.eus\/wp-content\/uploads\/2023\/01\/getxo04-300x200.jpg\" class=\"attachment-medium size-medium\" alt=\"\" srcset=\"https:\/\/www.bilbaorkestra.eus\/wp-content\/uploads\/2023\/01\/getxo04-300x200.jpg 300w, https:\/\/www.bilbaorkestra.eus\/wp-content\/uploads\/2023\/01\/getxo04-768x512.jpg 768w, https:\/\/www.bilbaorkestra.eus\/wp-content\/uploads\/2023\/01\/getxo04.jpg 900w\" sizes=\"auto, (max-width: 300px) 85vw, 300px\" \/><\/a>\n\t\t\t<\/div><\/figure><figure class='gallery-item'>\n\t\t\t<div class='gallery-icon landscape'>\n\t\t\t\t<a href='https:\/\/www.bilbaorkestra.eus\/wp-content\/uploads\/2023\/01\/getxo03.jpg'><img loading=\"lazy\" decoding=\"async\" width=\"300\" height=\"200\" src=\"https:\/\/www.bilbaorkestra.eus\/wp-content\/uploads\/2023\/01\/getxo03-300x200.jpg\" class=\"attachment-medium size-medium\" alt=\"\" srcset=\"https:\/\/www.bilbaorkestra.eus\/wp-content\/uploads\/2023\/01\/getxo03-300x200.jpg 300w, https:\/\/www.bilbaorkestra.eus\/wp-content\/uploads\/2023\/01\/getxo03-768x512.jpg 768w, https:\/\/www.bilbaorkestra.eus\/wp-content\/uploads\/2023\/01\/getxo03.jpg 900w\" sizes=\"auto, (max-width: 300px) 85vw, 300px\" \/><\/a>\n\t\t\t<\/div><\/figure><figure class='gallery-item'>\n\t\t\t<div class='gallery-icon landscape'>\n\t\t\t\t<a href='https:\/\/www.bilbaorkestra.eus\/wp-content\/uploads\/2023\/01\/getxo02.jpg'><img loading=\"lazy\" decoding=\"async\" width=\"300\" height=\"200\" src=\"https:\/\/www.bilbaorkestra.eus\/wp-content\/uploads\/2023\/01\/getxo02-300x200.jpg\" class=\"attachment-medium size-medium\" alt=\"\" srcset=\"https:\/\/www.bilbaorkestra.eus\/wp-content\/uploads\/2023\/01\/getxo02-300x200.jpg 300w, https:\/\/www.bilbaorkestra.eus\/wp-content\/uploads\/2023\/01\/getxo02-768x512.jpg 768w, https:\/\/www.bilbaorkestra.eus\/wp-content\/uploads\/2023\/01\/getxo02.jpg 900w\" sizes=\"auto, (max-width: 300px) 85vw, 300px\" \/><\/a>\n\t\t\t<\/div><\/figure><figure class='gallery-item'>\n\t\t\t<div class='gallery-icon landscape'>\n\t\t\t\t<a href='https:\/\/www.bilbaorkestra.eus\/wp-content\/uploads\/2023\/01\/getxo01.jpg'><img loading=\"lazy\" decoding=\"async\" width=\"300\" height=\"200\" src=\"https:\/\/www.bilbaorkestra.eus\/wp-content\/uploads\/2023\/01\/getxo01-300x200.jpg\" class=\"attachment-medium size-medium\" alt=\"\" srcset=\"https:\/\/www.bilbaorkestra.eus\/wp-content\/uploads\/2023\/01\/getxo01-300x200.jpg 300w, https:\/\/www.bilbaorkestra.eus\/wp-content\/uploads\/2023\/01\/getxo01-768x512.jpg 768w, https:\/\/www.bilbaorkestra.eus\/wp-content\/uploads\/2023\/01\/getxo01.jpg 900w\" sizes=\"auto, (max-width: 300px) 85vw, 300px\" \/><\/a>\n\t\t\t<\/div><\/figure>\n\t\t<\/div>\n\n<\/div>\n<\/div>\n<div class=\"row\">\n<div class=\"col-md-12 inner-top-xs\">\n<h2 class=\"text-center\">BOS BARAKALDON (Ezkerraldea)<\/h2>\n<\/div>\n<div class=\"col-md-3 inner-top-xs\">\n<div class=\"icon-overlay icn-link\"><a href=\"#expo02\" data-toggle=\"modal\"><img decoding=\"async\" class=\"alignnone size-large wp-image-25830\" src=\"https:\/\/bilbaorkestra.eus\/wp-content\/uploads\/2023\/01\/BARAKALDO-EUSK.jpg\" alt=\"BOS\" \/><\/a><\/div>\n<\/div>\n<div class=\"col-md-9 inner-top-xs\">\n<p>BOSek 1939ko maiatzaren 10ean jo zuen lehen aldiz Ezkerraldean, hain zuzen ere, Altos Hornos de Vizcaya Laminazio-Tailerrean. Barakaldon eskainitako lehenengo emanaldia 1940ko ekainaren 19an izan zen.<\/p>\n<p>Tokiko musikagileak eta solistak babestu eta sustatzeko tradizio luzea izan du Orkestrak; horien artean dago, besteak beste, Rodrigo Alfredo de Santiago musikagile barakaldar saritua. Ar\u00e1mbarrik bere garaian egin zuen bezala, De Santiagok ere bandako eta orkestrako zuzendari-lanak musikagintzarekin eta irakaskuntzarekin uztartu zituen.<\/p>\n<p>Tokiko beste artista horietako bat Isabel Picaza pianista dugu, zeinak hainbatetan egin baitzituen piano solista lanak BOSen kontzertuetan. Lehenengo aldia 1951ko martxoaren 11n izan zen, Buenos Aires antzokian. 1985eko abenduan jo zuen azkeneko aldiz Orkestrarekin.<\/p>\n<p>Aparteko aipamena merezi du Urbano Ruiz Laorden sestaoar zuzendari eta musikagileak BOSen izan zuen presentziak. Izan ere, funtsezkoa izan da BOSen historian.<br \/>\nF\u00e9lix Ayo biolinista ospetsuak ere, Ezkerraldeko udalerri horretan jaiotakoak, 1949ko urrian jo zuen lehen aldiz BOSekin. Une horretatik aurrera, Orkestraren ohiko solista izan zen, 2008ko otsailean BOSekin azken kontzertua eskaini zuen arte.<\/p>\n<p>BOSekin batera emanaldi ugari eskaini dituen beste pianista bat Emma Jim\u00e9nez sestaoarra dugu, 1959an BOSekin lehenengo kontzertua eman zuenetik, Orkestraren ohiko solistetako bat izan zen 1995era arte, eta Orkestraren biretan ere parte hartu zuen.<\/p>\n<p>1939. urteaz geroztik BOSek askotan jo izan du Ezkerraldean, bai zuzendari titularrekin, bai gonbidatutako zuzendariekin. Eta abonatuen zati bat Bizkaiaren alde honetatik dator.<\/p>\n<div id='gallery-3' class='gallery galleryid-26640 gallery-columns-4 gallery-size-medium'><figure class='gallery-item'>\n\t\t\t<div class='gallery-icon landscape'>\n\t\t\t\t<a href='https:\/\/www.bilbaorkestra.eus\/wp-content\/uploads\/2023\/01\/barakaldo08.jpg'><img loading=\"lazy\" decoding=\"async\" width=\"300\" height=\"200\" src=\"https:\/\/www.bilbaorkestra.eus\/wp-content\/uploads\/2023\/01\/barakaldo08-300x200.jpg\" class=\"attachment-medium size-medium\" alt=\"\" srcset=\"https:\/\/www.bilbaorkestra.eus\/wp-content\/uploads\/2023\/01\/barakaldo08-300x200.jpg 300w, https:\/\/www.bilbaorkestra.eus\/wp-content\/uploads\/2023\/01\/barakaldo08-768x512.jpg 768w, https:\/\/www.bilbaorkestra.eus\/wp-content\/uploads\/2023\/01\/barakaldo08.jpg 900w\" sizes=\"auto, (max-width: 300px) 85vw, 300px\" \/><\/a>\n\t\t\t<\/div><\/figure><figure class='gallery-item'>\n\t\t\t<div class='gallery-icon landscape'>\n\t\t\t\t<a href='https:\/\/www.bilbaorkestra.eus\/wp-content\/uploads\/2023\/01\/barakaldo07.jpg'><img loading=\"lazy\" decoding=\"async\" width=\"300\" height=\"200\" src=\"https:\/\/www.bilbaorkestra.eus\/wp-content\/uploads\/2023\/01\/barakaldo07-300x200.jpg\" class=\"attachment-medium size-medium\" alt=\"\" srcset=\"https:\/\/www.bilbaorkestra.eus\/wp-content\/uploads\/2023\/01\/barakaldo07-300x200.jpg 300w, https:\/\/www.bilbaorkestra.eus\/wp-content\/uploads\/2023\/01\/barakaldo07-768x512.jpg 768w, https:\/\/www.bilbaorkestra.eus\/wp-content\/uploads\/2023\/01\/barakaldo07.jpg 900w\" sizes=\"auto, (max-width: 300px) 85vw, 300px\" \/><\/a>\n\t\t\t<\/div><\/figure><figure class='gallery-item'>\n\t\t\t<div class='gallery-icon landscape'>\n\t\t\t\t<a href='https:\/\/www.bilbaorkestra.eus\/wp-content\/uploads\/2023\/01\/barakaldo06.jpg'><img loading=\"lazy\" decoding=\"async\" width=\"300\" height=\"200\" src=\"https:\/\/www.bilbaorkestra.eus\/wp-content\/uploads\/2023\/01\/barakaldo06-300x200.jpg\" class=\"attachment-medium size-medium\" alt=\"\" srcset=\"https:\/\/www.bilbaorkestra.eus\/wp-content\/uploads\/2023\/01\/barakaldo06-300x200.jpg 300w, https:\/\/www.bilbaorkestra.eus\/wp-content\/uploads\/2023\/01\/barakaldo06-768x512.jpg 768w, https:\/\/www.bilbaorkestra.eus\/wp-content\/uploads\/2023\/01\/barakaldo06.jpg 900w\" sizes=\"auto, (max-width: 300px) 85vw, 300px\" \/><\/a>\n\t\t\t<\/div><\/figure><figure class='gallery-item'>\n\t\t\t<div class='gallery-icon landscape'>\n\t\t\t\t<a href='https:\/\/www.bilbaorkestra.eus\/wp-content\/uploads\/2023\/01\/barakaldo05.jpg'><img loading=\"lazy\" decoding=\"async\" width=\"300\" height=\"200\" src=\"https:\/\/www.bilbaorkestra.eus\/wp-content\/uploads\/2023\/01\/barakaldo05-300x200.jpg\" class=\"attachment-medium size-medium\" alt=\"\" srcset=\"https:\/\/www.bilbaorkestra.eus\/wp-content\/uploads\/2023\/01\/barakaldo05-300x200.jpg 300w, https:\/\/www.bilbaorkestra.eus\/wp-content\/uploads\/2023\/01\/barakaldo05-768x512.jpg 768w, https:\/\/www.bilbaorkestra.eus\/wp-content\/uploads\/2023\/01\/barakaldo05.jpg 900w\" sizes=\"auto, (max-width: 300px) 85vw, 300px\" \/><\/a>\n\t\t\t<\/div><\/figure><figure class='gallery-item'>\n\t\t\t<div class='gallery-icon landscape'>\n\t\t\t\t<a href='https:\/\/www.bilbaorkestra.eus\/wp-content\/uploads\/2023\/01\/barakaldo03.jpg'><img loading=\"lazy\" decoding=\"async\" width=\"300\" height=\"200\" src=\"https:\/\/www.bilbaorkestra.eus\/wp-content\/uploads\/2023\/01\/barakaldo03-300x200.jpg\" class=\"attachment-medium size-medium\" alt=\"\" srcset=\"https:\/\/www.bilbaorkestra.eus\/wp-content\/uploads\/2023\/01\/barakaldo03-300x200.jpg 300w, https:\/\/www.bilbaorkestra.eus\/wp-content\/uploads\/2023\/01\/barakaldo03-768x513.jpg 768w, https:\/\/www.bilbaorkestra.eus\/wp-content\/uploads\/2023\/01\/barakaldo03.jpg 900w\" sizes=\"auto, (max-width: 300px) 85vw, 300px\" \/><\/a>\n\t\t\t<\/div><\/figure><figure class='gallery-item'>\n\t\t\t<div class='gallery-icon landscape'>\n\t\t\t\t<a href='https:\/\/www.bilbaorkestra.eus\/wp-content\/uploads\/2023\/01\/barakaldo04.jpg'><img loading=\"lazy\" decoding=\"async\" width=\"300\" height=\"188\" src=\"https:\/\/www.bilbaorkestra.eus\/wp-content\/uploads\/2023\/01\/barakaldo04-300x188.jpg\" class=\"attachment-medium size-medium\" alt=\"\" srcset=\"https:\/\/www.bilbaorkestra.eus\/wp-content\/uploads\/2023\/01\/barakaldo04-300x188.jpg 300w, https:\/\/www.bilbaorkestra.eus\/wp-content\/uploads\/2023\/01\/barakaldo04-768x482.jpg 768w, https:\/\/www.bilbaorkestra.eus\/wp-content\/uploads\/2023\/01\/barakaldo04-800x500.jpg 800w, https:\/\/www.bilbaorkestra.eus\/wp-content\/uploads\/2023\/01\/barakaldo04.jpg 900w\" sizes=\"auto, (max-width: 300px) 85vw, 300px\" \/><\/a>\n\t\t\t<\/div><\/figure><figure class='gallery-item'>\n\t\t\t<div class='gallery-icon landscape'>\n\t\t\t\t<a href='https:\/\/www.bilbaorkestra.eus\/wp-content\/uploads\/2023\/01\/barakaldo02.jpg'><img loading=\"lazy\" decoding=\"async\" width=\"300\" height=\"200\" src=\"https:\/\/www.bilbaorkestra.eus\/wp-content\/uploads\/2023\/01\/barakaldo02-300x200.jpg\" class=\"attachment-medium size-medium\" alt=\"\" srcset=\"https:\/\/www.bilbaorkestra.eus\/wp-content\/uploads\/2023\/01\/barakaldo02-300x200.jpg 300w, https:\/\/www.bilbaorkestra.eus\/wp-content\/uploads\/2023\/01\/barakaldo02-768x513.jpg 768w, https:\/\/www.bilbaorkestra.eus\/wp-content\/uploads\/2023\/01\/barakaldo02.jpg 900w\" sizes=\"auto, (max-width: 300px) 85vw, 300px\" \/><\/a>\n\t\t\t<\/div><\/figure><figure class='gallery-item'>\n\t\t\t<div class='gallery-icon landscape'>\n\t\t\t\t<a href='https:\/\/www.bilbaorkestra.eus\/wp-content\/uploads\/2023\/01\/barakaldo01.jpg'><img loading=\"lazy\" decoding=\"async\" width=\"300\" height=\"200\" src=\"https:\/\/www.bilbaorkestra.eus\/wp-content\/uploads\/2023\/01\/barakaldo01-300x200.jpg\" class=\"attachment-medium size-medium\" alt=\"\" srcset=\"https:\/\/www.bilbaorkestra.eus\/wp-content\/uploads\/2023\/01\/barakaldo01-300x200.jpg 300w, https:\/\/www.bilbaorkestra.eus\/wp-content\/uploads\/2023\/01\/barakaldo01-768x513.jpg 768w, https:\/\/www.bilbaorkestra.eus\/wp-content\/uploads\/2023\/01\/barakaldo01.jpg 900w\" sizes=\"auto, (max-width: 300px) 85vw, 300px\" \/><\/a>\n\t\t\t<\/div><\/figure>\n\t\t<\/div>\n\n<\/div>\n<\/div>\n<div class=\"row\">\n<div class=\"col-md-12 inner-top-xs\">\n<h2 class=\"text-center\">BOS DURANGON<\/h2>\n<\/div>\n<div class=\"col-md-3 inner-top-xs\">\n<div class=\"icon-overlay icn-link\"><a href=\"#expo05\" data-toggle=\"modal\"><img decoding=\"async\" class=\"alignnone size-large wp-image-25830\" src=\"https:\/\/bilbaorkestra.eus\/wp-content\/uploads\/2023\/01\/DURANGO-EUSK.jpg\" alt=\"BOS\" \/><\/a><\/div>\n<\/div>\n<div class=\"col-md-9 inner-top-xs\">\n<p>Bilbao Orkestra Sinfonikoak Durangorekin eta Durangaldearekin duen lotura duela 75 urte hasi zen. Bizkaiko alde honetan 1947ko urriaren 13an eman genuen lehen kontzertua Andra Mari elizpean. Une horretatik aurrera, Orkestra Bizkaiko inguru honetako ohiko bisitaria izan da, eta, horrezaz gainera, hainbat aldiz aritu izan da Durangoko Orfeoiarekin batera.<\/p>\n<p>Durango izan da BOSi harrera gehien egin dion udalerrietako bat, 30 emanaldirekin, eta udalerriak antolatutako jardueretan parte hartu izan du, hala nola Musika Hamabostaldian, edo &#8216;Bizkaitik Birak&#8217; izeneko jardunaldiek sortzen dituzten bisitaldietan.<\/p>\n<p>Ekitaldi horietan parte hartzeaz gain, ohikoa izan da Durangoko omenaldi eta ospakizun garrantzitsuetan parte hartzea.<br \/>\n\u2022 1948ko ekainean Andra mari elizan frai Juan Zumarragaren jaiotzaren IV. mendeurrenean parte hartu genuen.<br \/>\n\u2022 1968an eta 1969an, Angela Echanojaureguiren omenezko kontzertuetan izan ginen.<br \/>\n\u2022 1982ko ekainean, Durangaldeko Orfeoiaren mendeurrena ospatzeko ekitaldietan esku hartu genuen.<br \/>\n\u2022 1984an Jenaro Ibarguchi Andra Mari Elizako organo-jolearen omenezko ekitaldietan ere izan ginen.<br \/>\n\u2022 1986ko ekainean, BOSek Durangon ospatu ziren lehen euskal jaien mendeurrena ospatzeko kontzertuan parte hartu zuen. Kontzertu horretan Kantata interpretatu zen, 1885eko Durangoko Euskal Jai horietarako Valent\u00edn de Zubiaurrek idatzi zuena, Felipe Arrese Beitia poetaren letrarekin, Pedro Paulo Astarloa euskaltzale durangarrari omenaldi gisa.<\/p>\n<p>BOSek Durangaldearekin duen lotura hori ez da Durangorekin bakarrik gertatu, beste herri batzuetan ere jardun izan baitugu, Zornotzan edo Elorrion, berbarako.<\/p>\n<p>Bizkaiko inguru horretara egin dugun azken bisita 2016an izan da, gure lehen bisitan bezala, Durangoko Andra Mari elizan jardunez. Musika Hamabostaldiaren ekitaldien barruan izan zen, hogeita zazpigarren edizioan, elizako organoa jole bakarlaria izan zen kontzertu batean. Eguberrietarako egun gutxi falta zirenez, &#8220;Ator, Ator&#8221; interpretatuz itxi genuen ekitaldia, Jesus Guridiren bertsioan.<\/p>\n<div id='gallery-4' class='gallery galleryid-26640 gallery-columns-4 gallery-size-medium'><figure class='gallery-item'>\n\t\t\t<div class='gallery-icon landscape'>\n\t\t\t\t<a href='https:\/\/www.bilbaorkestra.eus\/wp-content\/uploads\/2023\/01\/durango06.jpg'><img loading=\"lazy\" decoding=\"async\" width=\"300\" height=\"200\" src=\"https:\/\/www.bilbaorkestra.eus\/wp-content\/uploads\/2023\/01\/durango06-300x200.jpg\" class=\"attachment-medium size-medium\" alt=\"\" srcset=\"https:\/\/www.bilbaorkestra.eus\/wp-content\/uploads\/2023\/01\/durango06-300x200.jpg 300w, https:\/\/www.bilbaorkestra.eus\/wp-content\/uploads\/2023\/01\/durango06-768x512.jpg 768w, https:\/\/www.bilbaorkestra.eus\/wp-content\/uploads\/2023\/01\/durango06.jpg 900w\" sizes=\"auto, (max-width: 300px) 85vw, 300px\" \/><\/a>\n\t\t\t<\/div><\/figure><figure class='gallery-item'>\n\t\t\t<div class='gallery-icon landscape'>\n\t\t\t\t<a href='https:\/\/www.bilbaorkestra.eus\/wp-content\/uploads\/2023\/01\/durango05.jpg'><img loading=\"lazy\" decoding=\"async\" width=\"300\" height=\"200\" src=\"https:\/\/www.bilbaorkestra.eus\/wp-content\/uploads\/2023\/01\/durango05-300x200.jpg\" class=\"attachment-medium size-medium\" alt=\"\" srcset=\"https:\/\/www.bilbaorkestra.eus\/wp-content\/uploads\/2023\/01\/durango05-300x200.jpg 300w, https:\/\/www.bilbaorkestra.eus\/wp-content\/uploads\/2023\/01\/durango05-768x512.jpg 768w, https:\/\/www.bilbaorkestra.eus\/wp-content\/uploads\/2023\/01\/durango05.jpg 900w\" sizes=\"auto, (max-width: 300px) 85vw, 300px\" \/><\/a>\n\t\t\t<\/div><\/figure><figure class='gallery-item'>\n\t\t\t<div class='gallery-icon landscape'>\n\t\t\t\t<a href='https:\/\/www.bilbaorkestra.eus\/wp-content\/uploads\/2023\/01\/durango07.jpg'><img loading=\"lazy\" decoding=\"async\" width=\"300\" height=\"225\" src=\"https:\/\/www.bilbaorkestra.eus\/wp-content\/uploads\/2023\/01\/durango07-300x225.jpg\" class=\"attachment-medium size-medium\" alt=\"\" srcset=\"https:\/\/www.bilbaorkestra.eus\/wp-content\/uploads\/2023\/01\/durango07-300x225.jpg 300w, https:\/\/www.bilbaorkestra.eus\/wp-content\/uploads\/2023\/01\/durango07-768x576.jpg 768w, https:\/\/www.bilbaorkestra.eus\/wp-content\/uploads\/2023\/01\/durango07.jpg 900w\" sizes=\"auto, (max-width: 300px) 85vw, 300px\" \/><\/a>\n\t\t\t<\/div><\/figure><figure class='gallery-item'>\n\t\t\t<div class='gallery-icon landscape'>\n\t\t\t\t<a href='https:\/\/www.bilbaorkestra.eus\/wp-content\/uploads\/2023\/01\/durango04.jpg'><img loading=\"lazy\" decoding=\"async\" width=\"300\" height=\"200\" src=\"https:\/\/www.bilbaorkestra.eus\/wp-content\/uploads\/2023\/01\/durango04-300x200.jpg\" class=\"attachment-medium size-medium\" alt=\"\" srcset=\"https:\/\/www.bilbaorkestra.eus\/wp-content\/uploads\/2023\/01\/durango04-300x200.jpg 300w, https:\/\/www.bilbaorkestra.eus\/wp-content\/uploads\/2023\/01\/durango04-768x512.jpg 768w, https:\/\/www.bilbaorkestra.eus\/wp-content\/uploads\/2023\/01\/durango04.jpg 900w\" sizes=\"auto, (max-width: 300px) 85vw, 300px\" \/><\/a>\n\t\t\t<\/div><\/figure><figure class='gallery-item'>\n\t\t\t<div class='gallery-icon landscape'>\n\t\t\t\t<a href='https:\/\/www.bilbaorkestra.eus\/wp-content\/uploads\/2023\/01\/durango03.jpg'><img loading=\"lazy\" decoding=\"async\" width=\"300\" height=\"200\" src=\"https:\/\/www.bilbaorkestra.eus\/wp-content\/uploads\/2023\/01\/durango03-300x200.jpg\" class=\"attachment-medium size-medium\" alt=\"\" srcset=\"https:\/\/www.bilbaorkestra.eus\/wp-content\/uploads\/2023\/01\/durango03-300x200.jpg 300w, https:\/\/www.bilbaorkestra.eus\/wp-content\/uploads\/2023\/01\/durango03-768x512.jpg 768w, https:\/\/www.bilbaorkestra.eus\/wp-content\/uploads\/2023\/01\/durango03.jpg 900w\" sizes=\"auto, (max-width: 300px) 85vw, 300px\" \/><\/a>\n\t\t\t<\/div><\/figure><figure class='gallery-item'>\n\t\t\t<div class='gallery-icon landscape'>\n\t\t\t\t<a href='https:\/\/www.bilbaorkestra.eus\/wp-content\/uploads\/2023\/01\/durango02.jpg'><img loading=\"lazy\" decoding=\"async\" width=\"300\" height=\"200\" src=\"https:\/\/www.bilbaorkestra.eus\/wp-content\/uploads\/2023\/01\/durango02-300x200.jpg\" class=\"attachment-medium size-medium\" alt=\"\" srcset=\"https:\/\/www.bilbaorkestra.eus\/wp-content\/uploads\/2023\/01\/durango02-300x200.jpg 300w, https:\/\/www.bilbaorkestra.eus\/wp-content\/uploads\/2023\/01\/durango02-768x512.jpg 768w, https:\/\/www.bilbaorkestra.eus\/wp-content\/uploads\/2023\/01\/durango02.jpg 900w\" sizes=\"auto, (max-width: 300px) 85vw, 300px\" \/><\/a>\n\t\t\t<\/div><\/figure><figure class='gallery-item'>\n\t\t\t<div class='gallery-icon landscape'>\n\t\t\t\t<a href='https:\/\/www.bilbaorkestra.eus\/wp-content\/uploads\/2023\/01\/durango01.jpg'><img loading=\"lazy\" decoding=\"async\" width=\"300\" height=\"111\" src=\"https:\/\/www.bilbaorkestra.eus\/wp-content\/uploads\/2023\/01\/durango01-300x111.jpg\" class=\"attachment-medium size-medium\" alt=\"\" srcset=\"https:\/\/www.bilbaorkestra.eus\/wp-content\/uploads\/2023\/01\/durango01-300x111.jpg 300w, https:\/\/www.bilbaorkestra.eus\/wp-content\/uploads\/2023\/01\/durango01-1024x377.jpg 1024w, https:\/\/www.bilbaorkestra.eus\/wp-content\/uploads\/2023\/01\/durango01-768x283.jpg 768w, https:\/\/www.bilbaorkestra.eus\/wp-content\/uploads\/2023\/01\/durango01-1200x442.jpg 1200w, https:\/\/www.bilbaorkestra.eus\/wp-content\/uploads\/2023\/01\/durango01.jpg 1300w\" sizes=\"auto, (max-width: 300px) 85vw, 300px\" \/><\/a>\n\t\t\t<\/div><\/figure>\n\t\t<\/div>\n\n<\/div>\n<\/div>\n<div class=\"row\">\n<div class=\"col-md-12 inner-top-xs\">\n<h2 class=\"text-center\">BOS MARKINA-XEMEIN eta Lea-Artibai eskualdean<\/h2>\n<\/div>\n<div class=\"col-md-3 inner-top-xs\">\n<div class=\"icon-overlay icn-link\"><a href=\"#expo07\" data-toggle=\"modal\"><img decoding=\"async\" class=\"alignnone size-large wp-image-25830\" src=\"https:\/\/bilbaorkestra.eus\/wp-content\/uploads\/2023\/01\/MARKINA-EUSK.jpg\" alt=\"BOS\" \/><\/a><\/div>\n<\/div>\n<div class=\"col-md-9 inner-top-xs\">\n<p>BOSek sarritan bisitatzen du Lea-Artibai. Urteetan zehar, emanaldi asko eskaini izan ditu Bizkaiko eskualde honetan, zehazki, Markina-Xemeinen, Lekeition eta Ondarroan.<br \/>\n1948an bisitatu genuen lehen aldiz gure Lurralde Historikoaren inguru hau, eta Ondarroako Alameda zinemetan jo genuen Jes\u00fas Ar\u00e1mbarrik zuzendutako batutaren pean.<\/p>\n<p>Behin bakarrik izan gara Markina-Xemeinen, baina balio bereziko emanaldia izan zen. 2018ko ekainaren 29an, Andre Mariaren Jasokundearen elizan jo genuen, Maite Aurrekoetxearen zuzendaritzapean, \u201cXemeingo Gaua\u201d-ren V. edizioan, eta agertokia partekatu genuen Xemeingo Abesbatzarekin eta Kirmen Uribe idazlearekin.<\/p>\n<p>Esan bezala, Bizkaiko orkestraren ohiko helmuga dugu Lea-Artibai. Bereziki, duela urte batzuk hasi genituen udako \u201cBizkaiko biretan\u201d aritu izan hara eskualde honetan. Abuztuan eta irailean egin ohi diren bira horien bidez, orkestrak emanaldiak eskaintzen ditu Bizkaiko hainbat tokitan.<\/p>\n<p>Horrez gain, \u201cGanbera Bizkaitik\u201d zikloaren baitan, BOSen ganbera-taldeek hainbatetan jo izan dute eskualde honetan. Programa horrek formatu txikiko kontzertuak, hurbilagoak eta intimoagoak, eskaintzen dizkie musikazaleei.<\/p>\n<p>Orkestrak konexio oso berezia du Bizkaiko eskualde honekin, ez soilik gure kontzertuak behin baino gehiagotan hartu izan dituelako, baita alderdi pertsonalagoengatik ere. Esaterako, gure orkestran kontrabaxista gisa aritutako Jos\u00e9 Garate aipa dezakegu, hain zuzen ere, \u00abFoisis Jauna\u00bb izan zena euskal rockaren talde mitiko batean: Itoiz.<\/p>\n<div id='gallery-5' class='gallery galleryid-26640 gallery-columns-4 gallery-size-medium'><figure class='gallery-item'>\n\t\t\t<div class='gallery-icon landscape'>\n\t\t\t\t<a href='https:\/\/www.bilbaorkestra.eus\/eu\/\/attachment-page\/markina08-2\/'><img loading=\"lazy\" decoding=\"async\" width=\"300\" height=\"200\" src=\"https:\/\/www.bilbaorkestra.eus\/wp-content\/uploads\/2023\/01\/Markina08-300x200.jpg\" class=\"attachment-medium size-medium\" alt=\"\" srcset=\"https:\/\/www.bilbaorkestra.eus\/wp-content\/uploads\/2023\/01\/Markina08-300x200.jpg 300w, https:\/\/www.bilbaorkestra.eus\/wp-content\/uploads\/2023\/01\/Markina08-768x512.jpg 768w, https:\/\/www.bilbaorkestra.eus\/wp-content\/uploads\/2023\/01\/Markina08.jpg 900w\" sizes=\"auto, (max-width: 300px) 85vw, 300px\" \/><\/a>\n\t\t\t<\/div><\/figure><figure class='gallery-item'>\n\t\t\t<div class='gallery-icon landscape'>\n\t\t\t\t<a href='https:\/\/www.bilbaorkestra.eus\/eu\/\/attachment-page\/markina01-2\/'><img loading=\"lazy\" decoding=\"async\" width=\"300\" height=\"200\" src=\"https:\/\/www.bilbaorkestra.eus\/wp-content\/uploads\/2023\/01\/Markina01-300x200.jpg\" class=\"attachment-medium size-medium\" alt=\"\" srcset=\"https:\/\/www.bilbaorkestra.eus\/wp-content\/uploads\/2023\/01\/Markina01-300x200.jpg 300w, https:\/\/www.bilbaorkestra.eus\/wp-content\/uploads\/2023\/01\/Markina01-768x512.jpg 768w, https:\/\/www.bilbaorkestra.eus\/wp-content\/uploads\/2023\/01\/Markina01.jpg 900w\" sizes=\"auto, (max-width: 300px) 85vw, 300px\" \/><\/a>\n\t\t\t<\/div><\/figure><figure class='gallery-item'>\n\t\t\t<div class='gallery-icon landscape'>\n\t\t\t\t<a href='https:\/\/www.bilbaorkestra.eus\/eu\/\/attachment-page\/markina07-2\/'><img loading=\"lazy\" decoding=\"async\" width=\"300\" height=\"200\" src=\"https:\/\/www.bilbaorkestra.eus\/wp-content\/uploads\/2023\/01\/Markina07-300x200.jpg\" class=\"attachment-medium size-medium\" alt=\"\" srcset=\"https:\/\/www.bilbaorkestra.eus\/wp-content\/uploads\/2023\/01\/Markina07-300x200.jpg 300w, https:\/\/www.bilbaorkestra.eus\/wp-content\/uploads\/2023\/01\/Markina07-768x512.jpg 768w, https:\/\/www.bilbaorkestra.eus\/wp-content\/uploads\/2023\/01\/Markina07.jpg 900w\" sizes=\"auto, (max-width: 300px) 85vw, 300px\" \/><\/a>\n\t\t\t<\/div><\/figure><figure class='gallery-item'>\n\t\t\t<div class='gallery-icon landscape'>\n\t\t\t\t<a href='https:\/\/www.bilbaorkestra.eus\/eu\/\/attachment-page\/markina06-2\/'><img loading=\"lazy\" decoding=\"async\" width=\"300\" height=\"200\" src=\"https:\/\/www.bilbaorkestra.eus\/wp-content\/uploads\/2023\/01\/Markina06-300x200.jpg\" class=\"attachment-medium size-medium\" alt=\"\" srcset=\"https:\/\/www.bilbaorkestra.eus\/wp-content\/uploads\/2023\/01\/Markina06-300x200.jpg 300w, https:\/\/www.bilbaorkestra.eus\/wp-content\/uploads\/2023\/01\/Markina06-768x512.jpg 768w, https:\/\/www.bilbaorkestra.eus\/wp-content\/uploads\/2023\/01\/Markina06.jpg 900w\" sizes=\"auto, (max-width: 300px) 85vw, 300px\" \/><\/a>\n\t\t\t<\/div><\/figure><figure class='gallery-item'>\n\t\t\t<div class='gallery-icon landscape'>\n\t\t\t\t<a href='https:\/\/www.bilbaorkestra.eus\/eu\/\/attachment-page\/markina05-2\/'><img loading=\"lazy\" decoding=\"async\" width=\"300\" height=\"200\" src=\"https:\/\/www.bilbaorkestra.eus\/wp-content\/uploads\/2023\/01\/Markina05-300x200.jpg\" class=\"attachment-medium size-medium\" alt=\"\" srcset=\"https:\/\/www.bilbaorkestra.eus\/wp-content\/uploads\/2023\/01\/Markina05-300x200.jpg 300w, https:\/\/www.bilbaorkestra.eus\/wp-content\/uploads\/2023\/01\/Markina05-768x512.jpg 768w, https:\/\/www.bilbaorkestra.eus\/wp-content\/uploads\/2023\/01\/Markina05.jpg 900w\" sizes=\"auto, (max-width: 300px) 85vw, 300px\" \/><\/a>\n\t\t\t<\/div><\/figure><figure class='gallery-item'>\n\t\t\t<div class='gallery-icon landscape'>\n\t\t\t\t<a href='https:\/\/www.bilbaorkestra.eus\/eu\/\/attachment-page\/markina04-2\/'><img loading=\"lazy\" decoding=\"async\" width=\"300\" height=\"200\" src=\"https:\/\/www.bilbaorkestra.eus\/wp-content\/uploads\/2023\/01\/Markina04-300x200.jpg\" class=\"attachment-medium size-medium\" alt=\"\" srcset=\"https:\/\/www.bilbaorkestra.eus\/wp-content\/uploads\/2023\/01\/Markina04-300x200.jpg 300w, https:\/\/www.bilbaorkestra.eus\/wp-content\/uploads\/2023\/01\/Markina04-768x512.jpg 768w, https:\/\/www.bilbaorkestra.eus\/wp-content\/uploads\/2023\/01\/Markina04.jpg 900w\" sizes=\"auto, (max-width: 300px) 85vw, 300px\" \/><\/a>\n\t\t\t<\/div><\/figure><figure class='gallery-item'>\n\t\t\t<div class='gallery-icon landscape'>\n\t\t\t\t<a href='https:\/\/www.bilbaorkestra.eus\/eu\/\/attachment-page\/markina03-2\/'><img loading=\"lazy\" decoding=\"async\" width=\"300\" height=\"200\" src=\"https:\/\/www.bilbaorkestra.eus\/wp-content\/uploads\/2023\/01\/Markina03-300x200.jpg\" class=\"attachment-medium size-medium\" alt=\"\" srcset=\"https:\/\/www.bilbaorkestra.eus\/wp-content\/uploads\/2023\/01\/Markina03-300x200.jpg 300w, https:\/\/www.bilbaorkestra.eus\/wp-content\/uploads\/2023\/01\/Markina03-768x512.jpg 768w, https:\/\/www.bilbaorkestra.eus\/wp-content\/uploads\/2023\/01\/Markina03.jpg 900w\" sizes=\"auto, (max-width: 300px) 85vw, 300px\" \/><\/a>\n\t\t\t<\/div><\/figure><figure class='gallery-item'>\n\t\t\t<div class='gallery-icon landscape'>\n\t\t\t\t<a href='https:\/\/www.bilbaorkestra.eus\/eu\/\/attachment-page\/markina02-2\/'><img loading=\"lazy\" decoding=\"async\" width=\"300\" height=\"200\" src=\"https:\/\/www.bilbaorkestra.eus\/wp-content\/uploads\/2023\/01\/Markina02-300x200.jpg\" class=\"attachment-medium size-medium\" alt=\"\" srcset=\"https:\/\/www.bilbaorkestra.eus\/wp-content\/uploads\/2023\/01\/Markina02-300x200.jpg 300w, https:\/\/www.bilbaorkestra.eus\/wp-content\/uploads\/2023\/01\/Markina02-768x512.jpg 768w, https:\/\/www.bilbaorkestra.eus\/wp-content\/uploads\/2023\/01\/Markina02.jpg 900w\" sizes=\"auto, (max-width: 300px) 85vw, 300px\" \/><\/a>\n\t\t\t<\/div><\/figure>\n\t\t<\/div>\n\n<\/div>\n<\/div>\n<div class=\"row\">\n<div class=\"col-md-12 inner-top-xs\">\n<h2 class=\"text-center\">BOS BERMEON eta Busturialdean<\/h2>\n<\/div>\n<div class=\"col-md-3 inner-top-xs\">\n<div class=\"icon-overlay icn-link\"><a href=\"#expo03\" data-toggle=\"modal\"><img decoding=\"async\" class=\"alignnone size-large wp-image-25830\" src=\"https:\/\/bilbaorkestra.eus\/wp-content\/uploads\/2023\/01\/BERMEO-EUSK.jpg\" alt=\"BOS\" \/><\/a><\/div>\n<\/div>\n<div class=\"col-md-9 inner-top-xs\">\n<p>BOS \u00abohiko bisitaria\u00bb da Bermeon eta Busturialdeko eskualde osoan. Orkestrak 1948ko irailaren 10ean jo zuen lehen aldiz Bermeon. Bizkaiko kostaldeko herri honetako Ercilla Antzokian eskaini zuen emanaldia, J. Ar\u00e1mbarri titularraren zuzendaritzapean.<\/p>\n<p>BOSek eskualde honetan eman zuen lehenengo kontzertua Gernikan eskaini zuen, eta Bermeoko lehenengo kontzertua bezala, irailaren 10ean izan zen, baina 1922. urtean, hau da, inaugurazio-kontzertutik hilabete batzuk geroago, eta Amayaren (Guridi) II. eta IV. ekitaldiak interpretatu zituen, Eusko Ikaskuntzaren III. Kongresuan.<br \/>\nOrkestrak askotan jo izan du kostaldeko hiribildu honetan, baita herriko bizitza kulturalaren une berezietan parte hartu ere, esaterako, Bermeoko Orfeoiaren 25. urteurrenean, 1981ean.<\/p>\n<p>Horrez gain, konexio bereziko beste une bat bizi genuen, BOSek Bermeoko XXVIII. Musikaren Astean eskainitako emanaldian. Alde Zaharra suntsitu zuen sutearen ostean eskaini genuen kontzertu hori, eta kaltetuei laguntzeko ekitaldi batean bilakatu zen, Orkestrak doan jo baitzuen.<\/p>\n<p>BOS askotan aritu izan da Bermeon eta Busturialdean, azken kontzertua 2020an izan zen, pandemiaren hasieran hain justu, eta bisita horiei guztiei esker harreman estua sortzen joan gara Orkestra sortu zen urteaz geroztik. Gure arteko harreman horretaz harro gaude, eta etorkizunean harreman hori handitu eta indartzea espero dugu.<\/p>\n<div id='gallery-6' class='gallery galleryid-26640 gallery-columns-4 gallery-size-medium'><figure class='gallery-item'>\n\t\t\t<div class='gallery-icon landscape'>\n\t\t\t\t<a href='https:\/\/www.bilbaorkestra.eus\/wp-content\/uploads\/2023\/01\/bermeo08.jpg'><img loading=\"lazy\" decoding=\"async\" width=\"300\" height=\"200\" src=\"https:\/\/www.bilbaorkestra.eus\/wp-content\/uploads\/2023\/01\/bermeo08-300x200.jpg\" class=\"attachment-medium size-medium\" alt=\"\" srcset=\"https:\/\/www.bilbaorkestra.eus\/wp-content\/uploads\/2023\/01\/bermeo08-300x200.jpg 300w, https:\/\/www.bilbaorkestra.eus\/wp-content\/uploads\/2023\/01\/bermeo08-768x512.jpg 768w, https:\/\/www.bilbaorkestra.eus\/wp-content\/uploads\/2023\/01\/bermeo08.jpg 900w\" sizes=\"auto, (max-width: 300px) 85vw, 300px\" \/><\/a>\n\t\t\t<\/div><\/figure><figure class='gallery-item'>\n\t\t\t<div class='gallery-icon landscape'>\n\t\t\t\t<a href='https:\/\/www.bilbaorkestra.eus\/wp-content\/uploads\/2023\/01\/bermeo07.jpg'><img loading=\"lazy\" decoding=\"async\" width=\"300\" height=\"200\" src=\"https:\/\/www.bilbaorkestra.eus\/wp-content\/uploads\/2023\/01\/bermeo07-300x200.jpg\" class=\"attachment-medium size-medium\" alt=\"\" srcset=\"https:\/\/www.bilbaorkestra.eus\/wp-content\/uploads\/2023\/01\/bermeo07-300x200.jpg 300w, https:\/\/www.bilbaorkestra.eus\/wp-content\/uploads\/2023\/01\/bermeo07-768x512.jpg 768w, https:\/\/www.bilbaorkestra.eus\/wp-content\/uploads\/2023\/01\/bermeo07.jpg 900w\" sizes=\"auto, (max-width: 300px) 85vw, 300px\" \/><\/a>\n\t\t\t<\/div><\/figure><figure class='gallery-item'>\n\t\t\t<div class='gallery-icon landscape'>\n\t\t\t\t<a href='https:\/\/www.bilbaorkestra.eus\/wp-content\/uploads\/2023\/01\/bermeo01.jpg'><img loading=\"lazy\" decoding=\"async\" width=\"300\" height=\"200\" src=\"https:\/\/www.bilbaorkestra.eus\/wp-content\/uploads\/2023\/01\/bermeo01-300x200.jpg\" class=\"attachment-medium size-medium\" alt=\"\" srcset=\"https:\/\/www.bilbaorkestra.eus\/wp-content\/uploads\/2023\/01\/bermeo01-300x200.jpg 300w, https:\/\/www.bilbaorkestra.eus\/wp-content\/uploads\/2023\/01\/bermeo01-768x512.jpg 768w, https:\/\/www.bilbaorkestra.eus\/wp-content\/uploads\/2023\/01\/bermeo01.jpg 900w\" sizes=\"auto, (max-width: 300px) 85vw, 300px\" \/><\/a>\n\t\t\t<\/div><\/figure><figure class='gallery-item'>\n\t\t\t<div class='gallery-icon landscape'>\n\t\t\t\t<a href='https:\/\/www.bilbaorkestra.eus\/wp-content\/uploads\/2023\/01\/bermeo06.jpg'><img loading=\"lazy\" decoding=\"async\" width=\"300\" height=\"193\" src=\"https:\/\/www.bilbaorkestra.eus\/wp-content\/uploads\/2023\/01\/bermeo06-300x193.jpg\" class=\"attachment-medium size-medium\" alt=\"\" srcset=\"https:\/\/www.bilbaorkestra.eus\/wp-content\/uploads\/2023\/01\/bermeo06-300x193.jpg 300w, https:\/\/www.bilbaorkestra.eus\/wp-content\/uploads\/2023\/01\/bermeo06-768x495.jpg 768w, https:\/\/www.bilbaorkestra.eus\/wp-content\/uploads\/2023\/01\/bermeo06.jpg 900w\" sizes=\"auto, (max-width: 300px) 85vw, 300px\" \/><\/a>\n\t\t\t<\/div><\/figure><figure class='gallery-item'>\n\t\t\t<div class='gallery-icon landscape'>\n\t\t\t\t<a href='https:\/\/www.bilbaorkestra.eus\/wp-content\/uploads\/2023\/01\/bermeo05.jpg'><img loading=\"lazy\" decoding=\"async\" width=\"300\" height=\"200\" src=\"https:\/\/www.bilbaorkestra.eus\/wp-content\/uploads\/2023\/01\/bermeo05-300x200.jpg\" class=\"attachment-medium size-medium\" alt=\"\" srcset=\"https:\/\/www.bilbaorkestra.eus\/wp-content\/uploads\/2023\/01\/bermeo05-300x200.jpg 300w, https:\/\/www.bilbaorkestra.eus\/wp-content\/uploads\/2023\/01\/bermeo05-768x512.jpg 768w, https:\/\/www.bilbaorkestra.eus\/wp-content\/uploads\/2023\/01\/bermeo05.jpg 900w\" sizes=\"auto, (max-width: 300px) 85vw, 300px\" \/><\/a>\n\t\t\t<\/div><\/figure><figure class='gallery-item'>\n\t\t\t<div class='gallery-icon landscape'>\n\t\t\t\t<a href='https:\/\/www.bilbaorkestra.eus\/wp-content\/uploads\/2023\/01\/bermeo04.jpg'><img loading=\"lazy\" decoding=\"async\" width=\"300\" height=\"200\" src=\"https:\/\/www.bilbaorkestra.eus\/wp-content\/uploads\/2023\/01\/bermeo04-300x200.jpg\" class=\"attachment-medium size-medium\" alt=\"\" srcset=\"https:\/\/www.bilbaorkestra.eus\/wp-content\/uploads\/2023\/01\/bermeo04-300x200.jpg 300w, https:\/\/www.bilbaorkestra.eus\/wp-content\/uploads\/2023\/01\/bermeo04-768x512.jpg 768w, https:\/\/www.bilbaorkestra.eus\/wp-content\/uploads\/2023\/01\/bermeo04.jpg 900w\" sizes=\"auto, (max-width: 300px) 85vw, 300px\" \/><\/a>\n\t\t\t<\/div><\/figure><figure class='gallery-item'>\n\t\t\t<div class='gallery-icon landscape'>\n\t\t\t\t<a href='https:\/\/www.bilbaorkestra.eus\/wp-content\/uploads\/2023\/01\/bermeo03.jpg'><img loading=\"lazy\" decoding=\"async\" width=\"300\" height=\"200\" src=\"https:\/\/www.bilbaorkestra.eus\/wp-content\/uploads\/2023\/01\/bermeo03-300x200.jpg\" class=\"attachment-medium size-medium\" alt=\"\" srcset=\"https:\/\/www.bilbaorkestra.eus\/wp-content\/uploads\/2023\/01\/bermeo03-300x200.jpg 300w, https:\/\/www.bilbaorkestra.eus\/wp-content\/uploads\/2023\/01\/bermeo03-768x512.jpg 768w, https:\/\/www.bilbaorkestra.eus\/wp-content\/uploads\/2023\/01\/bermeo03.jpg 900w\" sizes=\"auto, (max-width: 300px) 85vw, 300px\" \/><\/a>\n\t\t\t<\/div><\/figure><figure class='gallery-item'>\n\t\t\t<div class='gallery-icon landscape'>\n\t\t\t\t<a href='https:\/\/www.bilbaorkestra.eus\/wp-content\/uploads\/2023\/01\/bermeo02.jpg'><img loading=\"lazy\" decoding=\"async\" width=\"300\" height=\"200\" src=\"https:\/\/www.bilbaorkestra.eus\/wp-content\/uploads\/2023\/01\/bermeo02-300x200.jpg\" class=\"attachment-medium size-medium\" alt=\"\" srcset=\"https:\/\/www.bilbaorkestra.eus\/wp-content\/uploads\/2023\/01\/bermeo02-300x200.jpg 300w, https:\/\/www.bilbaorkestra.eus\/wp-content\/uploads\/2023\/01\/bermeo02-768x512.jpg 768w, https:\/\/www.bilbaorkestra.eus\/wp-content\/uploads\/2023\/01\/bermeo02.jpg 900w\" sizes=\"auto, (max-width: 300px) 85vw, 300px\" \/><\/a>\n\t\t\t<\/div><\/figure>\n\t\t<\/div>\n\n<\/div>\n<\/div>\n<div class=\"row\">\n<div class=\"col-md-12 inner-top-xs\">\n<h2 class=\"text-center\">BOS BALMASEDA eta Enkarterrin<\/h2>\n<\/div>\n<div class=\"col-md-3 inner-top-xs\">\n<div class=\"icon-overlay icn-link\"><a href=\"#expo01\" data-toggle=\"modal\"><img decoding=\"async\" class=\"alignnone size-large wp-image-25830\" src=\"https:\/\/bilbaorkestra.eus\/wp-content\/uploads\/2023\/01\/BALMASEDA-EUSK.jpg\" alt=\"BOS\" \/><\/a><\/div>\n<\/div>\n<div class=\"col-md-9 inner-top-xs\">\n<p>BOSek sarritan bisitatzen du Enkarterri. 1962an izan zen lehen aldiz Bizkaiko eskualde honetan, Balmasedan zehazki. Orduz geroztik 25 alditan baino gehiagotan izan da Enkarterrin, azkena Pozalaguako jaialdian (Karrantza).<\/p>\n<p>Balmasedak dozena bat aldiz egin dio harrera BOSi. Azken kontzertua 2009an eskaini zuen, San Severino parrokian: Arriaga eta H\u00e4ndelen konposizioez gain, Mart\u00edn Rodr\u00edguez Seminarioren bi lan interpretatu genituen, Iru\u00f1ean jaio arren Balmasedako semetzat hartu zutena, 1901ean parrokia horretako organista bihurtu zenetik. Obra horietako bat \u00abBalmasedari ereserkia\u00bb izan zen.<\/p>\n<p>Enkarterriko beste udal batek, Karrantzak, hiru aldiz egin dio harrera gure Orkestrari. Hiruretan ere oso paraje berezian eskaini du emanaldia, Pozalaguako auditoriumean, hain zuzen, non 2016an, 2019an eta pandemiaren unerik txarrenen ostean jo dugun. Gainera, toki hori aukeratu zuen Orkestrak gaur egun indarrean diren argazki ofizialak egiteko.<\/p>\n<p>Zallan ere askotan izan da BOS. 1981ean jo zuen lehen aldiz, eta azken aldiz 2015ean. 2012an, gainera, kontzertu didaktiko bat eskaini genuen.<\/p>\n<p>Bestalde, Sopuertak 1985ean eta 1986an egin zion abegia BOSi.<\/p>\n<p>BOSen ustez, Bizkaiko eskualde honetan jotzeak garrantzi berezia du, Orkestrak duela 60 urtetik hona bertan izan duen presentzia luze eta zabal honek erakusten duen bezala. Harreman horri jarraipena eman nahi diogu eta, ahal den neurrian, baita zabaldu ere.<\/p>\n<div id='gallery-7' class='gallery galleryid-26640 gallery-columns-4 gallery-size-medium'><figure class='gallery-item'>\n\t\t\t<div class='gallery-icon landscape'>\n\t\t\t\t<a href='https:\/\/www.bilbaorkestra.eus\/wp-content\/uploads\/2023\/01\/Balmaseda04.jpg'><img loading=\"lazy\" decoding=\"async\" width=\"300\" height=\"200\" src=\"https:\/\/www.bilbaorkestra.eus\/wp-content\/uploads\/2023\/01\/Balmaseda04-300x200.jpg\" class=\"attachment-medium size-medium\" alt=\"\" srcset=\"https:\/\/www.bilbaorkestra.eus\/wp-content\/uploads\/2023\/01\/Balmaseda04-300x200.jpg 300w, https:\/\/www.bilbaorkestra.eus\/wp-content\/uploads\/2023\/01\/Balmaseda04-768x512.jpg 768w, https:\/\/www.bilbaorkestra.eus\/wp-content\/uploads\/2023\/01\/Balmaseda04.jpg 900w\" sizes=\"auto, (max-width: 300px) 85vw, 300px\" \/><\/a>\n\t\t\t<\/div><\/figure><figure class='gallery-item'>\n\t\t\t<div class='gallery-icon landscape'>\n\t\t\t\t<a href='https:\/\/www.bilbaorkestra.eus\/wp-content\/uploads\/2023\/01\/Balmaseda03.jpg'><img loading=\"lazy\" decoding=\"async\" width=\"300\" height=\"200\" src=\"https:\/\/www.bilbaorkestra.eus\/wp-content\/uploads\/2023\/01\/Balmaseda03-300x200.jpg\" class=\"attachment-medium size-medium\" alt=\"\" srcset=\"https:\/\/www.bilbaorkestra.eus\/wp-content\/uploads\/2023\/01\/Balmaseda03-300x200.jpg 300w, https:\/\/www.bilbaorkestra.eus\/wp-content\/uploads\/2023\/01\/Balmaseda03-768x512.jpg 768w, https:\/\/www.bilbaorkestra.eus\/wp-content\/uploads\/2023\/01\/Balmaseda03.jpg 900w\" sizes=\"auto, (max-width: 300px) 85vw, 300px\" \/><\/a>\n\t\t\t<\/div><\/figure><figure class='gallery-item'>\n\t\t\t<div class='gallery-icon landscape'>\n\t\t\t\t<a href='https:\/\/www.bilbaorkestra.eus\/wp-content\/uploads\/2023\/01\/Balmaseda02.jpg'><img loading=\"lazy\" decoding=\"async\" width=\"300\" height=\"200\" src=\"https:\/\/www.bilbaorkestra.eus\/wp-content\/uploads\/2023\/01\/Balmaseda02-300x200.jpg\" class=\"attachment-medium size-medium\" alt=\"\" srcset=\"https:\/\/www.bilbaorkestra.eus\/wp-content\/uploads\/2023\/01\/Balmaseda02-300x200.jpg 300w, https:\/\/www.bilbaorkestra.eus\/wp-content\/uploads\/2023\/01\/Balmaseda02-768x512.jpg 768w, https:\/\/www.bilbaorkestra.eus\/wp-content\/uploads\/2023\/01\/Balmaseda02.jpg 900w\" sizes=\"auto, (max-width: 300px) 85vw, 300px\" \/><\/a>\n\t\t\t<\/div><\/figure><figure class='gallery-item'>\n\t\t\t<div class='gallery-icon landscape'>\n\t\t\t\t<a href='https:\/\/www.bilbaorkestra.eus\/wp-content\/uploads\/2023\/01\/Balmaseda01.jpg'><img loading=\"lazy\" decoding=\"async\" width=\"300\" height=\"200\" src=\"https:\/\/www.bilbaorkestra.eus\/wp-content\/uploads\/2023\/01\/Balmaseda01-300x200.jpg\" class=\"attachment-medium size-medium\" alt=\"\" srcset=\"https:\/\/www.bilbaorkestra.eus\/wp-content\/uploads\/2023\/01\/Balmaseda01-300x200.jpg 300w, https:\/\/www.bilbaorkestra.eus\/wp-content\/uploads\/2023\/01\/Balmaseda01-768x512.jpg 768w, https:\/\/www.bilbaorkestra.eus\/wp-content\/uploads\/2023\/01\/Balmaseda01.jpg 900w\" sizes=\"auto, (max-width: 300px) 85vw, 300px\" \/><\/a>\n\t\t\t<\/div><\/figure>\n\t\t<\/div>\n\n<\/div>\n<\/div>\n<div class=\"row\">\n<div class=\"col-md-12 inner-top-xs\">\n<h2 class=\"text-center\">BOS URDU\u00d1AN<\/h2>\n<\/div>\n<div class=\"col-md-3 inner-top-xs\">\n<div class=\"icon-overlay icn-link\"><a href=\"#expo08\" data-toggle=\"modal\"><img decoding=\"async\" class=\"alignnone size-large wp-image-25830\" src=\"https:\/\/bilbaorkestra.eus\/wp-content\/uploads\/2023\/01\/ORDUNA-EUSK.jpg\" alt=\"BOS\" \/><\/a><\/div>\n<\/div>\n<div class=\"col-md-9 inner-top-xs\">\n<p>Orkestrak bi aldiz jo du Urdu\u00f1ako hirian. Aurreko mendeko 80ko hamarkadan izan ziren biak. Azken 40 urteetan bizkaitarron orkestra ez da \u00abBizkaiko hiriaren\u00bb kultura-egitarauan egon, eta hori denbora asko da, etorkizunean bete behar dugun huts handiegia, alegia.<\/p>\n<p>Bilbao Orkestra Sinfonikoak 1982ko maiatzaren 7an bisitatu zuen Urdu\u00f1a lehenengo aldiz. Orduan, Urbano Ru\u00edz Laorden zen zuzendaria, eta euskal konpositoreen musikari erabateko garrantzia eman zien egitarau bat interpretatu zuen: J. C. Arriagaren Esklabo zoriontsuen obertura; J. Guridiren Hamar euskal melodia; Enarak, pantomima, J.M Usandizagarena; Bihurria, preludioa, R. Chap\u00edrena; Abestuten eta dantzaten, P. Mar\u00ednena.<\/p>\n<p>Bigarren bisita bi urte geroago antolatu zen: 1984ko ekainaren 20an, ospakizun oso berezi bat egiteko. Urdu\u00f1a bizkaitar izendatu zuten 700. urteurrenaren ospakizuna. Egun hartan, Urbano Ru\u00edz Laorden zuzendariarekin berriz ere, obra hauek interpretatu zituzten: J.C. Arriagaren sinfonia re-n eta A. Dvo\u0159\u00e1k-en \u00abmundu berriaren\u00bb 9. sinfonia.<br \/>\nBi aldietan Andra Mari parrokia-eliza izan zen agertokia.<\/p>\n<p>Tenplu horretan bertan, BOSen ganbera-taldearen ikuskizun bat antolatu zen 2007ko azaroan, gure \u00abGanbera Bizkaitik\u00bb egitarauaren barruan. Gure orkestrako musikarien hari-boskote batek A. Piazzola-ren tangoen hautaketa bat interpretatu zuen, eta L. van Beethoven-en Do maiorreko hari-boskotea, op. 29.<\/p>\n<p>Erakusketa honen bitartez, poz handiz itzultzen gara Urdu\u00f1ara, eta, horrela, Bizkaiko orkestraren historiaren 100 urte hurbildu nahi dizkizuegu bizkaitar guztioi. Bestalde, oso pozik gaude \u00abBizkaiko hiriaren\u00bb bizitza kulturalean gure musikarekin parte hartzeko aukera izateagatik.<\/p>\n<div id='gallery-8' class='gallery galleryid-26640 gallery-columns-4 gallery-size-medium'><figure class='gallery-item'>\n\t\t\t<div class='gallery-icon landscape'>\n\t\t\t\t<a href='https:\/\/www.bilbaorkestra.eus\/wp-content\/uploads\/2023\/01\/orduna08.jpg'><img loading=\"lazy\" decoding=\"async\" width=\"300\" height=\"200\" src=\"https:\/\/www.bilbaorkestra.eus\/wp-content\/uploads\/2023\/01\/orduna08-300x200.jpg\" class=\"attachment-medium size-medium\" alt=\"\" srcset=\"https:\/\/www.bilbaorkestra.eus\/wp-content\/uploads\/2023\/01\/orduna08-300x200.jpg 300w, https:\/\/www.bilbaorkestra.eus\/wp-content\/uploads\/2023\/01\/orduna08-768x512.jpg 768w, https:\/\/www.bilbaorkestra.eus\/wp-content\/uploads\/2023\/01\/orduna08.jpg 900w\" sizes=\"auto, (max-width: 300px) 85vw, 300px\" \/><\/a>\n\t\t\t<\/div><\/figure><figure class='gallery-item'>\n\t\t\t<div class='gallery-icon landscape'>\n\t\t\t\t<a href='https:\/\/www.bilbaorkestra.eus\/wp-content\/uploads\/2023\/01\/orduna07.jpg'><img loading=\"lazy\" decoding=\"async\" width=\"300\" height=\"200\" src=\"https:\/\/www.bilbaorkestra.eus\/wp-content\/uploads\/2023\/01\/orduna07-300x200.jpg\" class=\"attachment-medium size-medium\" alt=\"\" srcset=\"https:\/\/www.bilbaorkestra.eus\/wp-content\/uploads\/2023\/01\/orduna07-300x200.jpg 300w, https:\/\/www.bilbaorkestra.eus\/wp-content\/uploads\/2023\/01\/orduna07-768x512.jpg 768w, https:\/\/www.bilbaorkestra.eus\/wp-content\/uploads\/2023\/01\/orduna07.jpg 900w\" sizes=\"auto, (max-width: 300px) 85vw, 300px\" \/><\/a>\n\t\t\t<\/div><\/figure><figure class='gallery-item'>\n\t\t\t<div class='gallery-icon landscape'>\n\t\t\t\t<a href='https:\/\/www.bilbaorkestra.eus\/wp-content\/uploads\/2023\/01\/orduna06.jpg'><img loading=\"lazy\" decoding=\"async\" width=\"300\" height=\"200\" src=\"https:\/\/www.bilbaorkestra.eus\/wp-content\/uploads\/2023\/01\/orduna06-300x200.jpg\" class=\"attachment-medium size-medium\" alt=\"\" srcset=\"https:\/\/www.bilbaorkestra.eus\/wp-content\/uploads\/2023\/01\/orduna06-300x200.jpg 300w, https:\/\/www.bilbaorkestra.eus\/wp-content\/uploads\/2023\/01\/orduna06-768x512.jpg 768w, https:\/\/www.bilbaorkestra.eus\/wp-content\/uploads\/2023\/01\/orduna06.jpg 900w\" sizes=\"auto, (max-width: 300px) 85vw, 300px\" \/><\/a>\n\t\t\t<\/div><\/figure><figure class='gallery-item'>\n\t\t\t<div class='gallery-icon landscape'>\n\t\t\t\t<a href='https:\/\/www.bilbaorkestra.eus\/wp-content\/uploads\/2023\/01\/orduna05.jpg'><img loading=\"lazy\" decoding=\"async\" width=\"300\" height=\"200\" src=\"https:\/\/www.bilbaorkestra.eus\/wp-content\/uploads\/2023\/01\/orduna05-300x200.jpg\" class=\"attachment-medium size-medium\" alt=\"\" srcset=\"https:\/\/www.bilbaorkestra.eus\/wp-content\/uploads\/2023\/01\/orduna05-300x200.jpg 300w, https:\/\/www.bilbaorkestra.eus\/wp-content\/uploads\/2023\/01\/orduna05-768x512.jpg 768w, https:\/\/www.bilbaorkestra.eus\/wp-content\/uploads\/2023\/01\/orduna05.jpg 900w\" sizes=\"auto, (max-width: 300px) 85vw, 300px\" \/><\/a>\n\t\t\t<\/div><\/figure><figure class='gallery-item'>\n\t\t\t<div class='gallery-icon landscape'>\n\t\t\t\t<a href='https:\/\/www.bilbaorkestra.eus\/wp-content\/uploads\/2023\/01\/orduna04.jpg'><img loading=\"lazy\" decoding=\"async\" width=\"300\" height=\"200\" src=\"https:\/\/www.bilbaorkestra.eus\/wp-content\/uploads\/2023\/01\/orduna04-300x200.jpg\" class=\"attachment-medium size-medium\" alt=\"\" srcset=\"https:\/\/www.bilbaorkestra.eus\/wp-content\/uploads\/2023\/01\/orduna04-300x200.jpg 300w, https:\/\/www.bilbaorkestra.eus\/wp-content\/uploads\/2023\/01\/orduna04-768x512.jpg 768w, https:\/\/www.bilbaorkestra.eus\/wp-content\/uploads\/2023\/01\/orduna04.jpg 900w\" sizes=\"auto, (max-width: 300px) 85vw, 300px\" \/><\/a>\n\t\t\t<\/div><\/figure><figure class='gallery-item'>\n\t\t\t<div class='gallery-icon landscape'>\n\t\t\t\t<a href='https:\/\/www.bilbaorkestra.eus\/wp-content\/uploads\/2023\/01\/orduna01.jpg'><img loading=\"lazy\" decoding=\"async\" width=\"300\" height=\"200\" src=\"https:\/\/www.bilbaorkestra.eus\/wp-content\/uploads\/2023\/01\/orduna01-300x200.jpg\" class=\"attachment-medium size-medium\" alt=\"\" srcset=\"https:\/\/www.bilbaorkestra.eus\/wp-content\/uploads\/2023\/01\/orduna01-300x200.jpg 300w, https:\/\/www.bilbaorkestra.eus\/wp-content\/uploads\/2023\/01\/orduna01-768x512.jpg 768w, https:\/\/www.bilbaorkestra.eus\/wp-content\/uploads\/2023\/01\/orduna01.jpg 900w\" sizes=\"auto, (max-width: 300px) 85vw, 300px\" \/><\/a>\n\t\t\t<\/div><\/figure><figure class='gallery-item'>\n\t\t\t<div class='gallery-icon landscape'>\n\t\t\t\t<a href='https:\/\/www.bilbaorkestra.eus\/wp-content\/uploads\/2023\/01\/orduna03.jpg'><img loading=\"lazy\" decoding=\"async\" width=\"300\" height=\"200\" src=\"https:\/\/www.bilbaorkestra.eus\/wp-content\/uploads\/2023\/01\/orduna03-300x200.jpg\" class=\"attachment-medium size-medium\" alt=\"\" srcset=\"https:\/\/www.bilbaorkestra.eus\/wp-content\/uploads\/2023\/01\/orduna03-300x200.jpg 300w, https:\/\/www.bilbaorkestra.eus\/wp-content\/uploads\/2023\/01\/orduna03-768x512.jpg 768w, https:\/\/www.bilbaorkestra.eus\/wp-content\/uploads\/2023\/01\/orduna03.jpg 900w\" sizes=\"auto, (max-width: 300px) 85vw, 300px\" \/><\/a>\n\t\t\t<\/div><\/figure><figure class='gallery-item'>\n\t\t\t<div class='gallery-icon landscape'>\n\t\t\t\t<a href='https:\/\/www.bilbaorkestra.eus\/wp-content\/uploads\/2023\/01\/orduna02.jpg'><img loading=\"lazy\" decoding=\"async\" width=\"300\" height=\"200\" src=\"https:\/\/www.bilbaorkestra.eus\/wp-content\/uploads\/2023\/01\/orduna02-300x200.jpg\" class=\"attachment-medium size-medium\" alt=\"\" srcset=\"https:\/\/www.bilbaorkestra.eus\/wp-content\/uploads\/2023\/01\/orduna02-300x200.jpg 300w, https:\/\/www.bilbaorkestra.eus\/wp-content\/uploads\/2023\/01\/orduna02-768x512.jpg 768w, https:\/\/www.bilbaorkestra.eus\/wp-content\/uploads\/2023\/01\/orduna02.jpg 900w\" sizes=\"auto, (max-width: 300px) 85vw, 300px\" \/><\/a>\n\t\t\t<\/div><\/figure>\n\t\t<\/div>\n\n<\/div>\n<\/div>\n<div class=\"row\">\n<div id=\"comic\" class=\"col-md-12 inner-top\">\n<h2 class=\"text-center\">\u201c100 URTE MUSIKA EGITEN\u201d: BOSEN KOMIKIA<\/h2>\n<\/div>\n<div class=\"col-md-6 inner-top-xs\"><img loading=\"lazy\" decoding=\"async\" class=\"alignnone size-full wp-image-25106\" src=\"https:\/\/bilbaorkestra.eus\/wp-content\/uploads\/2022\/11\/comic-bos-es.jpg\" alt=\"\" width=\"800\" height=\"500\" srcset=\"https:\/\/www.bilbaorkestra.eus\/wp-content\/uploads\/2022\/11\/comic-bos-es.jpg 800w, https:\/\/www.bilbaorkestra.eus\/wp-content\/uploads\/2022\/11\/comic-bos-es-300x188.jpg 300w, https:\/\/www.bilbaorkestra.eus\/wp-content\/uploads\/2022\/11\/comic-bos-es-768x480.jpg 768w\" sizes=\"auto, (max-width: 800px) 85vw, 800px\" \/><\/div>\n<div class=\"col-md-6 inner-top-xs\">\n<p>Komiki hori aurten gure mendeurrenaren zabalkunde handiagoa lortzeko egin dugun proiektuetako bat da.<\/p>\n<p>Kike Infame marrazkigileak sortu du, eta bertan irudizko batuta batek BOSen historia kontatuko digu. Batuta hori 1922an eman zioten BOSeko lehen zuzendariari, Armand Marsicki, Orkestraren lehen kontzertua zuzendu zezan, eta ordutik zuzendariz zuzendari igaro da gaur egunera iritsi arte. Istorio horrek Orkestra gizartearekin lotzen du, zeinean jaio baitzen eta bizi baita.<\/p>\n<p><a class=\"btn btn-xl btn-ghost btn-large\" href=\"https:\/\/bilbaorkestra.eus\/wp-content\/uploads\/2022\/11\/comic-BOS-eu.pdf\">Deskargatu komikiac<\/a><\/p>\n<\/div>\n<\/div>\n<div class=\"row\">\n<div class=\"col-md-6 inner-top-xs\"><img loading=\"lazy\" decoding=\"async\" class=\"alignnone size-full wp-image-25756\" src=\"https:\/\/bilbaorkestra.eus\/wp-content\/uploads\/2022\/12\/comic-bos2.jpg\" alt=\"\" width=\"800\" height=\"500\" srcset=\"https:\/\/www.bilbaorkestra.eus\/wp-content\/uploads\/2022\/12\/comic-bos2.jpg 800w, https:\/\/www.bilbaorkestra.eus\/wp-content\/uploads\/2022\/12\/comic-bos2-300x188.jpg 300w, https:\/\/www.bilbaorkestra.eus\/wp-content\/uploads\/2022\/12\/comic-bos2-768x480.jpg 768w\" sizes=\"auto, (max-width: 800px) 85vw, 800px\" \/><\/div>\n<div class=\"col-md-6 inner-top-xs\"><img loading=\"lazy\" decoding=\"async\" class=\"alignnone size-full wp-image-25759\" src=\"https:\/\/bilbaorkestra.eus\/wp-content\/uploads\/2022\/12\/comic-bos.jpg\" alt=\"\" width=\"800\" height=\"500\" srcset=\"https:\/\/www.bilbaorkestra.eus\/wp-content\/uploads\/2022\/12\/comic-bos.jpg 800w, https:\/\/www.bilbaorkestra.eus\/wp-content\/uploads\/2022\/12\/comic-bos-300x188.jpg 300w, https:\/\/www.bilbaorkestra.eus\/wp-content\/uploads\/2022\/12\/comic-bos-768x480.jpg 768w\" sizes=\"auto, (max-width: 800px) 85vw, 800px\" \/><\/div>\n<\/div>\n<div class=\"row\">\n<div id=\"mural\" class=\"col-md-12 inner-top\">\n<h2 class=\"text-center\">MENDEURRENAREN HORMA-IRUDIA<\/h2>\n<\/div>\n<div class=\"col-md-6 inner-top-xs\">\n<p>Gure urteurrena ospatzeko, obra piktoriko bat ere aurkeztu dugu BOSen historia kontatzeko. Margolan hori arte urbanoan espezialista den Pablo Astrainek egin du.<\/p>\n<p>Gure Orkestraren historiaren ehun urteak irudikatu dira bertan, orkestraren hainbat protagonisten bitartez: Arriaga antzokia, BOSen lehenengo taldea, Armand Marsick lehenengo zuzendariarekin batera, Orkestraren gainerako zuzendari titularrak, Euskalduna Jauregia edota Maurice Ravel, euskal konpositorerik unibertsalena, zeinaren obrak Orkestraren DNAren parte baitira. Ravel Orkestrako zuzendaria izan zen 1928an, bere obretan zentratutako programa batean.<\/p>\n<p>Artelan horren bidez, BOSen historiaren ehun urte horiek hiritarrengana hurbildu nahi ditugu, eta, horregatik, Olabeaga auzoko sarreran jarri dugu, ehun metro baino gehiagoko horma batean, Jesusen Bihotza plazatik hasita.<\/p>\n<p><a href=\"https:\/\/bilbaorkestra.eus\/eu\/bosen-mendeurrenaren-horma-irudia\/\" target=\"_blank\" rel=\"noopener\"><strong>Ikusi berria 2022-05-24<\/strong><\/a><\/p>\n<\/div>\n<div class=\"col-md-6 inner-top-xs\"><iframe loading=\"lazy\" title=\"YouTube video player\" src=\"https:\/\/www.youtube.com\/embed\/HIoIUy2x--c\" width=\"100%\" height=\"380\" frameborder=\"0\" allowfullscreen=\"allowfullscreen\"><\/iframe><\/div>\n<div class=\"col-md-12 inner-top-xs\">\n<p><a href=\"https:\/\/bilbaorkestra.eus\/wp-content\/uploads\/2022\/12\/mural-1.jpg\"><img loading=\"lazy\" decoding=\"async\" class=\"alignnone size-full wp-image-25778\" src=\"https:\/\/bilbaorkestra.eus\/wp-content\/uploads\/2022\/12\/mural-1.jpg\" alt=\"BOS\" width=\"1200\" height=\"436\" srcset=\"https:\/\/www.bilbaorkestra.eus\/wp-content\/uploads\/2022\/12\/mural-1.jpg 1200w, https:\/\/www.bilbaorkestra.eus\/wp-content\/uploads\/2022\/12\/mural-1-300x109.jpg 300w, https:\/\/www.bilbaorkestra.eus\/wp-content\/uploads\/2022\/12\/mural-1-1024x372.jpg 1024w, https:\/\/www.bilbaorkestra.eus\/wp-content\/uploads\/2022\/12\/mural-1-768x279.jpg 768w\" sizes=\"auto, (max-width: 709px) 85vw, (max-width: 909px) 67vw, (max-width: 1362px) 62vw, 840px\" \/><\/a><\/p>\n<p><a href=\"https:\/\/bilbaorkestra.eus\/wp-content\/uploads\/2022\/12\/mural-2-1.jpg\"><img loading=\"lazy\" decoding=\"async\" class=\"alignnone size-full wp-image-25786\" src=\"https:\/\/bilbaorkestra.eus\/wp-content\/uploads\/2022\/12\/mural-2-1.jpg\" alt=\"\" width=\"1200\" height=\"436\" srcset=\"https:\/\/www.bilbaorkestra.eus\/wp-content\/uploads\/2022\/12\/mural-2-1.jpg 1200w, https:\/\/www.bilbaorkestra.eus\/wp-content\/uploads\/2022\/12\/mural-2-1-300x109.jpg 300w, https:\/\/www.bilbaorkestra.eus\/wp-content\/uploads\/2022\/12\/mural-2-1-1024x372.jpg 1024w, https:\/\/www.bilbaorkestra.eus\/wp-content\/uploads\/2022\/12\/mural-2-1-768x279.jpg 768w\" sizes=\"auto, (max-width: 709px) 85vw, (max-width: 909px) 67vw, (max-width: 1362px) 62vw, 840px\" \/><\/a><\/p>\n<\/div>\n<\/div>\n<div id=\"expo01\" class=\"modal fade\" tabindex=\"-1\" role=\"dialog\" aria-labelledby=\"modal-expo01\" aria-hidden=\"true\">\n<div class=\"modal-dialog modal-lg\">\n<div class=\"modal-content\">\n<div class=\"modal-header\"><\/div>\n<div class=\"modal-body\"><img decoding=\"async\" src=\"https:\/\/bilbaorkestra.eus\/wp-content\/uploads\/2023\/01\/BALMASEDA-EUSK.jpg\" alt=\"bos\" \/><\/div>\n<\/div>\n<\/div>\n<\/div>\n<p><!-- \/.modal --><\/p>\n<div id=\"expo02\" class=\"modal fade\" tabindex=\"-1\" role=\"dialog\" aria-labelledby=\"modal-expo02\" aria-hidden=\"true\">\n<div class=\"modal-dialog modal-lg\">\n<div class=\"modal-content\">\n<div class=\"modal-header\"><\/div>\n<div class=\"modal-body\"><img decoding=\"async\" src=\"https:\/\/bilbaorkestra.eus\/wp-content\/uploads\/2023\/01\/BARAKALDO-EUSK.jpg\" alt=\"bos\" \/><\/div>\n<\/div>\n<\/div>\n<\/div>\n<p><!-- \/.modal --><\/p>\n<div id=\"expo03\" class=\"modal fade\" tabindex=\"-1\" role=\"dialog\" aria-labelledby=\"modal-expo03\" aria-hidden=\"true\">\n<div class=\"modal-dialog modal-lg\">\n<div class=\"modal-content\">\n<div class=\"modal-header\"><\/div>\n<div class=\"modal-body\"><img decoding=\"async\" src=\"https:\/\/bilbaorkestra.eus\/wp-content\/uploads\/2023\/01\/BERMEO-EUSK.jpg\" alt=\"bos\" \/><\/div>\n<\/div>\n<\/div>\n<\/div>\n<p><!-- \/.modal --><\/p>\n<div id=\"expo04\" class=\"modal fade\" tabindex=\"-1\" role=\"dialog\" aria-labelledby=\"modal-expo04\" aria-hidden=\"true\">\n<div class=\"modal-dialog modal-lg\">\n<div class=\"modal-content\">\n<div class=\"modal-header\"><\/div>\n<div class=\"modal-body\"><img decoding=\"async\" src=\"https:\/\/bilbaorkestra.eus\/wp-content\/uploads\/2023\/01\/BILBAO-EUSK.jpg\" alt=\"bos\" \/><\/div>\n<\/div>\n<\/div>\n<\/div>\n<p><!-- \/.modal --><\/p>\n<div id=\"expo05\" class=\"modal fade\" tabindex=\"-1\" role=\"dialog\" aria-labelledby=\"modal-expo05\" aria-hidden=\"true\">\n<div class=\"modal-dialog modal-lg\">\n<div class=\"modal-content\">\n<div class=\"modal-header\"><\/div>\n<div class=\"modal-body\"><img decoding=\"async\" src=\"https:\/\/bilbaorkestra.eus\/wp-content\/uploads\/2023\/01\/DURANGO-EUSK.jpg\" alt=\"bos\" \/><\/div>\n<\/div>\n<\/div>\n<\/div>\n<p><!-- \/.modal --><\/p>\n<div id=\"expo06\" class=\"modal fade\" tabindex=\"-1\" role=\"dialog\" aria-labelledby=\"modal-expo06\" aria-hidden=\"true\">\n<div class=\"modal-dialog modal-lg\">\n<div class=\"modal-content\">\n<div class=\"modal-header\"><\/div>\n<div class=\"modal-body\"><img decoding=\"async\" src=\"https:\/\/bilbaorkestra.eus\/wp-content\/uploads\/2023\/01\/GETXO-EUSK.jpg\" alt=\"bos\" \/><\/div>\n<\/div>\n<\/div>\n<\/div>\n<p><!-- \/.modal --><\/p>\n<div id=\"expo07\" class=\"modal fade\" tabindex=\"-1\" role=\"dialog\" aria-labelledby=\"modal-expo07\" aria-hidden=\"true\">\n<div class=\"modal-dialog modal-lg\">\n<div class=\"modal-content\">\n<div class=\"modal-header\"><\/div>\n<div class=\"modal-body\"><img decoding=\"async\" src=\"https:\/\/bilbaorkestra.eus\/wp-content\/uploads\/2023\/01\/MARKINA-EUSK.jpg\" alt=\"bos\" \/><\/div>\n<\/div>\n<\/div>\n<\/div>\n<p><!-- \/.modal --><\/p>\n<div id=\"expo08\" class=\"modal fade\" tabindex=\"-1\" role=\"dialog\" aria-labelledby=\"modal-expo08\" aria-hidden=\"true\">\n<div class=\"modal-dialog modal-lg\">\n<div class=\"modal-content\">\n<div class=\"modal-header\"><\/div>\n<div class=\"modal-body\"><img decoding=\"async\" src=\"https:\/\/bilbaorkestra.eus\/wp-content\/uploads\/2023\/01\/ORDUNA-EUSK.jpg\" alt=\"bos\" \/><\/div>\n<\/div>\n<\/div>\n<\/div>\n<p><!-- \/VINILOS--><\/p>\n<div id=\"vinilo01\" class=\"modal fade\" tabindex=\"-1\" role=\"dialog\" aria-labelledby=\"modal-vinilo01\" aria-hidden=\"true\">\n<div class=\"modal-dialog modal-lg\">\n<div class=\"modal-content\">\n<div class=\"modal-header\"><\/div>\n<div class=\"modal-body\"><img decoding=\"async\" src=\"https:\/\/bilbaorkestra.eus\/wp-content\/uploads\/2023\/01\/VINILO_EUSK-01.jpg\" alt=\"bos\" \/><\/div>\n<\/div>\n<\/div>\n<\/div>\n<div id=\"vinilo02\" class=\"modal fade\" tabindex=\"-1\" role=\"dialog\" aria-labelledby=\"modal-vinilo02\" aria-hidden=\"true\">\n<div class=\"modal-dialog modal-lg\">\n<div class=\"modal-content\">\n<div class=\"modal-header\"><\/div>\n<div class=\"modal-body\"><img decoding=\"async\" src=\"https:\/\/bilbaorkestra.eus\/wp-content\/uploads\/2023\/01\/VINILO_EUSK-02.jpg\" alt=\"bos\" \/><\/div>\n<\/div>\n<\/div>\n<\/div>\n<div id=\"vinilo03\" class=\"modal fade\" tabindex=\"-1\" role=\"dialog\" aria-labelledby=\"modal-vinilo03\" aria-hidden=\"true\">\n<div class=\"modal-dialog modal-lg\">\n<div class=\"modal-content\">\n<div class=\"modal-header\"><\/div>\n<div class=\"modal-body\"><img decoding=\"async\" src=\"https:\/\/bilbaorkestra.eus\/wp-content\/uploads\/2023\/01\/VINILO_EUSK-03.jpg\" alt=\"bos\" \/><\/div>\n<\/div>\n<\/div>\n<\/div>\n<div id=\"vinilo04\" class=\"modal fade\" tabindex=\"-1\" role=\"dialog\" aria-labelledby=\"modal-vinilo04\" aria-hidden=\"true\">\n<div class=\"modal-dialog modal-lg\">\n<div class=\"modal-content\">\n<div class=\"modal-header\"><\/div>\n<div class=\"modal-body\"><img decoding=\"async\" src=\"https:\/\/bilbaorkestra.eus\/wp-content\/uploads\/2023\/01\/VINILO_EUSK-04.jpg\" alt=\"bos\" \/><\/div>\n<\/div>\n<\/div>\n<\/div>\n<div id=\"vinilo05\" class=\"modal fade\" tabindex=\"-1\" role=\"dialog\" aria-labelledby=\"modal-vinilo05\" aria-hidden=\"true\">\n<div class=\"modal-dialog modal-lg\">\n<div class=\"modal-content\">\n<div class=\"modal-header\"><\/div>\n<div class=\"modal-body\"><img decoding=\"async\" src=\"https:\/\/bilbaorkestra.eus\/wp-content\/uploads\/2023\/01\/VINILO_EUSK-05.jpg\" alt=\"bos\" \/><\/div>\n<\/div>\n<\/div>\n<\/div>\n<div id=\"vinilo06\" class=\"modal fade\" tabindex=\"-1\" role=\"dialog\" aria-labelledby=\"modal-vinilo06\" aria-hidden=\"true\">\n<div class=\"modal-dialog modal-lg\">\n<div class=\"modal-content\">\n<div class=\"modal-header\"><\/div>\n<div class=\"modal-body\"><img decoding=\"async\" src=\"https:\/\/bilbaorkestra.eus\/wp-content\/uploads\/2023\/01\/VINILO_EUSK-06.jpg\" alt=\"bos\" \/><\/div>\n<\/div>\n<\/div>\n<\/div>\n<div id=\"vinilo07\" class=\"modal fade\" tabindex=\"-1\" role=\"dialog\" aria-labelledby=\"modal-vinilo07\" aria-hidden=\"true\">\n<div class=\"modal-dialog modal-lg\">\n<div class=\"modal-content\">\n<div class=\"modal-header\"><\/div>\n<div class=\"modal-body\"><img decoding=\"async\" src=\"https:\/\/bilbaorkestra.eus\/wp-content\/uploads\/2023\/01\/VINILO_EUSK-07.jpg\" alt=\"bos\" \/><\/div>\n<\/div>\n<\/div>\n<\/div>\n<div id=\"vinilo08\" class=\"modal fade\" tabindex=\"-1\" role=\"dialog\" aria-labelledby=\"modal-vinilo08\" aria-hidden=\"true\">\n<div class=\"modal-dialog modal-lg\">\n<div class=\"modal-content\">\n<div class=\"modal-header\"><\/div>\n<div class=\"modal-body\"><img decoding=\"async\" src=\"https:\/\/bilbaorkestra.eus\/wp-content\/uploads\/2023\/01\/VINILO_EUSK-08.jpg\" alt=\"bos\" \/><\/div>\n<\/div>\n<\/div>\n<\/div>\n<div id=\"vinilo09\" class=\"modal fade\" tabindex=\"-1\" role=\"dialog\" aria-labelledby=\"modal-vinilo09\" aria-hidden=\"true\">\n<div class=\"modal-dialog modal-lg\">\n<div class=\"modal-content\">\n<div class=\"modal-header\"><\/div>\n<div class=\"modal-body\"><img decoding=\"async\" src=\"https:\/\/bilbaorkestra.eus\/wp-content\/uploads\/2023\/01\/VINILO_CAST-09.jpg\" alt=\"bos\" \/><\/div>\n<\/div>\n<\/div>\n<\/div>\n<div id=\"vinilo10\" class=\"modal fade\" tabindex=\"-1\" role=\"dialog\" aria-labelledby=\"modal-vinilo10\" aria-hidden=\"true\">\n<div class=\"modal-dialog modal-lg\">\n<div class=\"modal-content\">\n<div class=\"modal-header\"><\/div>\n<div class=\"modal-body\"><img decoding=\"async\" src=\"https:\/\/bilbaorkestra.eus\/wp-content\/uploads\/2023\/01\/VINILO_EUSK-10.jpg\" alt=\"bos\" \/><\/div>\n<\/div>\n<\/div>\n<\/div>\n","protected":false},"excerpt":{"rendered":"<p>BILBAO ORKESTRA SINFONIKOAREN 100 URTE BOSek ehun urte bete zituen 2022ko martxoaren 8an. Bizkaia osoan efemeride garrantzitsu hori ospatzeko, BOSek hainbat ekintza antolatu ditu urte osoan zehar. Sortu ginen gizartearekin, gure gizartearekin, batera ospatu nahi izan ditugu gure historiaren lehen ehun urte horiek. Aurten egindako jarduera guztien artean, honako hauek nabarmendu behar ditugu: \u00abMendeurrenaren kontzertua\u00bb &hellip; <a href=\"https:\/\/www.bilbaorkestra.eus\/eu\/bos-1922-2022\/\" class=\"more-link\">Jarraitu irakurtzen<span class=\"screen-reader-text\"> &#8220;BOS 1922-2022&#8221;<\/span><\/a><\/p>\n","protected":false},"author":1,"featured_media":0,"parent":0,"menu_order":0,"comment_status":"closed","ping_status":"closed","template":"","meta":{"_acf_changed":false,"footnotes":""},"class_list":["post-26640","page","type-page","status-publish","hentry"],"acf":[],"yoast_head":"<!-- This site is optimized with the Yoast SEO plugin v27.4 - https:\/\/yoast.com\/product\/yoast-seo-wordpress\/ -->\n<title>BOS 1922-2022 - Bilbao Orkestra Sinfonikoa<\/title>\n<meta name=\"robots\" content=\"index, follow, max-snippet:-1, max-image-preview:large, max-video-preview:-1\" \/>\n<link rel=\"canonical\" href=\"https:\/\/www.bilbaorkestra.eus\/eu\/bos-1922-2022\/\" \/>\n<meta property=\"og:locale\" content=\"en_US\" \/>\n<meta property=\"og:type\" content=\"article\" \/>\n<meta property=\"og:title\" content=\"BOS 1922-2022 - Bilbao Orkestra Sinfonikoa\" \/>\n<meta property=\"og:description\" content=\"BILBAO ORKESTRA SINFONIKOAREN 100 URTE BOSek ehun urte bete zituen 2022ko martxoaren 8an. Bizkaia osoan efemeride garrantzitsu hori ospatzeko, BOSek hainbat ekintza antolatu ditu urte osoan zehar. Sortu ginen gizartearekin, gure gizartearekin, batera ospatu nahi izan ditugu gure historiaren lehen ehun urte horiek. Aurten egindako jarduera guztien artean, honako hauek nabarmendu behar ditugu: \u00abMendeurrenaren kontzertua\u00bb &hellip; Jarraitu irakurtzen &quot;BOS 1922-2022&quot;\" \/>\n<meta property=\"og:url\" content=\"https:\/\/www.bilbaorkestra.eus\/eu\/bos-1922-2022\/\" \/>\n<meta property=\"og:site_name\" content=\"Bilbao Orkestra Sinfonikoa\" \/>\n<meta property=\"article:publisher\" content=\"https:\/\/www.facebook.com\/SinfonicadeBilbao\" \/>\n<meta property=\"article:modified_time\" content=\"2023-02-13T13:04:23+00:00\" \/>\n<meta property=\"og:image\" content=\"https:\/\/www.bilbaorkestra.eus\/wp-content\/uploads\/2023\/01\/bilbao06-300x200.jpg\" \/>\n<meta name=\"twitter:card\" content=\"summary_large_image\" \/>\n<meta name=\"twitter:label1\" content=\"Est. reading time\" \/>\n\t<meta name=\"twitter:data1\" content=\"25 minutua\" \/>\n<script type=\"application\/ld+json\" class=\"yoast-schema-graph\">{\"@context\":\"https:\\\/\\\/schema.org\",\"@graph\":[{\"@type\":\"WebPage\",\"@id\":\"https:\\\/\\\/www.bilbaorkestra.eus\\\/eu\\\/bos-1922-2022\\\/\",\"url\":\"https:\\\/\\\/www.bilbaorkestra.eus\\\/eu\\\/bos-1922-2022\\\/\",\"name\":\"BOS 1922-2022 - Bilbao Orkestra Sinfonikoa\",\"isPartOf\":{\"@id\":\"https:\\\/\\\/www.bilbaorkestra.eus\\\/#website\"},\"primaryImageOfPage\":{\"@id\":\"https:\\\/\\\/www.bilbaorkestra.eus\\\/eu\\\/bos-1922-2022\\\/#primaryimage\"},\"image\":{\"@id\":\"https:\\\/\\\/www.bilbaorkestra.eus\\\/eu\\\/bos-1922-2022\\\/#primaryimage\"},\"thumbnailUrl\":\"https:\\\/\\\/bilbaorkestra.eus\\\/wp-content\\\/uploads\\\/2022\\\/03\\\/foto-cabecera-exposicion1.jpg\",\"datePublished\":\"2022-12-22T16:22:38+00:00\",\"dateModified\":\"2023-02-13T13:04:23+00:00\",\"breadcrumb\":{\"@id\":\"https:\\\/\\\/www.bilbaorkestra.eus\\\/eu\\\/bos-1922-2022\\\/#breadcrumb\"},\"inLanguage\":\"eu\",\"potentialAction\":[{\"@type\":\"ReadAction\",\"target\":[\"https:\\\/\\\/www.bilbaorkestra.eus\\\/eu\\\/bos-1922-2022\\\/\"]}]},{\"@type\":\"ImageObject\",\"inLanguage\":\"eu\",\"@id\":\"https:\\\/\\\/www.bilbaorkestra.eus\\\/eu\\\/bos-1922-2022\\\/#primaryimage\",\"url\":\"https:\\\/\\\/bilbaorkestra.eus\\\/wp-content\\\/uploads\\\/2022\\\/03\\\/foto-cabecera-exposicion1.jpg\",\"contentUrl\":\"https:\\\/\\\/bilbaorkestra.eus\\\/wp-content\\\/uploads\\\/2022\\\/03\\\/foto-cabecera-exposicion1.jpg\"},{\"@type\":\"BreadcrumbList\",\"@id\":\"https:\\\/\\\/www.bilbaorkestra.eus\\\/eu\\\/bos-1922-2022\\\/#breadcrumb\",\"itemListElement\":[{\"@type\":\"ListItem\",\"position\":1,\"name\":\"Portada\",\"item\":\"https:\\\/\\\/www.bilbaorkestra.eus\\\/\"},{\"@type\":\"ListItem\",\"position\":2,\"name\":\"BOS 1922-2022\"}]},{\"@type\":\"WebSite\",\"@id\":\"https:\\\/\\\/www.bilbaorkestra.eus\\\/#website\",\"url\":\"https:\\\/\\\/www.bilbaorkestra.eus\\\/\",\"name\":\"Bilbao Orkestra Sinfonikoa\",\"description\":\"P\u00e1gina web de la Orquesta Sinf\u00f3nica de Bilbao\",\"publisher\":{\"@id\":\"https:\\\/\\\/www.bilbaorkestra.eus\\\/#organization\"},\"potentialAction\":[{\"@type\":\"SearchAction\",\"target\":{\"@type\":\"EntryPoint\",\"urlTemplate\":\"https:\\\/\\\/www.bilbaorkestra.eus\\\/?s={search_term_string}\"},\"query-input\":{\"@type\":\"PropertyValueSpecification\",\"valueRequired\":true,\"valueName\":\"search_term_string\"}}],\"inLanguage\":\"eu\"},{\"@type\":\"Organization\",\"@id\":\"https:\\\/\\\/www.bilbaorkestra.eus\\\/#organization\",\"name\":\"Bilbao Orkestra Sinfonikoa\",\"url\":\"https:\\\/\\\/www.bilbaorkestra.eus\\\/\",\"logo\":{\"@type\":\"ImageObject\",\"inLanguage\":\"eu\",\"@id\":\"https:\\\/\\\/www.bilbaorkestra.eus\\\/#\\\/schema\\\/logo\\\/image\\\/\",\"url\":\"https:\\\/\\\/www.bilbaorkestra.eus\\\/wp-content\\\/uploads\\\/2016\\\/04\\\/logo-BOS-CMYK.jpg\",\"contentUrl\":\"https:\\\/\\\/www.bilbaorkestra.eus\\\/wp-content\\\/uploads\\\/2016\\\/04\\\/logo-BOS-CMYK.jpg\",\"width\":1772,\"height\":2113,\"caption\":\"Bilbao Orkestra Sinfonikoa\"},\"image\":{\"@id\":\"https:\\\/\\\/www.bilbaorkestra.eus\\\/#\\\/schema\\\/logo\\\/image\\\/\"},\"sameAs\":[\"https:\\\/\\\/www.facebook.com\\\/SinfonicadeBilbao\"]}]}<\/script>\n<!-- \/ Yoast SEO plugin. -->","yoast_head_json":{"title":"BOS 1922-2022 - Bilbao Orkestra Sinfonikoa","robots":{"index":"index","follow":"follow","max-snippet":"max-snippet:-1","max-image-preview":"max-image-preview:large","max-video-preview":"max-video-preview:-1"},"canonical":"https:\/\/www.bilbaorkestra.eus\/eu\/bos-1922-2022\/","og_locale":"en_US","og_type":"article","og_title":"BOS 1922-2022 - Bilbao Orkestra Sinfonikoa","og_description":"BILBAO ORKESTRA SINFONIKOAREN 100 URTE BOSek ehun urte bete zituen 2022ko martxoaren 8an. Bizkaia osoan efemeride garrantzitsu hori ospatzeko, BOSek hainbat ekintza antolatu ditu urte osoan zehar. Sortu ginen gizartearekin, gure gizartearekin, batera ospatu nahi izan ditugu gure historiaren lehen ehun urte horiek. Aurten egindako jarduera guztien artean, honako hauek nabarmendu behar ditugu: \u00abMendeurrenaren kontzertua\u00bb &hellip; Jarraitu irakurtzen \"BOS 1922-2022\"","og_url":"https:\/\/www.bilbaorkestra.eus\/eu\/bos-1922-2022\/","og_site_name":"Bilbao Orkestra Sinfonikoa","article_publisher":"https:\/\/www.facebook.com\/SinfonicadeBilbao","article_modified_time":"2023-02-13T13:04:23+00:00","og_image":[{"url":"https:\/\/www.bilbaorkestra.eus\/wp-content\/uploads\/2023\/01\/bilbao06-300x200.jpg","type":"","width":"","height":""}],"twitter_card":"summary_large_image","twitter_misc":{"Est. reading time":"25 minutua"},"schema":{"@context":"https:\/\/schema.org","@graph":[{"@type":"WebPage","@id":"https:\/\/www.bilbaorkestra.eus\/eu\/bos-1922-2022\/","url":"https:\/\/www.bilbaorkestra.eus\/eu\/bos-1922-2022\/","name":"BOS 1922-2022 - Bilbao Orkestra Sinfonikoa","isPartOf":{"@id":"https:\/\/www.bilbaorkestra.eus\/#website"},"primaryImageOfPage":{"@id":"https:\/\/www.bilbaorkestra.eus\/eu\/bos-1922-2022\/#primaryimage"},"image":{"@id":"https:\/\/www.bilbaorkestra.eus\/eu\/bos-1922-2022\/#primaryimage"},"thumbnailUrl":"https:\/\/bilbaorkestra.eus\/wp-content\/uploads\/2022\/03\/foto-cabecera-exposicion1.jpg","datePublished":"2022-12-22T16:22:38+00:00","dateModified":"2023-02-13T13:04:23+00:00","breadcrumb":{"@id":"https:\/\/www.bilbaorkestra.eus\/eu\/bos-1922-2022\/#breadcrumb"},"inLanguage":"eu","potentialAction":[{"@type":"ReadAction","target":["https:\/\/www.bilbaorkestra.eus\/eu\/bos-1922-2022\/"]}]},{"@type":"ImageObject","inLanguage":"eu","@id":"https:\/\/www.bilbaorkestra.eus\/eu\/bos-1922-2022\/#primaryimage","url":"https:\/\/bilbaorkestra.eus\/wp-content\/uploads\/2022\/03\/foto-cabecera-exposicion1.jpg","contentUrl":"https:\/\/bilbaorkestra.eus\/wp-content\/uploads\/2022\/03\/foto-cabecera-exposicion1.jpg"},{"@type":"BreadcrumbList","@id":"https:\/\/www.bilbaorkestra.eus\/eu\/bos-1922-2022\/#breadcrumb","itemListElement":[{"@type":"ListItem","position":1,"name":"Portada","item":"https:\/\/www.bilbaorkestra.eus\/"},{"@type":"ListItem","position":2,"name":"BOS 1922-2022"}]},{"@type":"WebSite","@id":"https:\/\/www.bilbaorkestra.eus\/#website","url":"https:\/\/www.bilbaorkestra.eus\/","name":"Bilbao Orkestra Sinfonikoa","description":"P\u00e1gina web de la Orquesta Sinf\u00f3nica de Bilbao","publisher":{"@id":"https:\/\/www.bilbaorkestra.eus\/#organization"},"potentialAction":[{"@type":"SearchAction","target":{"@type":"EntryPoint","urlTemplate":"https:\/\/www.bilbaorkestra.eus\/?s={search_term_string}"},"query-input":{"@type":"PropertyValueSpecification","valueRequired":true,"valueName":"search_term_string"}}],"inLanguage":"eu"},{"@type":"Organization","@id":"https:\/\/www.bilbaorkestra.eus\/#organization","name":"Bilbao Orkestra Sinfonikoa","url":"https:\/\/www.bilbaorkestra.eus\/","logo":{"@type":"ImageObject","inLanguage":"eu","@id":"https:\/\/www.bilbaorkestra.eus\/#\/schema\/logo\/image\/","url":"https:\/\/www.bilbaorkestra.eus\/wp-content\/uploads\/2016\/04\/logo-BOS-CMYK.jpg","contentUrl":"https:\/\/www.bilbaorkestra.eus\/wp-content\/uploads\/2016\/04\/logo-BOS-CMYK.jpg","width":1772,"height":2113,"caption":"Bilbao Orkestra Sinfonikoa"},"image":{"@id":"https:\/\/www.bilbaorkestra.eus\/#\/schema\/logo\/image\/"},"sameAs":["https:\/\/www.facebook.com\/SinfonicadeBilbao"]}]}},"_links":{"self":[{"href":"https:\/\/www.bilbaorkestra.eus\/eu\/wp-json\/wp\/v2\/pages\/26640","targetHints":{"allow":["GET"]}}],"collection":[{"href":"https:\/\/www.bilbaorkestra.eus\/eu\/wp-json\/wp\/v2\/pages"}],"about":[{"href":"https:\/\/www.bilbaorkestra.eus\/eu\/wp-json\/wp\/v2\/types\/page"}],"author":[{"embeddable":true,"href":"https:\/\/www.bilbaorkestra.eus\/eu\/wp-json\/wp\/v2\/users\/1"}],"replies":[{"embeddable":true,"href":"https:\/\/www.bilbaorkestra.eus\/eu\/wp-json\/wp\/v2\/comments?post=26640"}],"version-history":[{"count":24,"href":"https:\/\/www.bilbaorkestra.eus\/eu\/wp-json\/wp\/v2\/pages\/26640\/revisions"}],"predecessor-version":[{"id":26937,"href":"https:\/\/www.bilbaorkestra.eus\/eu\/wp-json\/wp\/v2\/pages\/26640\/revisions\/26937"}],"wp:attachment":[{"href":"https:\/\/www.bilbaorkestra.eus\/eu\/wp-json\/wp\/v2\/media?parent=26640"}],"curies":[{"name":"wp","href":"https:\/\/api.w.org\/{rel}","templated":true}]}}