{"id":12978,"date":"2019-04-10T11:52:51","date_gmt":"2019-04-10T09:52:51","guid":{"rendered":"https:\/\/bilbaorkestra.eus\/eu\/temporada-2019-2020\/"},"modified":"2019-09-26T17:00:29","modified_gmt":"2019-09-26T15:00:29","slug":"2019-2020-denboraldia","status":"publish","type":"page","link":"https:\/\/www.bilbaorkestra.eus\/eu\/2019-2020-denboraldia\/","title":{"rendered":"2019-2020 Denboraldia"},"content":{"rendered":"<div class=\"container\">\n<div class=\"row inner-top-xs\">\n<div class=\"col-sm-7 inner-right-xs inner-bottom-xs\">\n<h2 >Denboraldi Sinfonikoa <strong>2019-2020<\/strong><\/h2>\n<figure><img loading=\"lazy\" decoding=\"async\" class=\"aligncenter size-full wp-image-7049\" src=\"https:\/\/bilbaorkestra.eus\/wp-content\/uploads\/2019\/04\/BOS_19-20_director_pagina_temporada.jpg\" alt=\"Erik Nielsen BOS zuzendari titularra\" width=\"800\" height=\"500\" \/><\/figure>\n<h3 >EUROPA<\/h3>\n<p>Europa: hurbila bezain begi-bistakoa dugun kontzeptua da, baina beharrezkoa da hura erreibindikatzen jarraitzea. Belaunaldi berrientzat litekeena da akordio ekonomiko bat baino ez izatea, askatasunez mugitzeko espazio bat, bake eta gizarte-kidetasunezko leku bat, eta ez da gutxi, baina, horretaz guztiaz gain, Europak kultura-nortasun sakonean hondoratzen ditu bere erroak. Hortaz, BOSen, arreta jarri nahi dugu Europa zaharraren eta berriaren ideiaren inguruan, mendebaldeko kulturaren hazia baita, eta, beraz, gure musika-tradizioarena. Gainera, ideia nagusi horri lotuta, Europak beste ikasbide batzuk ere eskaintzen dizkigu: bidaia, ezagutza-iturri gisa (Mendelssohn, Berlioz, Guridi); errautsetatik birsortzeko gaitasuna (Sch\u00f6nberg, Beethoven); edota ezberdinen artean sortzen diren kidetasun sakonen aberastasuna (Verdi, Wagner).<\/p>\n<p>Egia da Europa presente dagoela errepertorio sinfonikoaren zati handi batean, modu naturalean egon ere, baina lau egitarau berezi egin ditugu ideia horien gainean berariaz hausnartzeko, eta haiekin osatu dugu denboraldi berriaren egitura tematikoa. Hala, bidaia inspiratzailea, herrien arteko errespetua eta mirespena aurkituko ditugu bi musikari handien lanetan, biak ala biak bidaiari handiak: Mendelssohnen Hirugarren sinfonian (Ezkoziarra) eta Hebridak oberturan, eta Berliozen Harold Italian sinfonian. Bestalde, bi koloso itxuraz oso ezberdinen arteko osagarritasunaren ideiaz hausnartzeko, Verdi eta Wagner musikari handiak aurrez aurre jartzeko erronka hartuko dugu, emanaldi bakanean. Eta, azkenik, zikloaren goreneko puntuan, Beethovenen 9. sinfonia eskainiko dugu, senidetasunari egindako inoizko kanturik handiena, zeinaren aurretik Sch\u00f6nbergen A survivor from Warsaw kontakizun lazgarria entzungo dugun: moralki birrinduta dagoen Europa batez ari zaigu, zeinak Beethovenen kantuak hain ondo irudikatzen duen adiskidetzeko indarra aurkituko baitu, non eta bere herrien arteko elkar aditzean. Ilunpetik argirako bidaia egingo dugu, beraz, Bilboko Koralarekin batera, gure Gabonetako egitarauan.<\/p>\n<h3>Beste film klasiko handi bat: Singin &#8216;in the Rain<\/h3>\n<p>Beste tonu batean, eta West Side Story emanaldiaren arrakastaren ondoren, zinemaren historiako beste musikal handienetako baten txanda izango da. Singin &#8216;in the Rain, Gene Kellyren eta Stanley Donenen film klasikoa, Estatu Batuetako zinemako musikalik onentzat jo du American Film Institute erakunde adituak, eta film horixe ikusiko dugu, BOSek haren soinu-banda zuzenean interpretatuko duelarik. Beste hurbilpen bat, gero eta arrakasta handiagoa duen formatu batera.<\/p>\n<h3 >Piano-jotzaile talde izar bat: Ach\u00facarro, Zacharias, Perianes eta Jussen anaiak<\/h3>\n<p>Denboraldiak piano-jotzaile bakan batzuk elkartuko ditu. Haietako bakoitza bere belaunaldiko buruen taldean dago, eta, elkarren ondoan jarrita, berriz, XX. eta XXI. mendeetako pianismoari buruzko ikuspegi berezia osatzen dute. Batetik, gure interpretatzaileen patriarka Joaqu\u00edn Ach\u00facarrok Edvard Griegen kontzertua eskainiko digu \u2013ez ahaztu, familia-lotura dutela\u2013. Bestetik, Christian Zachariasen itzuleraz disfrutatuko dugu, oraingoan Schumannen obren monografiko bat jo eta zuzenduko duelarik. Bestalde, gaur egun munduko orkestra onenen denboraldietan instalatuta dagoen Nervako piano-jotzaile Javier Perianesen une distiratsuaz gozatuko dugu, ondo gozatu ere, Beethovenen Enperadorea interpretatuko baitu. Azkenik, etorkizuna aurrez aurre, Arthur eta Lucas Jussen anaiak izango ditugu \u2013benetako izarrak Erdialdeko Europan\u2013, haiek inork baino hobeto irudikatzen baitute bikaintasuna, batetik, eta irudi moderno eta erakargarria, bestetik, ondo uztartzen direla baita muska klasikoan ere.  <\/p>\n<h3>Amancio Prada eta haren Kantiko Espirituala<\/h3>\n<p>42 urte igaro dira Amancio Pradak San Juan de la Cruz mistikoaren olerkiari ahotsa eman zionetik. 1977koa da sorkuntza-lan berri hura jaso zuen diskoa, zeina berehala kultukoa bihurtu baitzen, eta kantautoreak mundu osoko 270 agertokitan baino gehiagotan aurkeztu du urteotan. Orain gure txanda iritsi da. Denboraldi berrian, Fernando Vel\u00e1zquezen orkestrazioari esker, aukera izango dugu Amancio Prada entzuteko Kantiko Espirituala interpretatzen, Ondarreta Abesbatza eta haren zuzendari I\u00f1aki Moreno lagun izango dituelarik, obra hori bikain ezagutzen baitute.<\/p>\n<h3>Leonard Slatkin eta Shiyeon Sung zuzendariak, lehen aldiz BOSekin<\/h3>\n<p>Denboraldi honetara gonbidatu ditugun zuzendarien artean, nabarmentzekoa da Leonard Slatkin izen handiko maisua. Ibilbide luze bezain aberatsean, zuzendari titularra izan da Estatu Batuetako sona handiko zenbait orkestratan, besteak beste, Saint Louisekoan, Detroitekoan eta Washingtoneko National Symphony Orchestran; egun, Lioneko Orkestra Sinfonikoaren titulartasuna du. Bestalde, Shiyeon Sung zuzendariak ere lehen aldia izango du gure artean. Emakume hau mugak apurtzen ohituta dago: bera izan zen Solti lehiaketa irabazi zuen lehen emakumea, eta Bostongo Orkestra Sinfonikoaren zuzendari laguntzailea izan da. Beste izen aipagarri batzuk ere badira: Giancarlo Guerrero \u2013zeinak kontzertu bikainak eskaini baitizkigu azken denboraldietan\u2013, V\u00edctor Pablo P\u00e9rez eta, azkenik, Nuno Coelho, etengabe gora doan zuzendari gazte portugaldarra.<\/p>\n<h3>Verdi vs Wagner, eta bakarlari talde erakargarri bat<\/h3>\n<p>Denboraldiko erronketako bat Lester Lynch baritonoak egingo du. Gau berean, operako bi europar koloso handik sortutako zenbait rol interpretatuko ditu, hain zuzen ere, Verdik eta Wagnerrek sortutako rol nagusi batzuk: Macbeth, Iago eta haren Kredoa, Holandar alderraia eta Walkiriari amaiera ematen dion Wotanen Agur hunkigarria. Erronka benetakoa, gaur-gaurkoz dugun baritono handienetako batentzat.<\/p>\n<p>Bakarlarien atala osatzeko, batetik, berriro gonbidatu ditugu Philippe Quint eta Soyoung Yoon biolin-jotzaileak, oso oroitzapen ona gordetzen baitugu haiei buruz, eta, bestetik, zenbait bakarlari aurkezteko aukera izango dugu: Pablo Ferr\u00e1ndez eta Maximiliam Hornung biolontxelo-jotzaile gazteak, Nils M\u00f6nkemeyer biola-jotzailea, zeinak Mozarten kontzertantea interpretatuko baitu Giulia Brinckmeier gure kontzertinarekin batera, eta, ilusio handiz, gure tronpa-bakarlari Luis Fernando N\u00fa\u00f1ez ere aurkeztuko dugu.  <\/p>\n<h3>Juan de la Rubia, BOSbaroque programan<\/h3>\n<p>Organoak protagonismoa hartuko du gure programa barrokoan, oraingo honetan organo historikoa interpretatzen nabarmendu den maisu handi baten eskutik: Juan de la Rubia. Haren programan konbinatuko ditu, batetik, birtuosismo handia eskatzen duten H\u00e4ndelen zenbait kontzertu, eta, bestetik, Bachen kantata zati batzuk, Marta Infante mezzoa lagun duela.<\/p>\n<h3>Kontzertuak Iru\u00f1ean, Valladoliden eta Logro\u00f1on<\/h3>\n<p>2019ko urtarrilean egin ziguten bisita itzultzeko, Gaztela eta Leongo Orkestra Sinfonikoak eta Nafarroako Orkestra Sinfonikoak antolatu dituzten denboraldietan hartuko dugu parte hurrengo hilabeteetan. 2019ko urrian eta 2020ko maiatzean izango dira irteerak, hurrenez hurren, eta, bi kasuetan, Erik Nielsen gure zuzendari titularra izango dugu buru, eta Joaqu\u00edn Ach\u00facarro, lagun. Valladolideko kontzertuetatik bueltan, aukera izango dugu berriro ere Logro\u00f1oko Riojaforum Auditoriumean jotzeko.<\/p>\n<figure><img loading=\"lazy\" decoding=\"async\" class=\"aligncenter size-full wp-image-7049\" src=\"https:\/\/bilbaorkestra.eus\/wp-content\/uploads\/2019\/04\/BOS_19-20_orquesta_pagina_temporada.jpg\" alt=\"BOS Orquesta Sinf\u00f3nica\" width=\"800\" height=\"500\" \/><\/figure>\n<h3>Sorkuntza berria: Samy Moussa, Ferran Cruixent eta Marcos Fern\u00e1ndez <\/h3>\n<p>Musika berriak ere leku nabarmena izango du gure denboraldian. Apustu egin dugu Sammy Mousa kanadar konpositore gaztearen alde: aurreko denboraldian ezagutu genuen, eta, gaur-gaurkoz, Montrealgo Sinfonikoa eta Vienako Filarmonikoa bezalako orkestra ospetsuentzat lan egiten du. Bestalde, Leonard Slatkin maisu handiaren eskutik, Ferran Cruixenten musika harrigarria ezagutuko dugu; konpositore katalanak lanak egin ditu dagoeneko Detroiteko Sinfonikoa edo Staatskapelle Weimar bezalako entzute handiko orkestrentzat. Eta, azkenik, AEOS-BBVA Fundazioaren IX. Konposizio Saria irabazi zuen lana aurkeztuko dugu, Marcos Fern\u00e1ndezen Nokturno sinfonikoa.<\/p>\n<h2><span style=\"font-weight: lighter\">ABONU TEMATIKOA<\/span> <span style=\"font-weight: bolder\">EUROPA<\/span><\/h2>\n<p style=\"font-size:24px\" ><span style=\"font-weight: bolder;\">Denboraldi sinfonikoa: 5, 7, 9, 17<\/span><\/p>\n<p>Europa: hurbila bezain begi-bistakoa dugun kontzeptua da, baina beharrezkoa da hura erreibindikatzen jarraitzea. Belaunaldi berrientzat litekeena da akordio ekonomiko bat baino ez izatea, askatasunez mugitzeko espazio bat, bake eta gizarte-kidetasunezko leku bat, eta ez da gutxi, baina, horretaz guztiaz gain, Europak kultura-nortasun sakonean hondoratzen ditu bere erroak. Hortaz, BOSen, arreta jarri nahi dugu Europa zaharraren eta berriaren ideiaren inguruan, mendebaldeko kulturaren hazia baita, eta, beraz, gure musika-tradizioarena. Gainera, ideia nagusi horri lotuta, Europak beste ikasbide batzuk ere eskaintzen dizkigu: bidaia, ezagutza-iturri gisa (Mendelssohn, Berlioz, Guridi); errautsetatik birsortzeko gaitasuna (Sch\u00f6nberg, Beethoven); edota ezberdinen artean sortzen diren kidetasun sakonen aberastasuna (Verdi, Wagner).<\/p>\n<p>Egia da Europa presente dagoela errepertorio sinfonikoaren zati handi batean, modu naturalean egon ere, baina lau egitarau berezi egin ditugu ideia horien gainean berariaz hausnartzeko, eta haiekin osatu dugu denboraldi berriaren egitura tematikoa. Hala, bidaia inspiratzailea, herrien arteko errespetua eta mirespena aurkituko ditugu bi musikari handien lanetan, biak ala biak bidaiari handiak: Mendelssohnen Hirugarren sinfonian (Ezkoziarra) eta Hebridak oberturan, eta Berliozen Harold Italian sinfonian. Bestalde, bi koloso itxuraz oso ezberdinen arteko osagarritasunaren ideiaz hausnartzeko, Verdi eta Wagner musikari handiak aurrez aurre jartzeko erronka hartuko dugu, emanaldi bakanean. Eta, azkenik, zikloaren goreneko puntuan, Beethovenen 9. sinfonia eskainiko dugu, senidetasunari egindako inoizko kanturik handiena, zeinaren aurretik Sch\u00f6nbergen A survivor from Warsaw kontakizun lazgarria entzungo dugun: moralki birrinduta dagoen Europa batez ari zaigu, zeinak Beethovenen kantuak hain ondo irudikatzen duen adiskidetzeko indarra aurkituko baitu, non eta bere herrien arteko elkar aditzean. Ilunpetik argirako bidaia egingo dugu, beraz, Bilboko Koralarekin batera, gure Gabonetako egitarauan.<\/p>\n<figure><img loading=\"lazy\" decoding=\"async\" class=\"aligncenter size-full wp-image-7049\" src=\"https:\/\/bilbaorkestra.eus\/wp-content\/uploads\/2019\/04\/BOS_19-20_abono_tematico_europa_pagina_temporada-1.jpg\" alt=\"BOS ABONU TEMATIKOA EUROPA\" width=\"800\" height=\"500\" \/><\/figure>\n<p style=\"padding-top: 30px;\"><a class=\"btn btn-primary btn-lg btn-block\" style=\"margin-left:0px;\" href=\"https:\/\/bilbaorkestra.eus\/eu\/abonos-y-entradas\/abona-zaitez\/\" target=\"_blank\">Abona zaitez<\/a><\/p>\n<\/div>\n<div class=\"col-sm-5 inner-left-xs inner-bottom-xs inner-right-xs thumbs light-bg text-center\" style=\"padding-top:50px; margin-bottom:20px;\">\n<h3>Abono berrien salmenta<\/h3>\n<p><a class=\"btn btn-primary btn-lg btn-block\" style=\"margin-left:0px;\" href=\"https:\/\/bilbaorkestra.eus\/eu\/abonos-y-entradas\/abona-zaitez\/\" target=\"_blank\">Abona zaitez<\/a><\/p>\n<h3>Sarreren salmenta<\/h3>\n<p><a class=\"btn btn-primary btn-lg btn-block\" style=\"margin-left:0px;\" href=\"https:\/\/ticket.kutxabank.es\/bos\/public\/janto\/\" target=\"_blank\">Sarrerak erosi<\/a><\/p>\n<\/div>\n<div class=\"col-sm-5 inner-left-xs inner-bottom-xs inner-right-xs thumbs \">\n<h2>IRAKURRI ALDIZKARIA<\/h2>\n<p><a href=\"https:\/\/bilbaorkestra.eus\/eu\/aldizkaria\/\n\" target=\"_blank\"><\/p>\n<div class=\"thumb\">\n<figure><figcaption class=\"text-overlay\">\n<div class=\"info\">\n<h4>BOS 2019-2020<\/h4>\n<p>Flipbook aldizkaria<\/p>\n<\/div>\n<\/figcaption><img decoding=\"async\" src=\"https:\/\/bilbaorkestra.eus\/wp-content\/uploads\/2019\/04\/imagen_dossier_prensa_19-20.jpg\" alt=\"\" \/><\/figure>\n<p>&nbsp;<\/p>\n<\/div>\n<p><\/a>\n<\/div>\n<div class=\"col-sm-5 inner-left-xs inner-bottom-xs inner-right-xs thumbs \">\n<iframe loading=\"lazy\" width=\"100%\" height=\"315\" src=\"https:\/\/www.youtube.com\/embed\/04ZwWuQ1JV4\" frameborder=\"0\" allow=\"accelerometer; autoplay; encrypted-media; gyroscope; picture-in-picture\" allowfullscreen><\/iframe>\n<\/div>\n<p><!-- \/.col --><\/p>\n<div class=\"col-sm-5 inner-left-xs inner-xs inner-right-xs light-bg\">\n<h2>Ganberako Denboraldia 2019-2020<\/h2>\n<h3>Javier Perianes, <em>muy personal<\/em>, Philippe Quint, Jussen anaiak eta Lester Lynch. <\/h3>\n<figure><img loading=\"lazy\" decoding=\"async\" class=\"aligncenter size-full wp-image-7027\" src=\"https:\/\/bilbaorkestra.eus\/wp-content\/uploads\/2019\/04\/camara_2019-20.jpg\" alt=\"C\u00e1mara 2019-2020\" width=\"800\" height=\"500\" \/><\/figure>\n<p>Ganbera denboraldi berrian 11 kontzertu izango ditugu, ohi baino bat gehiago; izan ere, Philippe Quint biolin-jotzailearen emanaldia gehituko dugu, joan den otsailean gaixotasunagatik bertan behera utzi behar izan zuen kontzertuaren ordezko. Bestalde, Bakarlari Handiak Errezitaldian zikloaren barruan, zeinaren barruan denboraldi sinfonikoan parte hartzen duten artistek beren bertsioa eskaintzen baitute ganbera-musikako interpretatzaile gisa, nabarmentzekoa da Javier Perianesen \u201cMuy personal\u201d errezitaldia, non piano-jotzaile huelvarrak programa sorpresa bat eskainiko duen, piezak bere bizipenekin batera aurkeztuko baititu, bizipenok musikarekin harremana izan ala ez. Lehen ere baliatu izan dugu halako formatua Joaqu\u00edn Ach\u00facarro, Asier Polo edo Gabriela Montero bezalako komunikatzaile apartekin. <\/p>\n<figure><img loading=\"lazy\" decoding=\"async\" class=\"aligncenter size-full wp-image-7027\" src=\"https:\/\/bilbaorkestra.eus\/wp-content\/uploads\/2019\/04\/camara_hermanos_jussen.jpg\" alt=\"C\u00e1mara 2019-2020 Jussen anaiak\" width=\"800\" height=\"500\" \/><\/figure>\n<p>Horrez gain, Arthur eta Lucas Jussen anaien bakarkako saioa izango dugu, bai eta Lester Lynch baritonoaren kanta-errezitaldia ere, Erik Nielsen gure zuzendari titularrak pianora lagunduta. Ganbera eskaintza osatzeko, BOSeko taldeek beste 7 kontzertu emango dituzte; kontzertu horietan, egitarauak askotarikoak bezain interesgarriak izango dira.<\/p>\n<p style=\"padding-top: 30px;\"><a class=\"btn btn-primary btn-lg btn-block\" style=\"margin-left:0px;\" href=\"https:\/\/bilbaorkestra.eus\/eu\/abonos-y-entradas\/abona-zaitez\/\" target=\"_blank\">Abona zaitez<\/a><\/p>\n<\/div>\n<p><!-- \/.col --><\/p>\n<\/div>\n<p><!-- \/.row --><\/p>\n<\/div>\n<p><!-- EL PIXEL EST\u00c1 EN LA PLANTILLA TEMPORADA PAGE --><\/p>\n","protected":false},"excerpt":{"rendered":"<p>Denboraldi Sinfonikoa 2019-2020 EUROPA Europa: hurbila bezain begi-bistakoa dugun kontzeptua da, baina beharrezkoa da hura erreibindikatzen jarraitzea. Belaunaldi berrientzat litekeena da akordio ekonomiko bat baino ez izatea, askatasunez mugitzeko espazio bat, bake eta gizarte-kidetasunezko leku bat, eta ez da gutxi, baina, horretaz guztiaz gain, Europak kultura-nortasun sakonean hondoratzen ditu bere erroak. Hortaz, BOSen, arreta jarri &hellip; <a href=\"https:\/\/www.bilbaorkestra.eus\/eu\/2019-2020-denboraldia\/\" class=\"more-link\">Jarraitu irakurtzen<span class=\"screen-reader-text\"> &#8220;2019-2020 Denboraldia&#8221;<\/span><\/a><\/p>\n","protected":false},"author":1,"featured_media":12909,"parent":0,"menu_order":0,"comment_status":"closed","ping_status":"closed","template":"page_temporada.php","meta":{"_acf_changed":false,"footnotes":""},"class_list":["post-12978","page","type-page","status-publish","has-post-thumbnail","hentry"],"acf":[],"yoast_head":"<!-- This site is optimized with the Yoast SEO plugin v27.4 - https:\/\/yoast.com\/product\/yoast-seo-wordpress\/ -->\n<title>2019-2020 Denboraldia - Bilbao Orkestra Sinfonikoa<\/title>\n<meta name=\"robots\" content=\"index, follow, max-snippet:-1, max-image-preview:large, max-video-preview:-1\" \/>\n<link rel=\"canonical\" href=\"https:\/\/www.bilbaorkestra.eus\/eu\/2019-2020-denboraldia\/\" \/>\n<meta property=\"og:locale\" content=\"en_US\" \/>\n<meta property=\"og:type\" content=\"article\" \/>\n<meta property=\"og:title\" content=\"2019-2020 Denboraldia - Bilbao Orkestra Sinfonikoa\" \/>\n<meta property=\"og:description\" content=\"Denboraldi Sinfonikoa 2019-2020 EUROPA Europa: hurbila bezain begi-bistakoa dugun kontzeptua da, baina beharrezkoa da hura erreibindikatzen jarraitzea. Belaunaldi berrientzat litekeena da akordio ekonomiko bat baino ez izatea, askatasunez mugitzeko espazio bat, bake eta gizarte-kidetasunezko leku bat, eta ez da gutxi, baina, horretaz guztiaz gain, Europak kultura-nortasun sakonean hondoratzen ditu bere erroak. Hortaz, BOSen, arreta jarri &hellip; Jarraitu irakurtzen &quot;2019-2020 Denboraldia&quot;\" \/>\n<meta property=\"og:url\" content=\"https:\/\/www.bilbaorkestra.eus\/eu\/2019-2020-denboraldia\/\" \/>\n<meta property=\"og:site_name\" content=\"Bilbao Orkestra Sinfonikoa\" \/>\n<meta property=\"article:publisher\" content=\"https:\/\/www.facebook.com\/SinfonicadeBilbao\" \/>\n<meta property=\"article:modified_time\" content=\"2019-09-26T15:00:29+00:00\" \/>\n<meta property=\"og:image\" content=\"https:\/\/www.bilbaorkestra.eus\/wp-content\/uploads\/2019\/04\/BOS_19-20_cabecera_pagina_temporada-1.jpg\" \/>\n\t<meta property=\"og:image:width\" content=\"1500\" \/>\n\t<meta property=\"og:image:height\" content=\"400\" \/>\n\t<meta property=\"og:image:type\" content=\"image\/jpeg\" \/>\n<meta name=\"twitter:card\" content=\"summary_large_image\" \/>\n<meta name=\"twitter:label1\" content=\"Est. reading time\" \/>\n\t<meta name=\"twitter:data1\" content=\"7 minutua\" \/>\n<script type=\"application\/ld+json\" class=\"yoast-schema-graph\">{\"@context\":\"https:\\\/\\\/schema.org\",\"@graph\":[{\"@type\":\"WebPage\",\"@id\":\"https:\\\/\\\/www.bilbaorkestra.eus\\\/eu\\\/2019-2020-denboraldia\\\/\",\"url\":\"https:\\\/\\\/www.bilbaorkestra.eus\\\/eu\\\/2019-2020-denboraldia\\\/\",\"name\":\"2019-2020 Denboraldia - Bilbao Orkestra Sinfonikoa\",\"isPartOf\":{\"@id\":\"https:\\\/\\\/www.bilbaorkestra.eus\\\/#website\"},\"primaryImageOfPage\":{\"@id\":\"https:\\\/\\\/www.bilbaorkestra.eus\\\/eu\\\/2019-2020-denboraldia\\\/#primaryimage\"},\"image\":{\"@id\":\"https:\\\/\\\/www.bilbaorkestra.eus\\\/eu\\\/2019-2020-denboraldia\\\/#primaryimage\"},\"thumbnailUrl\":\"https:\\\/\\\/www.bilbaorkestra.eus\\\/wp-content\\\/uploads\\\/2019\\\/04\\\/BOS_19-20_cabecera_pagina_temporada-1.jpg\",\"datePublished\":\"2019-04-10T09:52:51+00:00\",\"dateModified\":\"2019-09-26T15:00:29+00:00\",\"breadcrumb\":{\"@id\":\"https:\\\/\\\/www.bilbaorkestra.eus\\\/eu\\\/2019-2020-denboraldia\\\/#breadcrumb\"},\"inLanguage\":\"eu\",\"potentialAction\":[{\"@type\":\"ReadAction\",\"target\":[\"https:\\\/\\\/www.bilbaorkestra.eus\\\/eu\\\/2019-2020-denboraldia\\\/\"]}]},{\"@type\":\"ImageObject\",\"inLanguage\":\"eu\",\"@id\":\"https:\\\/\\\/www.bilbaorkestra.eus\\\/eu\\\/2019-2020-denboraldia\\\/#primaryimage\",\"url\":\"https:\\\/\\\/www.bilbaorkestra.eus\\\/wp-content\\\/uploads\\\/2019\\\/04\\\/BOS_19-20_cabecera_pagina_temporada-1.jpg\",\"contentUrl\":\"https:\\\/\\\/www.bilbaorkestra.eus\\\/wp-content\\\/uploads\\\/2019\\\/04\\\/BOS_19-20_cabecera_pagina_temporada-1.jpg\",\"width\":1500,\"height\":400},{\"@type\":\"BreadcrumbList\",\"@id\":\"https:\\\/\\\/www.bilbaorkestra.eus\\\/eu\\\/2019-2020-denboraldia\\\/#breadcrumb\",\"itemListElement\":[{\"@type\":\"ListItem\",\"position\":1,\"name\":\"Portada\",\"item\":\"https:\\\/\\\/www.bilbaorkestra.eus\\\/\"},{\"@type\":\"ListItem\",\"position\":2,\"name\":\"2019-2020 Denboraldia\"}]},{\"@type\":\"WebSite\",\"@id\":\"https:\\\/\\\/www.bilbaorkestra.eus\\\/#website\",\"url\":\"https:\\\/\\\/www.bilbaorkestra.eus\\\/\",\"name\":\"Bilbao Orkestra Sinfonikoa\",\"description\":\"P\u00e1gina web de la Orquesta Sinf\u00f3nica de Bilbao\",\"publisher\":{\"@id\":\"https:\\\/\\\/www.bilbaorkestra.eus\\\/#organization\"},\"potentialAction\":[{\"@type\":\"SearchAction\",\"target\":{\"@type\":\"EntryPoint\",\"urlTemplate\":\"https:\\\/\\\/www.bilbaorkestra.eus\\\/?s={search_term_string}\"},\"query-input\":{\"@type\":\"PropertyValueSpecification\",\"valueRequired\":true,\"valueName\":\"search_term_string\"}}],\"inLanguage\":\"eu\"},{\"@type\":\"Organization\",\"@id\":\"https:\\\/\\\/www.bilbaorkestra.eus\\\/#organization\",\"name\":\"Bilbao Orkestra Sinfonikoa\",\"url\":\"https:\\\/\\\/www.bilbaorkestra.eus\\\/\",\"logo\":{\"@type\":\"ImageObject\",\"inLanguage\":\"eu\",\"@id\":\"https:\\\/\\\/www.bilbaorkestra.eus\\\/#\\\/schema\\\/logo\\\/image\\\/\",\"url\":\"https:\\\/\\\/www.bilbaorkestra.eus\\\/wp-content\\\/uploads\\\/2016\\\/04\\\/logo-BOS-CMYK.jpg\",\"contentUrl\":\"https:\\\/\\\/www.bilbaorkestra.eus\\\/wp-content\\\/uploads\\\/2016\\\/04\\\/logo-BOS-CMYK.jpg\",\"width\":1772,\"height\":2113,\"caption\":\"Bilbao Orkestra Sinfonikoa\"},\"image\":{\"@id\":\"https:\\\/\\\/www.bilbaorkestra.eus\\\/#\\\/schema\\\/logo\\\/image\\\/\"},\"sameAs\":[\"https:\\\/\\\/www.facebook.com\\\/SinfonicadeBilbao\"]}]}<\/script>\n<!-- \/ Yoast SEO plugin. -->","yoast_head_json":{"title":"2019-2020 Denboraldia - Bilbao Orkestra Sinfonikoa","robots":{"index":"index","follow":"follow","max-snippet":"max-snippet:-1","max-image-preview":"max-image-preview:large","max-video-preview":"max-video-preview:-1"},"canonical":"https:\/\/www.bilbaorkestra.eus\/eu\/2019-2020-denboraldia\/","og_locale":"en_US","og_type":"article","og_title":"2019-2020 Denboraldia - Bilbao Orkestra Sinfonikoa","og_description":"Denboraldi Sinfonikoa 2019-2020 EUROPA Europa: hurbila bezain begi-bistakoa dugun kontzeptua da, baina beharrezkoa da hura erreibindikatzen jarraitzea. Belaunaldi berrientzat litekeena da akordio ekonomiko bat baino ez izatea, askatasunez mugitzeko espazio bat, bake eta gizarte-kidetasunezko leku bat, eta ez da gutxi, baina, horretaz guztiaz gain, Europak kultura-nortasun sakonean hondoratzen ditu bere erroak. Hortaz, BOSen, arreta jarri &hellip; Jarraitu irakurtzen \"2019-2020 Denboraldia\"","og_url":"https:\/\/www.bilbaorkestra.eus\/eu\/2019-2020-denboraldia\/","og_site_name":"Bilbao Orkestra Sinfonikoa","article_publisher":"https:\/\/www.facebook.com\/SinfonicadeBilbao","article_modified_time":"2019-09-26T15:00:29+00:00","og_image":[{"width":1500,"height":400,"url":"https:\/\/www.bilbaorkestra.eus\/wp-content\/uploads\/2019\/04\/BOS_19-20_cabecera_pagina_temporada-1.jpg","type":"image\/jpeg"}],"twitter_card":"summary_large_image","twitter_misc":{"Est. reading time":"7 minutua"},"schema":{"@context":"https:\/\/schema.org","@graph":[{"@type":"WebPage","@id":"https:\/\/www.bilbaorkestra.eus\/eu\/2019-2020-denboraldia\/","url":"https:\/\/www.bilbaorkestra.eus\/eu\/2019-2020-denboraldia\/","name":"2019-2020 Denboraldia - Bilbao Orkestra Sinfonikoa","isPartOf":{"@id":"https:\/\/www.bilbaorkestra.eus\/#website"},"primaryImageOfPage":{"@id":"https:\/\/www.bilbaorkestra.eus\/eu\/2019-2020-denboraldia\/#primaryimage"},"image":{"@id":"https:\/\/www.bilbaorkestra.eus\/eu\/2019-2020-denboraldia\/#primaryimage"},"thumbnailUrl":"https:\/\/www.bilbaorkestra.eus\/wp-content\/uploads\/2019\/04\/BOS_19-20_cabecera_pagina_temporada-1.jpg","datePublished":"2019-04-10T09:52:51+00:00","dateModified":"2019-09-26T15:00:29+00:00","breadcrumb":{"@id":"https:\/\/www.bilbaorkestra.eus\/eu\/2019-2020-denboraldia\/#breadcrumb"},"inLanguage":"eu","potentialAction":[{"@type":"ReadAction","target":["https:\/\/www.bilbaorkestra.eus\/eu\/2019-2020-denboraldia\/"]}]},{"@type":"ImageObject","inLanguage":"eu","@id":"https:\/\/www.bilbaorkestra.eus\/eu\/2019-2020-denboraldia\/#primaryimage","url":"https:\/\/www.bilbaorkestra.eus\/wp-content\/uploads\/2019\/04\/BOS_19-20_cabecera_pagina_temporada-1.jpg","contentUrl":"https:\/\/www.bilbaorkestra.eus\/wp-content\/uploads\/2019\/04\/BOS_19-20_cabecera_pagina_temporada-1.jpg","width":1500,"height":400},{"@type":"BreadcrumbList","@id":"https:\/\/www.bilbaorkestra.eus\/eu\/2019-2020-denboraldia\/#breadcrumb","itemListElement":[{"@type":"ListItem","position":1,"name":"Portada","item":"https:\/\/www.bilbaorkestra.eus\/"},{"@type":"ListItem","position":2,"name":"2019-2020 Denboraldia"}]},{"@type":"WebSite","@id":"https:\/\/www.bilbaorkestra.eus\/#website","url":"https:\/\/www.bilbaorkestra.eus\/","name":"Bilbao Orkestra Sinfonikoa","description":"P\u00e1gina web de la Orquesta Sinf\u00f3nica de Bilbao","publisher":{"@id":"https:\/\/www.bilbaorkestra.eus\/#organization"},"potentialAction":[{"@type":"SearchAction","target":{"@type":"EntryPoint","urlTemplate":"https:\/\/www.bilbaorkestra.eus\/?s={search_term_string}"},"query-input":{"@type":"PropertyValueSpecification","valueRequired":true,"valueName":"search_term_string"}}],"inLanguage":"eu"},{"@type":"Organization","@id":"https:\/\/www.bilbaorkestra.eus\/#organization","name":"Bilbao Orkestra Sinfonikoa","url":"https:\/\/www.bilbaorkestra.eus\/","logo":{"@type":"ImageObject","inLanguage":"eu","@id":"https:\/\/www.bilbaorkestra.eus\/#\/schema\/logo\/image\/","url":"https:\/\/www.bilbaorkestra.eus\/wp-content\/uploads\/2016\/04\/logo-BOS-CMYK.jpg","contentUrl":"https:\/\/www.bilbaorkestra.eus\/wp-content\/uploads\/2016\/04\/logo-BOS-CMYK.jpg","width":1772,"height":2113,"caption":"Bilbao Orkestra Sinfonikoa"},"image":{"@id":"https:\/\/www.bilbaorkestra.eus\/#\/schema\/logo\/image\/"},"sameAs":["https:\/\/www.facebook.com\/SinfonicadeBilbao"]}]}},"_links":{"self":[{"href":"https:\/\/www.bilbaorkestra.eus\/eu\/wp-json\/wp\/v2\/pages\/12978","targetHints":{"allow":["GET"]}}],"collection":[{"href":"https:\/\/www.bilbaorkestra.eus\/eu\/wp-json\/wp\/v2\/pages"}],"about":[{"href":"https:\/\/www.bilbaorkestra.eus\/eu\/wp-json\/wp\/v2\/types\/page"}],"author":[{"embeddable":true,"href":"https:\/\/www.bilbaorkestra.eus\/eu\/wp-json\/wp\/v2\/users\/1"}],"replies":[{"embeddable":true,"href":"https:\/\/www.bilbaorkestra.eus\/eu\/wp-json\/wp\/v2\/comments?post=12978"}],"version-history":[{"count":15,"href":"https:\/\/www.bilbaorkestra.eus\/eu\/wp-json\/wp\/v2\/pages\/12978\/revisions"}],"predecessor-version":[{"id":13918,"href":"https:\/\/www.bilbaorkestra.eus\/eu\/wp-json\/wp\/v2\/pages\/12978\/revisions\/13918"}],"wp:featuredmedia":[{"embeddable":true,"href":"https:\/\/www.bilbaorkestra.eus\/eu\/wp-json\/wp\/v2\/media\/12909"}],"wp:attachment":[{"href":"https:\/\/www.bilbaorkestra.eus\/eu\/wp-json\/wp\/v2\/media?parent=12978"}],"curies":[{"name":"wp","href":"https:\/\/api.w.org\/{rel}","templated":true}]}}